{"id":1018,"date":"2020-01-02T17:30:42","date_gmt":"2020-01-02T16:30:42","guid":{"rendered":"http:\/\/www.sedyne.es\/?page_id=1018\/"},"modified":"2020-01-02T17:36:51","modified_gmt":"2020-01-02T16:36:51","slug":"programa","status":"publish","type":"page","link":"https:\/\/www.sedyne.es\/es\/congreso\/congreso-2019\/programa\/","title":{"rendered":"Programa 2019"},"content":{"rendered":"<h2><strong>XXI Congreso<\/strong>\u00a0de la Sociedad de Endocrinolog\u00eda, Diabetes\u00a0y Nutrici\u00f3n de Euskadi<\/h2>\n<h4><a href=\"https:\/\/tisa.teventos.com\/sedyne2019\/es\/sede\" target=\"_blank\" rel=\"noopener noreferrer\"><em><strong>Museo Artium, Vitoria-Gasteiz<\/strong><\/em><\/a><strong><br \/>\n<\/strong><\/h4>\n<h4>1 de Marzo de 2019<\/h4>\n<table width=\"100%\">\n<tbody>\n<tr>\n<td width=\"18%\"><strong>9:00- 9:30 h.<\/strong><\/td>\n<td>Recogida de Documentaci\u00f3n.<\/td>\n<td><\/td>\n<\/tr>\n<tr>\n<td>\n<div class=\"td-paragraph-padding-0\"><strong>9:30-9:45 h.<\/strong><\/div>\n<\/td>\n<td><strong>Inauguraci\u00f3n Oficial.<\/strong><\/td>\n<td style=\"text-align: right;\"><strong>Auditorio<\/strong><\/td>\n<\/tr>\n<tr>\n<td><\/td>\n<td><strong><span style=\"color: #3366ff;\">Dr. Juan Jos\u00e9 Aurrekoetxea\u00a0 Agirre.\u00a0<\/span><\/strong>\u00a0Director de Salud P\u00fablica y Adicciones. Departamento de Salud del Gobierno Vasco.<br \/>\n<span style=\"color: #3366ff;\"><strong>D<\/strong><\/span><strong><span style=\"color: #3366ff;\">r. Enrique Guti\u00e9rrez Fraile.\u00a0\u00a0<\/span><\/strong>Director M\u00e9dico Hospital Universitario Araba. OSI Araba.<br \/>\n<span style=\"color: #3366ff;\"><strong>D<\/strong><\/span><strong><span style=\"color: #3366ff;\">r. Gonzalo Maldonado Castro.\u00a0\u00a0<\/span><\/strong>Presidente Comit\u00e9 Organizador del XXI Congreso SEDyNE.<\/td>\n<td>\n<p>&nbsp;<\/p>\n<p>&nbsp;<\/td>\n<\/tr>\n<tr>\n<td><strong>9:45-10:30 h.<\/strong><\/td>\n<td><strong>Conferencia inaugural.<\/strong><\/td>\n<td style=\"text-align: right;\"><strong>Auditorio<\/strong><\/td>\n<\/tr>\n<tr>\n<td><\/td>\n<td><strong>Presenta: <span style=\"color: #3366ff;\">Dra. Leire Isasa Rodriguez<\/span>.\u00a0<\/strong>Servicio de Endocrinolog\u00eda y Nutrici\u00f3n. Hospital Universitario Araba.<\/td>\n<td style=\"text-align: right;\"><\/td>\n<\/tr>\n<tr>\n<td><\/td>\n<td><strong><em>\u00abEndocrin-arte en Artium\u00bb.<\/em><\/strong><em>\u00a0<\/em><br \/>\n<span style=\"color: #3366ff;\"><strong>Dra.<\/strong>\u00a0<strong>Adela Pelayo Alarc\u00f3n<\/strong><\/span>. Universidad Complutense de Madrid.<\/td>\n<td><\/td>\n<\/tr>\n<tr>\n<td><span style=\"color: #800000;\"><strong>10:30-11:00 h.<\/strong><\/span><\/td>\n<td><span style=\"color: #800000;\"><strong><em>Caf\u00e9<\/em><\/strong><\/span><\/td>\n<td><\/td>\n<\/tr>\n<tr>\n<td><strong>11:10-13:10 h.<\/strong><\/td>\n<td><strong>Mesa Redonda Nutrici\u00f3n<em>. <\/em><\/strong><\/td>\n<td style=\"text-align: right;\"><strong>Auditorio<\/strong><\/td>\n<\/tr>\n<tr>\n<td><\/td>\n<td><strong>Moderadora:<\/strong> <span style=\"color: #3366ff;\"><strong>Dra. M\u00aa Angeles Vicente Vicente<\/strong><\/span>. Servicio de Endocrinolog\u00eda y Nutrici\u00f3n. Hospital Universitario Araba.<\/td>\n<td style=\"text-align: right;\"><\/td>\n<\/tr>\n<tr>\n<td>\n<div class=\"td-paragraph-padding-4\">\n<p>11:10 h.<\/p>\n<\/div>\n<\/td>\n<td><strong><em>Nutrici\u00f3n en el paciente pluripatol\u00f3gico.<\/em><\/strong><br \/>\n<span style=\"color: #3366ff;\"><strong>Dra. Mar\u00eda Ballesteros Pomar<\/strong><\/span>. Servicio Endocrinolog\u00eda y Nutrici\u00f3n.\u00a0 Hospital Universitario Le\u00f3n.<\/td>\n<td><\/td>\n<\/tr>\n<tr>\n<td><\/td>\n<td><strong><u>Nutrici\u00f3n en el paciente Oncol\u00f3gico y Paliativo<em>.<\/em><\/u><\/strong><\/td>\n<td><\/td>\n<\/tr>\n<tr>\n<td>\n<div class=\"td-paragraph-padding-4\">\n<p>11:40 h.<\/p>\n<\/div>\n<\/td>\n<td><strong><em>Aspectos \u00e9ticos de la nutrici\u00f3n en el paciente oncol\u00f3gico y paliativo.<\/em><\/strong><br \/>\n<span style=\"color: #3366ff;\"><strong>Dr. I\u00f1aki Saralegui Reta<\/strong><\/span>.\u00a0 Comit\u00e9 de \u00c9tica asistencial Hospital Universitario Araba. Coordinador del programa de Voluntades Anticipadas de Osakidetza.<\/td>\n<td><\/td>\n<\/tr>\n<tr>\n<td>\n<div class=\"td-paragraph-padding-4\">\n<p>12:10 h.<\/p>\n<\/div>\n<\/td>\n<td><strong><em>Aspectos cl\u00ednicos y nutricionales en el paciente oncol\u00f3gico y paliativo.<\/em><\/strong><br \/>\n<strong><span style=\"color: #3366ff;\">Dra. Rebeca S\u00e1nchez S\u00e1nchez<\/span>.<\/strong> Unidad de Nutrici\u00f3n. Hospital Universitario de Cruces.<\/td>\n<td><\/td>\n<\/tr>\n<tr>\n<td>\n<div class=\"td-paragraph-padding-4\">12:40 h.<\/div>\n<\/td>\n<td><strong><em>Estrategias de prevenci\u00f3n de la desnutrici\u00f3n relacionada con la enfermedad.<\/em><br \/>\n<span style=\"color: #3366ff;\">Dra. Estrella Petrina Jauregui<\/span>.<\/strong>\u00a0Unidad de Nutrici\u00f3n. C.H Navarra.<\/td>\n<td><\/td>\n<\/tr>\n<tr>\n<td><strong>13:10-14:15 h.<\/strong><\/td>\n<td><strong><em>Comunicaciones Orales A.\u00a0 Moderadora:\u00a0\u00a0<\/em><span style=\"color: #3366ff;\">Dra. Leire P\u00e9rez Garc\u00eda.<\/span><\/strong>\u00a0Hospital Universitario Araba.<\/td>\n<td style=\"text-align: right;\"><strong>Auditorio<\/strong><\/td>\n<\/tr>\n<tr>\n<td><strong>13:10-14:15 h.<\/strong><\/td>\n<td><strong><em>Comunicaciones Orales B.\u00a0 Moderadora:\u00a0\u00a0<\/em><span style=\"color: #3366ff;\">Dra.\u00a0Almudena Ruiz Molina. <\/span><\/strong>\u00a0Hospital Universitario Galdakao.<\/td>\n<td style=\"text-align: right;\">\u00a0<strong>S. Plaza<\/strong><\/td>\n<\/tr>\n<tr>\n<td><span style=\"color: #800000;\"><strong>14:30-16:30 h.<\/strong><\/span><\/td>\n<td><span style=\"color: #800000;\"><strong><em>Comida de trabajo.<\/em><\/strong><\/span><\/td>\n<td><\/td>\n<\/tr>\n<tr>\n<td><strong>16:30-18:30 h.<\/strong><\/td>\n<td><strong>Mesa redonda Enfermer\u00eda.<\/strong><\/td>\n<td style=\"text-align: right;\"><strong>S. Plaza<\/strong><\/td>\n<\/tr>\n<tr>\n<td><\/td>\n<td><strong>Moderadora:<\/strong>\u00a0 <span style=\"color: #3366ff;\"><strong>D\u00f1a. Sara Rodr\u00edguez Borrajo<\/strong><\/span>. DUE Educaci\u00f3n Diabetol\u00f3gica OSI ARABA.<br \/>\n<strong><em>Comunicaci\u00f3n eficaz.<\/em><br \/>\n<span style=\"color: #3366ff;\">D\u00f1a. Mar\u00eda Olarte Ugarte<\/span><em>. <\/em><\/strong>Psic\u00f3loga Experta en Comunicaci\u00f3n.<\/td>\n<td><\/td>\n<\/tr>\n<tr>\n<td><strong>16:30-18:30 h.<\/strong><\/td>\n<td><strong>Mesa redonda en Endocrinolog\u00eda, diabetes y obesidad.<em><br \/>\n<\/em>Moderadora:\u00a0\u00a0<span style=\"color: #3366ff;\">Dra. Maite Aramburu Calafell.\u00a0 <\/span><\/strong><span style=\"color: #000000;\">Hospital Universitario Donostia.<\/span><\/td>\n<td style=\"text-align: right;\"><strong>Auditorio\u00a0<\/strong><\/td>\n<\/tr>\n<tr>\n<td>\n<div class=\"td-paragraph-padding-4\">\n<p>16:30 h.<\/p>\n<\/div>\n<\/td>\n<td><em><strong>Mejorar\u00a0el perfil cardiometab\u00f3lico de los pacientes con DM2. \u00bfQue han demostrado los an\u00e1logos de GLP-1 al respecto?<br \/>\n<\/strong><\/em><strong><span style=\"color: #3366ff;\">Dr. Santiago Tof\u00e9 Povedano. <\/span><\/strong><span style=\"color: #000000;\">Palma de Mallorca.<\/span><\/td>\n<td><\/td>\n<\/tr>\n<tr>\n<td>\n<div class=\"td-paragraph-padding-4\">\n<p>17:10 h.<\/p>\n<\/div>\n<\/td>\n<td><strong><em>Obesidad en las enfermedades de impronta<\/em>.<em><br \/>\n<\/em><span style=\"color: #3366ff;\">Dra. Guiomar P\u00e9rez De Nanclares Leal<\/span><\/strong><span style=\"color: #3366ff;\">.<\/span>\u00a0 (Epi) gen\u00e9tica OSI ARABA.<\/td>\n<td><\/td>\n<\/tr>\n<tr>\n<td>\n<div class=\"td-paragraph-padding-4\">\n<p>17:50 h.<\/p>\n<\/div>\n<p>&nbsp;<\/td>\n<td><strong><em>Estrategias terap\u00e9uticas presentes y futuras basadas en GLP-1 en el tratamiento de la Obesidad.<\/em><br \/>\n<span style=\"color: #3366ff;\">Dr. Javier Salvador Rodr\u00edguez<\/span>.\u00a0<\/strong> Cl\u00ednica Universitaria de Navarra.<\/td>\n<td><\/td>\n<\/tr>\n<tr>\n<td>\n<p><strong>18:30-19:15 h<\/strong>.<\/p>\n<p>&nbsp;<\/td>\n<td><strong><em>Inteligencia artificial, Big Data y \u201cMachine learning\u201d en la medicina. \u00bfFuturo o realidad?<\/em>.<\/strong> <strong><br \/>\n<span style=\"color: #3366ff;\">D. Ignacio<\/span><\/strong><span style=\"color: #3366ff;\">\u00a0<strong>Hern\u00e1ndez\u00a0Medrano<\/strong><\/span>. SavanaMed.<br \/>\n<strong>Presenta:<\/strong> <strong><span style=\"color: #3366ff;\">Dra. Estibaliz Ugarte Abasolo.\u00a0\u00a0<\/span><\/strong><span style=\"color: #000000;\">Hospital Universitario Basurto.<\/span><\/td>\n<td><\/td>\n<\/tr>\n<tr>\n<td><strong>19:15 h.<\/strong><\/td>\n<td><strong>Clausura del congreso.<\/strong><\/td>\n<td style=\"text-align: right;\"><strong>Auditorio<\/strong><\/td>\n<\/tr>\n<tr>\n<td><strong>19:30 h.<\/strong><\/td>\n<td><strong>Asamblea SEDYNE.<\/strong><\/td>\n<td style=\"text-align: right;\"><strong>Auditorio<\/strong><\/td>\n<\/tr>\n<\/tbody>\n<\/table>\n<p><strong>\u00a0<\/strong><\/p>\n<h4 style=\"text-align: center;\"><strong>PATROCINADORES DEL CONGRESO<\/strong><\/h4>\n<table>\n<tbody>\n<tr>\n<td><a href=\"http:\/\/www.sedyne.es\/es\/logo-nutricia2018\/\"><img loading=\"lazy\" decoding=\"async\" class=\"wp-image-922 aligncenter\" src=\"http:\/\/www.sedyne.es\/wp-content\/uploads\/2019\/02\/LOGO-NUTRICIA2018.jpg\" alt=\"\" width=\"195\" height=\"85\" srcset=\"https:\/\/www.sedyne.es\/wp-content\/uploads\/2019\/02\/LOGO-NUTRICIA2018.jpg 1473w, https:\/\/www.sedyne.es\/wp-content\/uploads\/2019\/02\/LOGO-NUTRICIA2018-300x132.jpg 300w, https:\/\/www.sedyne.es\/wp-content\/uploads\/2019\/02\/LOGO-NUTRICIA2018-768x338.jpg 768w, https:\/\/www.sedyne.es\/wp-content\/uploads\/2019\/02\/LOGO-NUTRICIA2018-1024x450.jpg 1024w, https:\/\/www.sedyne.es\/wp-content\/uploads\/2019\/02\/LOGO-NUTRICIA2018-955x420.jpg 955w, https:\/\/www.sedyne.es\/wp-content\/uploads\/2019\/02\/LOGO-NUTRICIA2018-640x282.jpg 640w, https:\/\/www.sedyne.es\/wp-content\/uploads\/2019\/02\/LOGO-NUTRICIA2018-681x300.jpg 681w\" sizes=\"auto, (max-width: 195px) 100vw, 195px\" \/><\/a><\/td>\n<td><a href=\"http:\/\/www.sedyne.es\/es\/impression-2\/\"><img loading=\"lazy\" decoding=\"async\" class=\"wp-image-919 aligncenter\" src=\"http:\/\/www.sedyne.es\/wp-content\/uploads\/2019\/02\/SANOFI_Logo_Horizontal_2011_4colors.jpg\" alt=\"\" width=\"161\" height=\"34\" srcset=\"https:\/\/www.sedyne.es\/wp-content\/uploads\/2019\/02\/SANOFI_Logo_Horizontal_2011_4colors.jpg 3543w, https:\/\/www.sedyne.es\/wp-content\/uploads\/2019\/02\/SANOFI_Logo_Horizontal_2011_4colors-300x64.jpg 300w, https:\/\/www.sedyne.es\/wp-content\/uploads\/2019\/02\/SANOFI_Logo_Horizontal_2011_4colors-768x164.jpg 768w, https:\/\/www.sedyne.es\/wp-content\/uploads\/2019\/02\/SANOFI_Logo_Horizontal_2011_4colors-1024x218.jpg 1024w, https:\/\/www.sedyne.es\/wp-content\/uploads\/2019\/02\/SANOFI_Logo_Horizontal_2011_4colors-1968x420.jpg 1968w, https:\/\/www.sedyne.es\/wp-content\/uploads\/2019\/02\/SANOFI_Logo_Horizontal_2011_4colors-640x137.jpg 640w, https:\/\/www.sedyne.es\/wp-content\/uploads\/2019\/02\/SANOFI_Logo_Horizontal_2011_4colors-681x145.jpg 681w\" sizes=\"auto, (max-width: 161px) 100vw, 161px\" \/><\/a><\/td>\n<td><img loading=\"lazy\" decoding=\"async\" class=\"wp-image-357 aligncenter\" src=\"http:\/\/www.sedyne.es\/wp-content\/uploads\/2016\/09\/NovoN_m_2c_CMYK_Coated.jpg\" alt=\"\" width=\"140\" height=\"116\" srcset=\"https:\/\/www.sedyne.es\/wp-content\/uploads\/2016\/09\/NovoN_m_2c_CMYK_Coated.jpg 1686w, https:\/\/www.sedyne.es\/wp-content\/uploads\/2016\/09\/NovoN_m_2c_CMYK_Coated-300x248.jpg 300w, https:\/\/www.sedyne.es\/wp-content\/uploads\/2016\/09\/NovoN_m_2c_CMYK_Coated-768x635.jpg 768w, https:\/\/www.sedyne.es\/wp-content\/uploads\/2016\/09\/NovoN_m_2c_CMYK_Coated-1024x846.jpg 1024w, https:\/\/www.sedyne.es\/wp-content\/uploads\/2016\/09\/NovoN_m_2c_CMYK_Coated-508x420.jpg 508w, https:\/\/www.sedyne.es\/wp-content\/uploads\/2016\/09\/NovoN_m_2c_CMYK_Coated-640x529.jpg 640w, https:\/\/www.sedyne.es\/wp-content\/uploads\/2016\/09\/NovoN_m_2c_CMYK_Coated-681x563.jpg 681w\" sizes=\"auto, (max-width: 140px) 100vw, 140px\" \/><\/td>\n<\/tr>\n<\/tbody>\n<\/table>\n<p>&nbsp;<\/p>\n<table>\n<tbody>\n<tr>\n<td><img loading=\"lazy\" decoding=\"async\" class=\"wp-image-882 aligncenter\" src=\"http:\/\/www.sedyne.es\/wp-content\/uploads\/2017\/10\/menarini.jpg\" alt=\"\" width=\"163\" height=\"65\" srcset=\"https:\/\/www.sedyne.es\/wp-content\/uploads\/2017\/10\/menarini.jpg 1820w, https:\/\/www.sedyne.es\/wp-content\/uploads\/2017\/10\/menarini-300x119.jpg 300w, https:\/\/www.sedyne.es\/wp-content\/uploads\/2017\/10\/menarini-768x306.jpg 768w, https:\/\/www.sedyne.es\/wp-content\/uploads\/2017\/10\/menarini-1024x407.jpg 1024w, https:\/\/www.sedyne.es\/wp-content\/uploads\/2017\/10\/menarini-1056x420.jpg 1056w, https:\/\/www.sedyne.es\/wp-content\/uploads\/2017\/10\/menarini-640x255.jpg 640w, https:\/\/www.sedyne.es\/wp-content\/uploads\/2017\/10\/menarini-681x271.jpg 681w\" sizes=\"auto, (max-width: 163px) 100vw, 163px\" \/><\/td>\n<td><img loading=\"lazy\" decoding=\"async\" class=\"wp-image-903 aligncenter\" src=\"http:\/\/www.sedyne.es\/wp-content\/uploads\/2017\/10\/MSD-logo_50_aniversario.jpg\" alt=\"\" width=\"190\" height=\"50\" srcset=\"https:\/\/www.sedyne.es\/wp-content\/uploads\/2017\/10\/MSD-logo_50_aniversario.jpg 1675w, https:\/\/www.sedyne.es\/wp-content\/uploads\/2017\/10\/MSD-logo_50_aniversario-300x80.jpg 300w, https:\/\/www.sedyne.es\/wp-content\/uploads\/2017\/10\/MSD-logo_50_aniversario-768x204.jpg 768w, https:\/\/www.sedyne.es\/wp-content\/uploads\/2017\/10\/MSD-logo_50_aniversario-1024x271.jpg 1024w, https:\/\/www.sedyne.es\/wp-content\/uploads\/2017\/10\/MSD-logo_50_aniversario-1584x420.jpg 1584w, https:\/\/www.sedyne.es\/wp-content\/uploads\/2017\/10\/MSD-logo_50_aniversario-640x170.jpg 640w, https:\/\/www.sedyne.es\/wp-content\/uploads\/2017\/10\/MSD-logo_50_aniversario-681x181.jpg 681w\" sizes=\"auto, (max-width: 190px) 100vw, 190px\" \/><\/td>\n<td>\u00a0<img loading=\"lazy\" decoding=\"async\" class=\"alignnone wp-image-396\" src=\"http:\/\/www.sedyne.es\/wp-content\/uploads\/2017\/04\/novartis-oncology.png\" alt=\"\" width=\"169\" height=\"47\" \/><\/td>\n<\/tr>\n<\/tbody>\n<\/table>\n<p>&nbsp;<\/p>\n<hr \/>\n<p>&nbsp;<\/p>\n<table>\n<tbody>\n<tr>\n<td><img loading=\"lazy\" decoding=\"async\" class=\"wp-image-914 aligncenter\" src=\"http:\/\/www.sedyne.es\/wp-content\/uploads\/2017\/10\/logo.png\" alt=\"\" width=\"165\" height=\"36\" srcset=\"https:\/\/www.sedyne.es\/wp-content\/uploads\/2017\/10\/logo.png 535w, https:\/\/www.sedyne.es\/wp-content\/uploads\/2017\/10\/logo-300x65.png 300w, https:\/\/www.sedyne.es\/wp-content\/uploads\/2017\/10\/logo-511x116.png 511w\" sizes=\"auto, (max-width: 165px) 100vw, 165px\" \/><\/td>\n<td><a href=\"http:\/\/www.sedyne.es\/es\/congreso\/programa\/logo-almirall\/\" rel=\"attachment wp-att-926\"><img loading=\"lazy\" decoding=\"async\" class=\"wp-image-926 aligncenter\" src=\"http:\/\/www.sedyne.es\/wp-content\/uploads\/2017\/10\/Logo-Almirall-e1550150667842.jpg\" alt=\"\" width=\"142\" height=\"61\" srcset=\"https:\/\/www.sedyne.es\/wp-content\/uploads\/2017\/10\/Logo-Almirall-e1550150667842.jpg 582w, https:\/\/www.sedyne.es\/wp-content\/uploads\/2017\/10\/Logo-Almirall-e1550150667842-300x128.jpg 300w\" sizes=\"auto, (max-width: 142px) 100vw, 142px\" \/><\/a><\/td>\n<td><img loading=\"lazy\" decoding=\"async\" class=\" wp-image-360 aligncenter\" src=\"http:\/\/www.sedyne.es\/wp-content\/uploads\/2016\/09\/IPSEN-azul.jpg\" alt=\"\" width=\"126\" height=\"35\" srcset=\"https:\/\/www.sedyne.es\/wp-content\/uploads\/2016\/09\/IPSEN-azul.jpg 360w, https:\/\/www.sedyne.es\/wp-content\/uploads\/2016\/09\/IPSEN-azul-300x84.jpg 300w\" sizes=\"auto, (max-width: 126px) 100vw, 126px\" \/><\/td>\n<td><img loading=\"lazy\" decoding=\"async\" class=\" wp-image-287 aligncenter\" src=\"http:\/\/www.sedyne.es\/wp-content\/uploads\/2016\/09\/Lilly_Boehringer-e1485519274962.jpeg\" alt=\"\" width=\"154\" height=\"41\" \/><\/td>\n<\/tr>\n<tr>\n<td><img loading=\"lazy\" decoding=\"async\" class=\" wp-image-330 aligncenter\" src=\"http:\/\/www.sedyne.es\/wp-content\/uploads\/2016\/09\/Abbott-e1486639403476.jpg\" alt=\"\" width=\"139\" height=\"53\" srcset=\"https:\/\/www.sedyne.es\/wp-content\/uploads\/2016\/09\/Abbott-e1486639403476.jpg 1067w, https:\/\/www.sedyne.es\/wp-content\/uploads\/2016\/09\/Abbott-e1486639403476-300x115.jpg 300w, https:\/\/www.sedyne.es\/wp-content\/uploads\/2016\/09\/Abbott-e1486639403476-768x295.jpg 768w, https:\/\/www.sedyne.es\/wp-content\/uploads\/2016\/09\/Abbott-e1486639403476-1024x393.jpg 1024w, https:\/\/www.sedyne.es\/wp-content\/uploads\/2016\/09\/Abbott-e1486639403476-640x246.jpg 640w, https:\/\/www.sedyne.es\/wp-content\/uploads\/2016\/09\/Abbott-e1486639403476-681x262.jpg 681w\" sizes=\"auto, (max-width: 139px) 100vw, 139px\" \/><\/td>\n<td><img loading=\"lazy\" decoding=\"async\" class=\"wp-image-895 aligncenter\" src=\"http:\/\/www.sedyne.es\/wp-content\/uploads\/2017\/10\/baxter.jpg\" alt=\"\" width=\"87\" height=\"46\" srcset=\"https:\/\/www.sedyne.es\/wp-content\/uploads\/2017\/10\/baxter.jpg 311w, https:\/\/www.sedyne.es\/wp-content\/uploads\/2017\/10\/baxter-300x162.jpg 300w\" sizes=\"auto, (max-width: 87px) 100vw, 87px\" \/><\/td>\n<td><img loading=\"lazy\" decoding=\"async\" class=\"wp-image-583 aligncenter\" src=\"http:\/\/www.sedyne.es\/wp-content\/uploads\/2017\/10\/fresnius-kabi-large-1.png\" alt=\"\" width=\"74\" height=\"49\" srcset=\"https:\/\/www.sedyne.es\/wp-content\/uploads\/2017\/10\/fresnius-kabi-large-1.png 700w, https:\/\/www.sedyne.es\/wp-content\/uploads\/2017\/10\/fresnius-kabi-large-1-300x194.png 300w, https:\/\/www.sedyne.es\/wp-content\/uploads\/2017\/10\/fresnius-kabi-large-1-631x420.png 631w, https:\/\/www.sedyne.es\/wp-content\/uploads\/2017\/10\/fresnius-kabi-large-1-341x220.png 341w, https:\/\/www.sedyne.es\/wp-content\/uploads\/2017\/10\/fresnius-kabi-large-1-537x360.png 537w, https:\/\/www.sedyne.es\/wp-content\/uploads\/2017\/10\/fresnius-kabi-large-1-640x426.png 640w, https:\/\/www.sedyne.es\/wp-content\/uploads\/2017\/10\/fresnius-kabi-large-1-681x453.png 681w\" sizes=\"auto, (max-width: 74px) 100vw, 74px\" \/><\/td>\n<td><img loading=\"lazy\" decoding=\"async\" class=\"wp-image-915 aligncenter\" src=\"http:\/\/www.sedyne.es\/wp-content\/uploads\/2017\/10\/mylan.jpg\" alt=\"\" width=\"90\" height=\"90\" srcset=\"https:\/\/www.sedyne.es\/wp-content\/uploads\/2017\/10\/mylan.jpg 400w, https:\/\/www.sedyne.es\/wp-content\/uploads\/2017\/10\/mylan-150x150.jpg 150w, https:\/\/www.sedyne.es\/wp-content\/uploads\/2017\/10\/mylan-300x300.jpg 300w\" sizes=\"auto, (max-width: 90px) 100vw, 90px\" \/><\/td>\n<\/tr>\n<tr>\n<td><img loading=\"lazy\" decoding=\"async\" class=\"wp-image-584 aligncenter\" src=\"http:\/\/www.sedyne.es\/wp-content\/uploads\/2017\/10\/nestle.png\" alt=\"\" width=\"107\" height=\"62\" \/><\/td>\n<td><img loading=\"lazy\" decoding=\"async\" class=\"aligncenter wp-image-346\" src=\"http:\/\/www.sedyne.es\/wp-content\/uploads\/2016\/09\/novartis_logo_pos_rgb.jpg\" alt=\"\" width=\"158\" height=\"29\" srcset=\"https:\/\/www.sedyne.es\/wp-content\/uploads\/2016\/09\/novartis_logo_pos_rgb.jpg 1780w, https:\/\/www.sedyne.es\/wp-content\/uploads\/2016\/09\/novartis_logo_pos_rgb-300x55.jpg 300w, https:\/\/www.sedyne.es\/wp-content\/uploads\/2016\/09\/novartis_logo_pos_rgb-768x140.jpg 768w, https:\/\/www.sedyne.es\/wp-content\/uploads\/2016\/09\/novartis_logo_pos_rgb-1024x187.jpg 1024w, https:\/\/www.sedyne.es\/wp-content\/uploads\/2016\/09\/novartis_logo_pos_rgb-640x117.jpg 640w, https:\/\/www.sedyne.es\/wp-content\/uploads\/2016\/09\/novartis_logo_pos_rgb-681x124.jpg 681w\" sizes=\"auto, (max-width: 158px) 100vw, 158px\" \/><\/td>\n<td><img loading=\"lazy\" decoding=\"async\" class=\"wp-image-916 aligncenter\" src=\"http:\/\/www.sedyne.es\/wp-content\/uploads\/2017\/10\/otsuka-e1550150847406.png\" alt=\"\" width=\"70\" height=\"62\" srcset=\"https:\/\/www.sedyne.es\/wp-content\/uploads\/2017\/10\/otsuka-e1550150847406.png 597w, https:\/\/www.sedyne.es\/wp-content\/uploads\/2017\/10\/otsuka-e1550150847406-300x264.png 300w, https:\/\/www.sedyne.es\/wp-content\/uploads\/2017\/10\/otsuka-e1550150847406-478x420.png 478w\" sizes=\"auto, (max-width: 70px) 100vw, 70px\" \/><\/td>\n<td><img loading=\"lazy\" decoding=\"async\" class=\"wp-image-347 aligncenter\" src=\"http:\/\/www.sedyne.es\/wp-content\/uploads\/2016\/09\/PIFZER-WEB.jpg\" alt=\"\" width=\"95\" height=\"54\" srcset=\"https:\/\/www.sedyne.es\/wp-content\/uploads\/2016\/09\/PIFZER-WEB.jpg 413w, https:\/\/www.sedyne.es\/wp-content\/uploads\/2016\/09\/PIFZER-WEB-300x171.jpg 300w\" sizes=\"auto, (max-width: 95px) 100vw, 95px\" \/><\/td>\n<\/tr>\n<\/tbody>\n<\/table>\n<p>&nbsp;<\/p>\n<p>&nbsp;<\/p>\n<p>&nbsp;<\/p>\n","protected":false},"excerpt":{"rendered":"<p>XXI Congreso\u00a0de la Sociedad de Endocrinolog\u00eda, Diabetes\u00a0y Nutrici\u00f3n de Euskadi Museo Artium, Vitoria-Gasteiz 1 de Marzo de 2019 9:00- 9:30 h. Recogida de Documentaci\u00f3n. 9:30-9:45 h. Inauguraci\u00f3n Oficial. Auditorio Dr. Juan Jos\u00e9 Aurrekoetxea\u00a0 Agirre.\u00a0\u00a0Director de Salud P\u00fablica y Adicciones. Departamento de Salud del Gobierno Vasco. Dr. Enrique Guti\u00e9rrez Fraile.\u00a0\u00a0Director M\u00e9dico Hospital Universitario Araba. OSI Araba. [&hellip;]<\/p>\n","protected":false},"author":120,"featured_media":0,"parent":1015,"menu_order":1,"comment_status":"closed","ping_status":"closed","template":"","meta":{"footnotes":""},"class_list":["post-1018","page","type-page","status-publish","hentry"],"_links":{"self":[{"href":"https:\/\/www.sedyne.es\/es\/wp-json\/wp\/v2\/pages\/1018","targetHints":{"allow":["GET"]}}],"collection":[{"href":"https:\/\/www.sedyne.es\/es\/wp-json\/wp\/v2\/pages"}],"about":[{"href":"https:\/\/www.sedyne.es\/es\/wp-json\/wp\/v2\/types\/page"}],"author":[{"embeddable":true,"href":"https:\/\/www.sedyne.es\/es\/wp-json\/wp\/v2\/users\/120"}],"replies":[{"embeddable":true,"href":"https:\/\/www.sedyne.es\/es\/wp-json\/wp\/v2\/comments?post=1018"}],"version-history":[{"count":2,"href":"https:\/\/www.sedyne.es\/es\/wp-json\/wp\/v2\/pages\/1018\/revisions"}],"predecessor-version":[{"id":1029,"href":"https:\/\/www.sedyne.es\/es\/wp-json\/wp\/v2\/pages\/1018\/revisions\/1029"}],"up":[{"embeddable":true,"href":"https:\/\/www.sedyne.es\/es\/wp-json\/wp\/v2\/pages\/1015"}],"wp:attachment":[{"href":"https:\/\/www.sedyne.es\/es\/wp-json\/wp\/v2\/media?parent=1018"}],"curies":[{"name":"wp","href":"https:\/\/api.w.org\/{rel}","templated":true}]}}