{"id":1380,"date":"2020-11-23T12:17:01","date_gmt":"2020-11-23T11:17:01","guid":{"rendered":"http:\/\/www.sedyne.es\/?page_id=1380\/"},"modified":"2020-11-30T09:49:59","modified_gmt":"2020-11-30T08:49:59","slug":"comunicaciones","status":"publish","type":"page","link":"https:\/\/www.sedyne.es\/es\/congreso\/congreso-2020\/comunicaciones\/","title":{"rendered":"Comunicaciones 2020"},"content":{"rendered":"<p>&nbsp;<\/p>\n<table class=\" aligncenter\" style=\"border-color: #000000; height: 3351px;\" width=\"638\">\n<tbody>\n<tr>\n<td>\n<p style=\"text-align: left;\">1.<a href=\"http:\/\/www.sedyne.es\/es\/congreso\/congreso-2020\/comunicaciones\/1_poster-sedyne-final-1\/\" rel=\"attachment wp-att-1415\"><img loading=\"lazy\" decoding=\"async\" class=\"alignnone wp-image-1415 size-thumbnail\" src=\"http:\/\/www.sedyne.es\/wp-content\/uploads\/2020\/11\/1_Poster-SEDYNE-final-1-150x150.jpg\" alt=\"\" width=\"150\" height=\"150\" \/><\/a><\/p>\n<p><!--[if lt IE 9]><script>document.createElement('audio');<\/script><![endif]-->\n<audio class=\"wp-audio-shortcode\" id=\"audio-1380-1\" preload=\"none\" style=\"width: 100%;\" controls=\"controls\"><source type=\"audio\/mpeg\" src=\"http:\/\/www.sedyne.es\/wp-content\/uploads\/2020\/11\/1_-Audioa-Poster-SEDYNE.mp3?_=1\" \/><a href=\"http:\/\/www.sedyne.es\/wp-content\/uploads\/2020\/11\/1_-Audioa-Poster-SEDYNE.mp3\">http:\/\/www.sedyne.es\/wp-content\/uploads\/2020\/11\/1_-Audioa-Poster-SEDYNE.mp3<\/a><\/audio><\/td>\n<td>\n<p style=\"text-align: left;\">3.<a href=\"http:\/\/www.sedyne.es\/es\/congreso\/congreso-2020\/comunicaciones\/3_sedyne20-1\/\" rel=\"attachment wp-att-1416\"><img loading=\"lazy\" decoding=\"async\" class=\"alignnone wp-image-1416 size-thumbnail\" src=\"http:\/\/www.sedyne.es\/wp-content\/uploads\/2020\/11\/3_sedyne20-1-150x150.jpg\" alt=\"\" width=\"150\" height=\"150\" \/><\/a><\/p>\n<p><audio class=\"wp-audio-shortcode\" id=\"audio-1380-2\" preload=\"none\" style=\"width: 100%;\" controls=\"controls\"><source type=\"audio\/mpeg\" src=\"http:\/\/www.sedyne.es\/wp-content\/uploads\/2020\/11\/3_Nueva-grabacio\u0301n.m4a?_=2\" \/><a href=\"http:\/\/www.sedyne.es\/wp-content\/uploads\/2020\/11\/3_Nueva-grabacio\u0301n.m4a\">http:\/\/www.sedyne.es\/wp-content\/uploads\/2020\/11\/3_Nueva-grabacio\u0301n.m4a<\/a><\/audio><\/td>\n<td>\n<p style=\"text-align: left;\">4.<a href=\"http:\/\/www.sedyne.es\/es\/congreso\/congreso-2020\/comunicaciones\/4_congreso-sedyne-2020-dra-serrano-1\/\" rel=\"attachment wp-att-1417\"><img loading=\"lazy\" decoding=\"async\" class=\"alignnone wp-image-1417 size-thumbnail\" src=\"http:\/\/www.sedyne.es\/wp-content\/uploads\/2020\/11\/4_Congreso-SEDYNE-2020-Dra.-Serrano-1-150x150.jpg\" alt=\"\" width=\"150\" height=\"150\" \/><\/a><\/p>\n<p><audio class=\"wp-audio-shortcode\" id=\"audio-1380-3\" preload=\"none\" style=\"width: 100%;\" controls=\"controls\"><source type=\"audio\/wav\" src=\"http:\/\/www.sedyne.es\/wp-content\/uploads\/2020\/11\/4_Gastroplastia-bariatrica-tipo-Apollo-.wav?_=3\" \/><a href=\"http:\/\/www.sedyne.es\/wp-content\/uploads\/2020\/11\/4_Gastroplastia-bariatrica-tipo-Apollo-.wav\">http:\/\/www.sedyne.es\/wp-content\/uploads\/2020\/11\/4_Gastroplastia-bariatrica-tipo-Apollo-.wav<\/a><\/audio><\/td>\n<\/tr>\n<tr>\n<td>\n<p style=\"text-align: left;\">5.<a href=\"http:\/\/www.sedyne.es\/es\/congreso\/congreso-2020\/comunicaciones\/5_poster-1\/\" rel=\"attachment wp-att-1426\"><img loading=\"lazy\" decoding=\"async\" class=\"alignnone wp-image-1426 size-thumbnail\" src=\"http:\/\/www.sedyne.es\/wp-content\/uploads\/2020\/11\/5_poster-1-150x150.jpg\" alt=\"\" width=\"150\" height=\"150\" \/><\/a><\/p>\n<p><audio class=\"wp-audio-shortcode\" id=\"audio-1380-4\" preload=\"none\" style=\"width: 100%;\" controls=\"controls\"><source type=\"audio\/mpeg\" src=\"http:\/\/www.sedyne.es\/wp-content\/uploads\/2020\/11\/5_Cristina-El\u00edas-Ortega-Despistaje-retinopat\u00eda-audio.mp3?_=4\" \/><a href=\"http:\/\/www.sedyne.es\/wp-content\/uploads\/2020\/11\/5_Cristina-El\u00edas-Ortega-Despistaje-retinopat\u00eda-audio.mp3\">http:\/\/www.sedyne.es\/wp-content\/uploads\/2020\/11\/5_Cristina-El\u00edas-Ortega-Despistaje-retinopat\u00eda-audio.mp3<\/a><\/audio><\/td>\n<td style=\"text-align: left;\">\n<p>6.<a href=\"http:\/\/www.sedyne.es\/es\/congreso\/congreso-2020\/comunicaciones\/6_monitorizacion-continua-glucosa-1\/\" rel=\"attachment wp-att-1427\"><img loading=\"lazy\" decoding=\"async\" class=\"alignnone wp-image-1427 size-thumbnail\" src=\"http:\/\/www.sedyne.es\/wp-content\/uploads\/2020\/11\/6_Monitorizaci\u00f3n-continua-glucosa-1-150x150.jpg\" alt=\"\" width=\"150\" height=\"150\" \/><\/a><\/p>\n<p><audio class=\"wp-audio-shortcode\" id=\"audio-1380-5\" preload=\"none\" style=\"width: 100%;\" controls=\"controls\"><source type=\"audio\/mpeg\" src=\"http:\/\/www.sedyne.es\/wp-content\/uploads\/2020\/11\/6_Cristina-El\u00edas-Ortega-Monitorizaci\u00f3n-continua-de-glucosa-Audio.mp3?_=5\" \/><a href=\"http:\/\/www.sedyne.es\/wp-content\/uploads\/2020\/11\/6_Cristina-El\u00edas-Ortega-Monitorizaci\u00f3n-continua-de-glucosa-Audio.mp3\">http:\/\/www.sedyne.es\/wp-content\/uploads\/2020\/11\/6_Cristina-El\u00edas-Ortega-Monitorizaci\u00f3n-continua-de-glucosa-Audio.mp3<\/a><\/audio><\/td>\n<td style=\"text-align: left;\">\n<p>7.<a href=\"http:\/\/www.sedyne.es\/es\/congreso\/congreso-2020\/comunicaciones\/7_acromegalia-agresiva-como-primera-manifestacion-de-men1-1\/\" rel=\"attachment wp-att-1428\"><img loading=\"lazy\" decoding=\"async\" class=\"alignnone wp-image-1428 size-thumbnail\" src=\"http:\/\/www.sedyne.es\/wp-content\/uploads\/2020\/11\/7_Acromegalia-agresiva-como-primera-manifestaci\u00f3n-de-MEN1-1-150x150.jpg\" alt=\"\" width=\"150\" height=\"150\" \/><\/a><\/p>\n<p><audio class=\"wp-audio-shortcode\" id=\"audio-1380-6\" preload=\"none\" style=\"width: 100%;\" controls=\"controls\"><source type=\"audio\/mpeg\" src=\"http:\/\/www.sedyne.es\/wp-content\/uploads\/2020\/11\/7_acromegalia-agresiva-como-primera-manifestaci\u00f3n-de-un-MEN1-online-audio-converter.com_.mp3?_=6\" \/><a href=\"http:\/\/www.sedyne.es\/wp-content\/uploads\/2020\/11\/7_acromegalia-agresiva-como-primera-manifestaci\u00f3n-de-un-MEN1-online-audio-converter.com_.mp3\">http:\/\/www.sedyne.es\/wp-content\/uploads\/2020\/11\/7_acromegalia-agresiva-como-primera-manifestaci\u00f3n-de-un-MEN1-online-audio-converter.com_.mp3<\/a><\/audio><\/td>\n<\/tr>\n<tr>\n<td style=\"text-align: left;\">\n<p>8.<a href=\"http:\/\/www.sedyne.es\/es\/congreso\/congreso-2020\/comunicaciones\/8_acromegalia-con-respuesta-a-tratamiento-a-analagolos-de-somatostatina-de-segunda-generacion-1\/\" rel=\"attachment wp-att-1439\"><img loading=\"lazy\" decoding=\"async\" class=\"alignnone wp-image-1439 size-thumbnail\" src=\"http:\/\/www.sedyne.es\/wp-content\/uploads\/2020\/11\/8_ACROMEGALIA-CON-RESPUESTA-A-TRATAMIENTO-A-ANAL\u00c1GOLOS-DE-SOMATOSTATINA-DE-SEGUNDA-GENERACI\u00d3N-1-150x150.jpg\" alt=\"\" width=\"150\" height=\"150\" \/><\/a><\/p>\n<p><audio class=\"wp-audio-shortcode\" id=\"audio-1380-7\" preload=\"none\" style=\"width: 100%;\" controls=\"controls\"><source type=\"audio\/mpeg\" src=\"http:\/\/www.sedyne.es\/wp-content\/uploads\/2020\/11\/8_acromegalia-con-respuesta-a-tratamiento-a-an\u00e1logos-de-somatostatina-de-segunda-generaci\u00f3n-1-online-audio-converter.com_.mp3?_=7\" \/><a href=\"http:\/\/www.sedyne.es\/wp-content\/uploads\/2020\/11\/8_acromegalia-con-respuesta-a-tratamiento-a-an\u00e1logos-de-somatostatina-de-segunda-generaci\u00f3n-1-online-audio-converter.com_.mp3\">http:\/\/www.sedyne.es\/wp-content\/uploads\/2020\/11\/8_acromegalia-con-respuesta-a-tratamiento-a-an\u00e1logos-de-somatostatina-de-segunda-generaci\u00f3n-1-online-audio-converter.com_.mp3<\/a><\/audio><\/td>\n<td style=\"text-align: left;\">\n<p>10.<a href=\"http:\/\/www.sedyne.es\/es\/congreso\/congreso-2020\/comunicaciones\/10_sedyne-poster-1\/\" rel=\"attachment wp-att-1440\"><img loading=\"lazy\" decoding=\"async\" class=\"alignnone wp-image-1440 size-thumbnail\" src=\"http:\/\/www.sedyne.es\/wp-content\/uploads\/2020\/11\/10_SEDYNE-POSTER-1-150x150.jpg\" alt=\"\" width=\"150\" height=\"150\" \/><\/a><\/p>\n<p><audio class=\"wp-audio-shortcode\" id=\"audio-1380-8\" preload=\"none\" style=\"width: 100%;\" controls=\"controls\"><source type=\"audio\/mpeg\" src=\"http:\/\/www.sedyne.es\/wp-content\/uploads\/2020\/11\/10_grabacion-sedyne.mp3?_=8\" \/><a href=\"http:\/\/www.sedyne.es\/wp-content\/uploads\/2020\/11\/10_grabacion-sedyne.mp3\">http:\/\/www.sedyne.es\/wp-content\/uploads\/2020\/11\/10_grabacion-sedyne.mp3<\/a><\/audio><\/td>\n<td style=\"text-align: left;\">\n<p>11.<a href=\"http:\/\/www.sedyne.es\/es\/congreso\/congreso-2020\/comunicaciones\/11_poster-definitivo-1\/\" rel=\"attachment wp-att-1441\"><img loading=\"lazy\" decoding=\"async\" class=\"alignnone wp-image-1441 \" src=\"http:\/\/www.sedyne.es\/wp-content\/uploads\/2020\/11\/11_POSTER-DEFINITIVO-1-150x150.jpg\" alt=\"\" width=\"152\" height=\"152\" \/><\/a><\/p>\n<p><audio class=\"wp-audio-shortcode\" id=\"audio-1380-9\" preload=\"none\" style=\"width: 100%;\" controls=\"controls\"><source type=\"audio\/mpeg\" src=\"http:\/\/www.sedyne.es\/wp-content\/uploads\/2020\/11\/11_Nueva-grabacio_n.m4a?_=9\" \/><a href=\"http:\/\/www.sedyne.es\/wp-content\/uploads\/2020\/11\/11_Nueva-grabacio_n.m4a\">http:\/\/www.sedyne.es\/wp-content\/uploads\/2020\/11\/11_Nueva-grabacio_n.m4a<\/a><\/audio><\/td>\n<\/tr>\n<tr>\n<td style=\"text-align: left;\">14.\u00a0<a href=\"http:\/\/www.sedyne.es\/es\/congreso\/congreso-2020\/comunicaciones\/14_poster-sedyne-1\/\" rel=\"attachment wp-att-1445\"><img loading=\"lazy\" decoding=\"async\" class=\"alignnone wp-image-1445 \" src=\"http:\/\/www.sedyne.es\/wp-content\/uploads\/2020\/11\/14_Poster-SEDyNE-1-150x150.jpg\" alt=\"\" width=\"150\" height=\"150\" \/><\/a><audio class=\"wp-audio-shortcode\" id=\"audio-1380-10\" preload=\"none\" style=\"width: 100%;\" controls=\"controls\"><source type=\"audio\/mpeg\" src=\"http:\/\/www.sedyne.es\/wp-content\/uploads\/2020\/11\/DM1-\u00bfCuanto-saben-de-hipoglucemia.mp3?_=10\" \/><a href=\"http:\/\/www.sedyne.es\/wp-content\/uploads\/2020\/11\/DM1-\u00bfCuanto-saben-de-hipoglucemia.mp3\">http:\/\/www.sedyne.es\/wp-content\/uploads\/2020\/11\/DM1-\u00bfCuanto-saben-de-hipoglucemia.mp3<\/a><\/audio><\/td>\n<td style=\"text-align: left;\">\n<p>15.<a href=\"http:\/\/www.sedyne.es\/es\/congreso\/congreso-2020\/comunicaciones\/15_mma-sedyne-1\/\" rel=\"attachment wp-att-1446\"><img loading=\"lazy\" decoding=\"async\" class=\"alignnone wp-image-1446 size-thumbnail\" src=\"http:\/\/www.sedyne.es\/wp-content\/uploads\/2020\/11\/15_MMA-SEDYNE-1-150x150.jpg\" alt=\"\" width=\"150\" height=\"150\" \/><\/a><\/p>\n<p><audio class=\"wp-audio-shortcode\" id=\"audio-1380-11\" preload=\"none\" style=\"width: 100%;\" controls=\"controls\"><source type=\"audio\/mpeg\" src=\"http:\/\/www.sedyne.es\/wp-content\/uploads\/2020\/11\/15_SEDYNE-2020-MMA.mp3?_=11\" \/><a href=\"http:\/\/www.sedyne.es\/wp-content\/uploads\/2020\/11\/15_SEDYNE-2020-MMA.mp3\">http:\/\/www.sedyne.es\/wp-content\/uploads\/2020\/11\/15_SEDYNE-2020-MMA.mp3<\/a><\/audio><\/td>\n<td style=\"text-align: left;\">\n<p>18.\u00a0<a href=\"http:\/\/www.sedyne.es\/es\/congreso\/congreso-2020\/comunicaciones\/18_mtxspr-1\/\" rel=\"attachment wp-att-1447\"><img loading=\"lazy\" decoding=\"async\" class=\"alignnone wp-image-1447 size-thumbnail\" src=\"http:\/\/www.sedyne.es\/wp-content\/uploads\/2020\/11\/18_MtxSPR-1-150x150.jpg\" alt=\"\" width=\"150\" height=\"150\" \/><\/a><\/p>\n<p><audio class=\"wp-audio-shortcode\" id=\"audio-1380-12\" preload=\"none\" style=\"width: 100%;\" controls=\"controls\"><source type=\"audio\/mpeg\" src=\"http:\/\/www.sedyne.es\/wp-content\/uploads\/2020\/11\/18_MtxSPR3.mp3?_=12\" \/><a href=\"http:\/\/www.sedyne.es\/wp-content\/uploads\/2020\/11\/18_MtxSPR3.mp3\">http:\/\/www.sedyne.es\/wp-content\/uploads\/2020\/11\/18_MtxSPR3.mp3<\/a><\/audio><\/td>\n<\/tr>\n<tr>\n<td style=\"text-align: left;\">\n<p>19.<\/p>\n<p><a href=\"http:\/\/www.sedyne.es\/es\/congreso\/congreso-2020\/comunicaciones\/19-poster-cch-vs-cft-1\/\" rel=\"attachment wp-att-1452\"><img loading=\"lazy\" decoding=\"async\" class=\"alignnone wp-image-1452 size-thumbnail\" src=\"http:\/\/www.sedyne.es\/wp-content\/uploads\/2020\/11\/19-POSTER-CCH-VS-CFT-1-150x150.jpg\" alt=\"\" width=\"150\" height=\"150\" \/><\/a><\/p>\n<p><audio class=\"wp-audio-shortcode\" id=\"audio-1380-13\" preload=\"none\" style=\"width: 100%;\" controls=\"controls\"><source type=\"audio\/mpeg\" src=\"http:\/\/www.sedyne.es\/wp-content\/uploads\/2020\/11\/19_CFTvsCCH-3.mp3?_=13\" \/><a href=\"http:\/\/www.sedyne.es\/wp-content\/uploads\/2020\/11\/19_CFTvsCCH-3.mp3\">http:\/\/www.sedyne.es\/wp-content\/uploads\/2020\/11\/19_CFTvsCCH-3.mp3<\/a><\/audio><\/td>\n<td style=\"text-align: left;\">\n<p>20.<\/p>\n<p><a href=\"http:\/\/www.sedyne.es\/es\/congreso\/congreso-2020\/comunicaciones\/20_poster-ozempic-sedyne-1\/\" rel=\"attachment wp-att-1453\"><img loading=\"lazy\" decoding=\"async\" class=\"alignnone wp-image-1453 size-thumbnail\" src=\"http:\/\/www.sedyne.es\/wp-content\/uploads\/2020\/11\/20_Poster-Ozempic-SEDYNE-1-150x150.jpg\" alt=\"\" width=\"150\" height=\"150\" \/><\/a><\/p>\n<p><audio class=\"wp-audio-shortcode\" id=\"audio-1380-14\" preload=\"none\" style=\"width: 100%;\" controls=\"controls\"><source type=\"audio\/mpeg\" src=\"http:\/\/www.sedyne.es\/wp-content\/uploads\/2020\/11\/20_Experiencia-en-vida-real-semaglutide-SEDYNE-online-audio-converter.com_.mp3?_=14\" \/><a href=\"http:\/\/www.sedyne.es\/wp-content\/uploads\/2020\/11\/20_Experiencia-en-vida-real-semaglutide-SEDYNE-online-audio-converter.com_.mp3\">http:\/\/www.sedyne.es\/wp-content\/uploads\/2020\/11\/20_Experiencia-en-vida-real-semaglutide-SEDYNE-online-audio-converter.com_.mp3<\/a><\/audio><\/td>\n<td style=\"text-align: left;\">\n<p>24.<\/p>\n<p><a href=\"http:\/\/www.sedyne.es\/es\/congreso\/congreso-2020\/comunicaciones\/24_poster_sedyne_2020_saragomezconde-1\/\" rel=\"attachment wp-att-1454\"><img loading=\"lazy\" decoding=\"async\" class=\"alignnone wp-image-1454 size-thumbnail\" src=\"http:\/\/www.sedyne.es\/wp-content\/uploads\/2020\/11\/24_Poster_SEDyNE_2020_SaraG\u00f3mezConde-1-150x150.jpg\" alt=\"\" width=\"150\" height=\"150\" \/><\/a><\/p>\n<p><audio class=\"wp-audio-shortcode\" id=\"audio-1380-15\" preload=\"none\" style=\"width: 100%;\" controls=\"controls\"><source type=\"audio\/mpeg\" src=\"http:\/\/www.sedyne.es\/wp-content\/uploads\/2020\/11\/24_Audio_SEDyNE_2020_SaraG\u00f3mezConde.mp3?_=15\" \/><a href=\"http:\/\/www.sedyne.es\/wp-content\/uploads\/2020\/11\/24_Audio_SEDyNE_2020_SaraG\u00f3mezConde.mp3\">http:\/\/www.sedyne.es\/wp-content\/uploads\/2020\/11\/24_Audio_SEDyNE_2020_SaraG\u00f3mezConde.mp3<\/a><\/audio><\/td>\n<\/tr>\n<tr>\n<td style=\"text-align: left;\">\n<p>25.<a href=\"http:\/\/www.sedyne.es\/es\/congreso\/congreso-2020\/comunicaciones\/25_-poster-1\/\" rel=\"attachment wp-att-1538\"><img loading=\"lazy\" decoding=\"async\" class=\"alignnone wp-image-1538 size-thumbnail\" src=\"http:\/\/www.sedyne.es\/wp-content\/uploads\/2020\/11\/25_-Poster-1-150x150.jpg\" alt=\"\" width=\"150\" height=\"150\" \/><\/a><\/p>\n<p><audio class=\"wp-audio-shortcode\" id=\"audio-1380-16\" preload=\"none\" style=\"width: 100%;\" controls=\"controls\"><source type=\"audio\/mpeg\" src=\"http:\/\/www.sedyne.es\/wp-content\/uploads\/2020\/11\/25_P\u00f3ster-25.m4a?_=16\" \/><a href=\"http:\/\/www.sedyne.es\/wp-content\/uploads\/2020\/11\/25_P\u00f3ster-25.m4a\">http:\/\/www.sedyne.es\/wp-content\/uploads\/2020\/11\/25_P\u00f3ster-25.m4a<\/a><\/audio><\/td>\n<td style=\"text-align: left;\">\n<p>26.\u00a0<a href=\"http:\/\/www.sedyne.es\/es\/congreso\/congreso-2020\/comunicaciones\/26_sedyne-poster-1\/\" rel=\"attachment wp-att-1457\"><img loading=\"lazy\" decoding=\"async\" class=\"alignnone wp-image-1457 \" src=\"http:\/\/www.sedyne.es\/wp-content\/uploads\/2020\/11\/26_SEDYNE-POSTER-1-150x150.jpg\" alt=\"\" width=\"193\" height=\"193\" \/><\/a><\/p>\n<p><audio class=\"wp-audio-shortcode\" id=\"audio-1380-17\" preload=\"none\" style=\"width: 100%;\" controls=\"controls\"><source type=\"audio\/mpeg\" src=\"http:\/\/www.sedyne.es\/wp-content\/uploads\/2020\/11\/26_ESTUDIO-EPIDEMIOLOGICO-DE-LA-INCIDENCIA-DE-CANCER-DE-TIROIDES-EN-ESPA\u00d1A.SEDYNE.m4a?_=17\" \/><a href=\"http:\/\/www.sedyne.es\/wp-content\/uploads\/2020\/11\/26_ESTUDIO-EPIDEMIOLOGICO-DE-LA-INCIDENCIA-DE-CANCER-DE-TIROIDES-EN-ESPA\u00d1A.SEDYNE.m4a\">http:\/\/www.sedyne.es\/wp-content\/uploads\/2020\/11\/26_ESTUDIO-EPIDEMIOLOGICO-DE-LA-INCIDENCIA-DE-CANCER-DE-TIROIDES-EN-ESPA\u00d1A.SEDYNE.m4a<\/a><\/audio><\/td>\n<td style=\"text-align: left;\">\n<p>28.\u00a0<a href=\"http:\/\/www.sedyne.es\/es\/congreso\/congreso-2020\/comunicaciones\/28_comparacion-de-los-pacientes-normonutridos-al-ingreso-que-1\/\" rel=\"attachment wp-att-1458\"><img loading=\"lazy\" decoding=\"async\" class=\"alignnone wp-image-1458 size-thumbnail\" src=\"http:\/\/www.sedyne.es\/wp-content\/uploads\/2020\/11\/28_COMPARACI\u00d3N-DE-LOS-PACIENTES-NORMONUTRIDOS-AL-INGRESO-QUE-1-150x150.jpg\" alt=\"\" width=\"150\" height=\"150\" \/><\/a><\/p>\n<p><audio class=\"wp-audio-shortcode\" id=\"audio-1380-18\" preload=\"none\" style=\"width: 100%;\" controls=\"controls\"><source type=\"audio\/mpeg\" src=\"http:\/\/www.sedyne.es\/wp-content\/uploads\/2020\/11\/28_Grabaci\u00f3n.mp3?_=18\" \/><a href=\"http:\/\/www.sedyne.es\/wp-content\/uploads\/2020\/11\/28_Grabaci\u00f3n.mp3\">http:\/\/www.sedyne.es\/wp-content\/uploads\/2020\/11\/28_Grabaci\u00f3n.mp3<\/a><\/audio><\/td>\n<\/tr>\n<tr>\n<td style=\"text-align: left;\">\u00a029.<a href=\"http:\/\/www.sedyne.es\/es\/congreso\/congreso-2020\/comunicaciones\/29_plasmaferesis-en-hipertiroidismo-inducido-por-amiodarona-2\/\" rel=\"attachment wp-att-1462\"><img loading=\"lazy\" decoding=\"async\" class=\"alignnone wp-image-1462 \" src=\"http:\/\/www.sedyne.es\/wp-content\/uploads\/2020\/11\/29_PLASMAF\u00c9RESIS-EN-HIPERTIROIDISMO-INDUCIDO-POR-AMIODARONA-2-150x150.jpg\" alt=\"\" width=\"150\" height=\"150\" \/><\/a><audio class=\"wp-audio-shortcode\" id=\"audio-1380-19\" preload=\"none\" style=\"width: 100%;\" controls=\"controls\"><source type=\"audio\/mpeg\" src=\"http:\/\/www.sedyne.es\/wp-content\/uploads\/2020\/11\/29_plasmaferesis-en-hipertiroidismo-inducido-por-amiodarona_1.mp3?_=19\" \/><a href=\"http:\/\/www.sedyne.es\/wp-content\/uploads\/2020\/11\/29_plasmaferesis-en-hipertiroidismo-inducido-por-amiodarona_1.mp3\">http:\/\/www.sedyne.es\/wp-content\/uploads\/2020\/11\/29_plasmaferesis-en-hipertiroidismo-inducido-por-amiodarona_1.mp3<\/a><\/audio><\/td>\n<td style=\"text-align: left;\">30.<a href=\"http:\/\/www.sedyne.es\/es\/congreso\/congreso-2020\/comunicaciones\/30_poster-sedyne-alejandro-garcia-1\/\" rel=\"attachment wp-att-1463\"><img loading=\"lazy\" decoding=\"async\" class=\"alignnone wp-image-1463 size-thumbnail\" src=\"http:\/\/www.sedyne.es\/wp-content\/uploads\/2020\/11\/30_Poster-SEDYNE-Alejandro-Garcia-1-150x150.jpg\" alt=\"\" width=\"150\" height=\"150\" \/><\/a><audio class=\"wp-audio-shortcode\" id=\"audio-1380-20\" preload=\"none\" style=\"width: 100%;\" controls=\"controls\"><source type=\"audio\/mpeg\" src=\"http:\/\/www.sedyne.es\/wp-content\/uploads\/2020\/11\/30_Audio-Alejandro-Garcia-SEDYNE.mp3?_=20\" \/><a href=\"http:\/\/www.sedyne.es\/wp-content\/uploads\/2020\/11\/30_Audio-Alejandro-Garcia-SEDYNE.mp3\">http:\/\/www.sedyne.es\/wp-content\/uploads\/2020\/11\/30_Audio-Alejandro-Garcia-SEDYNE.mp3<\/a><\/audio><\/td>\n<td style=\"text-align: left;\">32.<a href=\"http:\/\/www.sedyne.es\/es\/congreso\/congreso-2020\/comunicaciones\/32_sedyne-mhnf-poster2-1\/\" rel=\"attachment wp-att-1464\"><img loading=\"lazy\" decoding=\"async\" class=\"alignnone wp-image-1464 size-thumbnail\" src=\"http:\/\/www.sedyne.es\/wp-content\/uploads\/2020\/11\/32_SEDYNE-MHNF-POSTER2-1-150x150.jpg\" alt=\"\" width=\"150\" height=\"150\" \/><\/a><audio class=\"wp-audio-shortcode\" id=\"audio-1380-21\" preload=\"none\" style=\"width: 100%;\" controls=\"controls\"><source type=\"audio\/mpeg\" src=\"http:\/\/www.sedyne.es\/wp-content\/uploads\/2020\/11\/32_Record-online-voice-recorder.com_.mp3?_=21\" \/><a href=\"http:\/\/www.sedyne.es\/wp-content\/uploads\/2020\/11\/32_Record-online-voice-recorder.com_.mp3\">http:\/\/www.sedyne.es\/wp-content\/uploads\/2020\/11\/32_Record-online-voice-recorder.com_.mp3<\/a><\/audio><\/td>\n<\/tr>\n<tr>\n<td style=\"text-align: left;\">\u00a033.\u00a0<a href=\"http:\/\/www.sedyne.es\/es\/congreso\/congreso-2020\/comunicaciones\/33_postersedyne_laura-saso-1\/\" rel=\"attachment wp-att-1485\"><img loading=\"lazy\" decoding=\"async\" class=\"alignnone wp-image-1485 \" src=\"http:\/\/www.sedyne.es\/wp-content\/uploads\/2020\/11\/33_PosterSedyNe_Laura-Saso-1-150x150.jpg\" alt=\"\" width=\"150\" height=\"150\" \/><\/a><audio class=\"wp-audio-shortcode\" id=\"audio-1380-22\" preload=\"none\" style=\"width: 100%;\" controls=\"controls\"><source type=\"audio\/mpeg\" src=\"http:\/\/www.sedyne.es\/wp-content\/uploads\/2020\/11\/33_audio-poster-Laura-Saso.mp3?_=22\" \/><a href=\"http:\/\/www.sedyne.es\/wp-content\/uploads\/2020\/11\/33_audio-poster-Laura-Saso.mp3\">http:\/\/www.sedyne.es\/wp-content\/uploads\/2020\/11\/33_audio-poster-Laura-Saso.mp3<\/a><\/audio><\/td>\n<td style=\"text-align: left;\">\u00a034.\u00a0<a href=\"http:\/\/www.sedyne.es\/es\/congreso\/congreso-2020\/comunicaciones\/34_indice-proliferativo-ki67-como-factor-predictor-de-carcinoma-hipofisario-poster-sedyne-1\/\" rel=\"attachment wp-att-1486\"><img loading=\"lazy\" decoding=\"async\" class=\"alignnone wp-image-1486 size-thumbnail\" src=\"http:\/\/www.sedyne.es\/wp-content\/uploads\/2020\/11\/34_I\u0301NDICE-PROLIFERATIVO-KI67-COMO-FACTOR-PREDICTOR-DE-CARCINOMA-HIPOFISARIO-poster-SEDyNE-1-150x150.jpg\" alt=\"\" width=\"150\" height=\"150\" \/><\/a><audio class=\"wp-audio-shortcode\" id=\"audio-1380-23\" preload=\"none\" style=\"width: 100%;\" controls=\"controls\"><source type=\"audio\/mpeg\" src=\"http:\/\/www.sedyne.es\/wp-content\/uploads\/2020\/11\/34_Nueva-grabaciA\u0303\u00b3n-online-audio-converter.com_.mp3?_=23\" \/><a href=\"http:\/\/www.sedyne.es\/wp-content\/uploads\/2020\/11\/34_Nueva-grabaciA\u0303\u00b3n-online-audio-converter.com_.mp3\">http:\/\/www.sedyne.es\/wp-content\/uploads\/2020\/11\/34_Nueva-grabaciA\u0303\u00b3n-online-audio-converter.com_.mp3<\/a><\/audio><\/td>\n<td style=\"text-align: left;\">35.\u00a0<a href=\"http:\/\/www.sedyne.es\/es\/congreso\/congreso-2020\/comunicaciones\/35_poster-sedyne-2020-1\/\" rel=\"attachment wp-att-1487\"><img loading=\"lazy\" decoding=\"async\" class=\"alignnone wp-image-1487 size-thumbnail\" src=\"http:\/\/www.sedyne.es\/wp-content\/uploads\/2020\/11\/35_POSTER-SEDyNE-2020-1-150x150.jpg\" alt=\"\" width=\"150\" height=\"150\" \/><\/a><audio class=\"wp-audio-shortcode\" id=\"audio-1380-24\" preload=\"none\" style=\"width: 100%;\" controls=\"controls\"><source type=\"audio\/mpeg\" src=\"http:\/\/www.sedyne.es\/wp-content\/uploads\/2020\/11\/35_Nov-24.-Defensa-p\u00f3ster-SEDyNE.mp3?_=24\" \/><a href=\"http:\/\/www.sedyne.es\/wp-content\/uploads\/2020\/11\/35_Nov-24.-Defensa-p\u00f3ster-SEDyNE.mp3\">http:\/\/www.sedyne.es\/wp-content\/uploads\/2020\/11\/35_Nov-24.-Defensa-p\u00f3ster-SEDyNE.mp3<\/a><\/audio><\/td>\n<\/tr>\n<tr>\n<td style=\"text-align: left;\">\u00a036.<a href=\"http:\/\/www.sedyne.es\/es\/congreso\/congreso-2020\/comunicaciones\/36_poster-final-pdf-1\/\" rel=\"attachment wp-att-1489\"><img loading=\"lazy\" decoding=\"async\" class=\"alignnone wp-image-1489 size-thumbnail\" src=\"http:\/\/www.sedyne.es\/wp-content\/uploads\/2020\/11\/36_poster-final-pdf-1-150x150.jpg\" alt=\"\" width=\"150\" height=\"150\" \/><\/a><audio class=\"wp-audio-shortcode\" id=\"audio-1380-25\" preload=\"none\" style=\"width: 100%;\" controls=\"controls\"><source type=\"audio\/mpeg\" src=\"http:\/\/www.sedyne.es\/wp-content\/uploads\/2020\/11\/36_AUD-20201103-WA0000.m4a?_=25\" \/><a href=\"http:\/\/www.sedyne.es\/wp-content\/uploads\/2020\/11\/36_AUD-20201103-WA0000.m4a\">http:\/\/www.sedyne.es\/wp-content\/uploads\/2020\/11\/36_AUD-20201103-WA0000.m4a<\/a><\/audio><\/td>\n<td style=\"text-align: left;\">\u00a038.<a href=\"http:\/\/www.sedyne.es\/es\/congreso\/congreso-2020\/comunicaciones\/38_poster-datos-clinicos-sedyne-2020-1\/\" rel=\"attachment wp-att-1490\"><img loading=\"lazy\" decoding=\"async\" class=\"alignnone wp-image-1490 size-thumbnail\" src=\"http:\/\/www.sedyne.es\/wp-content\/uploads\/2020\/11\/38_poster-DATOS-CL\u00cdNICOS-SEDYNE-2020-1-150x150.jpg\" alt=\"\" width=\"150\" height=\"150\" \/><\/a><audio class=\"wp-audio-shortcode\" id=\"audio-1380-26\" preload=\"none\" style=\"width: 100%;\" controls=\"controls\"><source type=\"audio\/mpeg\" src=\"http:\/\/www.sedyne.es\/wp-content\/uploads\/2020\/11\/38_Sds-cl\u00ednica.m4a?_=26\" \/><a href=\"http:\/\/www.sedyne.es\/wp-content\/uploads\/2020\/11\/38_Sds-cl\u00ednica.m4a\">http:\/\/www.sedyne.es\/wp-content\/uploads\/2020\/11\/38_Sds-cl\u00ednica.m4a<\/a><\/audio><\/td>\n<td style=\"text-align: left;\">\u00a039.<a href=\"http:\/\/www.sedyne.es\/es\/congreso\/congreso-2020\/comunicaciones\/39_poster-datos-psicosociales-2020-1\/\" rel=\"attachment wp-att-1491\"><img loading=\"lazy\" decoding=\"async\" class=\"alignnone wp-image-1491 size-thumbnail\" src=\"http:\/\/www.sedyne.es\/wp-content\/uploads\/2020\/11\/39_poster-DATOS-psicosociales-2020-1-150x150.jpg\" alt=\"\" width=\"150\" height=\"150\" \/><\/a><audio class=\"wp-audio-shortcode\" id=\"audio-1380-27\" preload=\"none\" style=\"width: 100%;\" controls=\"controls\"><source type=\"audio\/mpeg\" src=\"http:\/\/www.sedyne.es\/wp-content\/uploads\/2020\/11\/39_Qx-sds.m4a?_=27\" \/><a href=\"http:\/\/www.sedyne.es\/wp-content\/uploads\/2020\/11\/39_Qx-sds.m4a\">http:\/\/www.sedyne.es\/wp-content\/uploads\/2020\/11\/39_Qx-sds.m4a<\/a><\/audio><\/td>\n<\/tr>\n<tr>\n<td style=\"text-align: left;\">\u00a040.<a href=\"http:\/\/www.sedyne.es\/es\/congreso\/congreso-2020\/comunicaciones\/40_poster-tsh-y-peg-1\/\" rel=\"attachment wp-att-1494\"><img loading=\"lazy\" decoding=\"async\" class=\"alignnone wp-image-1494 size-thumbnail\" src=\"http:\/\/www.sedyne.es\/wp-content\/uploads\/2020\/11\/40_POSTER-TSH-Y-PEG-1-150x150.jpg\" alt=\"\" width=\"150\" height=\"150\" \/><\/a><audio class=\"wp-audio-shortcode\" id=\"audio-1380-28\" preload=\"none\" style=\"width: 100%;\" controls=\"controls\"><source type=\"audio\/mpeg\" src=\"http:\/\/www.sedyne.es\/wp-content\/uploads\/2020\/11\/40_Funci\u00f3n-tsh-peg.m4a?_=28\" \/><a href=\"http:\/\/www.sedyne.es\/wp-content\/uploads\/2020\/11\/40_Funci\u00f3n-tsh-peg.m4a\">http:\/\/www.sedyne.es\/wp-content\/uploads\/2020\/11\/40_Funci\u00f3n-tsh-peg.m4a<\/a><\/audio><\/td>\n<td style=\"text-align: left;\">41.<a href=\"http:\/\/www.sedyne.es\/es\/congreso\/congreso-2020\/comunicaciones\/41_dm-y-tca-1\/\" rel=\"attachment wp-att-1495\"><img loading=\"lazy\" decoding=\"async\" class=\"alignnone wp-image-1495 size-thumbnail\" src=\"http:\/\/www.sedyne.es\/wp-content\/uploads\/2020\/11\/41_DM-y-TCA-1-150x150.jpg\" alt=\"\" width=\"150\" height=\"150\" \/><\/a><audio class=\"wp-audio-shortcode\" id=\"audio-1380-29\" preload=\"none\" style=\"width: 100%;\" controls=\"controls\"><source type=\"audio\/mpeg\" src=\"http:\/\/www.sedyne.es\/wp-content\/uploads\/2020\/11\/41_Dm1-y-tca.m4a?_=29\" \/><a href=\"http:\/\/www.sedyne.es\/wp-content\/uploads\/2020\/11\/41_Dm1-y-tca.m4a\">http:\/\/www.sedyne.es\/wp-content\/uploads\/2020\/11\/41_Dm1-y-tca.m4a<\/a><\/audio><\/td>\n<td style=\"text-align: left;\">42.<a href=\"http:\/\/www.sedyne.es\/es\/congreso\/congreso-2020\/comunicaciones\/42_sedyne-2020-diabetes-gestacional-1\/\" rel=\"attachment wp-att-1496\"><img loading=\"lazy\" decoding=\"async\" class=\"alignnone wp-image-1496 size-thumbnail\" src=\"http:\/\/www.sedyne.es\/wp-content\/uploads\/2020\/11\/42_Sedyne-2020-diabetes-gestacional-1-150x150.jpg\" alt=\"\" width=\"150\" height=\"150\" \/><\/a><audio class=\"wp-audio-shortcode\" id=\"audio-1380-30\" preload=\"none\" style=\"width: 100%;\" controls=\"controls\"><source type=\"audio\/mpeg\" src=\"http:\/\/www.sedyne.es\/wp-content\/uploads\/2020\/11\/42_AUDIO-diabetes-gestacional.mp3?_=30\" \/><a href=\"http:\/\/www.sedyne.es\/wp-content\/uploads\/2020\/11\/42_AUDIO-diabetes-gestacional.mp3\">http:\/\/www.sedyne.es\/wp-content\/uploads\/2020\/11\/42_AUDIO-diabetes-gestacional.mp3<\/a><\/audio><\/td>\n<\/tr>\n<tr>\n<td style=\"text-align: left;\">44.<a href=\"http:\/\/www.sedyne.es\/es\/congreso\/congreso-2020\/comunicaciones\/44_sedyne_grado-control-ancianos-1\/\" rel=\"attachment wp-att-1497\"><img loading=\"lazy\" decoding=\"async\" class=\"alignnone wp-image-1497 \" src=\"http:\/\/www.sedyne.es\/wp-content\/uploads\/2020\/11\/44_Sedyne_GRADO-CONTROL-ANCIANOS-1-150x150.jpg\" alt=\"\" width=\"193\" height=\"193\" \/><\/a><audio class=\"wp-audio-shortcode\" id=\"audio-1380-31\" preload=\"none\" style=\"width: 100%;\" controls=\"controls\"><source type=\"audio\/mpeg\" src=\"http:\/\/www.sedyne.es\/wp-content\/uploads\/2020\/11\/44_recording-20201104-202228.mp3?_=31\" \/><a href=\"http:\/\/www.sedyne.es\/wp-content\/uploads\/2020\/11\/44_recording-20201104-202228.mp3\">http:\/\/www.sedyne.es\/wp-content\/uploads\/2020\/11\/44_recording-20201104-202228.mp3<\/a><\/audio><\/td>\n<td style=\"text-align: left;\">46.<a href=\"http:\/\/www.sedyne.es\/es\/congreso\/congreso-2020\/comunicaciones\/46_poster-sedyne-2020-1\/\" rel=\"attachment wp-att-1498\"><img loading=\"lazy\" decoding=\"async\" class=\"alignnone wp-image-1498 \" src=\"http:\/\/www.sedyne.es\/wp-content\/uploads\/2020\/11\/46_Po\u0301ster-SEDyNE-2020-1-150x150.jpg\" alt=\"\" width=\"150\" height=\"150\" \/><\/a><audio class=\"wp-audio-shortcode\" id=\"audio-1380-32\" preload=\"none\" style=\"width: 100%;\" controls=\"controls\"><source type=\"audio\/mpeg\" src=\"http:\/\/www.sedyne.es\/wp-content\/uploads\/2020\/11\/46_SEDyNE-2020.m4a?_=32\" \/><a href=\"http:\/\/www.sedyne.es\/wp-content\/uploads\/2020\/11\/46_SEDyNE-2020.m4a\">http:\/\/www.sedyne.es\/wp-content\/uploads\/2020\/11\/46_SEDyNE-2020.m4a<\/a><\/audio><\/td>\n<td><\/td>\n<\/tr>\n<\/tbody>\n<\/table>\n<table width=\"647\">\n<tbody>\n<tr>\n<td width=\"55\"><strong>C\u00f3digo<\/strong><\/td>\n<td width=\"592\"><strong>T\u00edtulo<\/strong><\/td>\n<\/tr>\n<tr>\n<td width=\"55\">1<\/td>\n<td width=\"592\">PREVALENCIA DE H\u00cdGADO GRASO NO ALCOH\u00d3LICO Y ESTEATOHEPATITIS EN PACIENTES CON DIABETES MELLITUS TIPO 2 BIEN CONTROLADA CON SOBREPESO Y OBESIDAD<\/td>\n<\/tr>\n<tr>\n<td width=\"55\">3<\/td>\n<td width=\"592\">FACTORES DE RIESGO CARDIOVASCULAR EN PACIENTES CON ACROMEGALIA: CURADOS vs NO CURADOS<\/td>\n<\/tr>\n<tr>\n<td width=\"55\">4<\/td>\n<td width=\"592\">RESULTADOS PONDERALES DE LA GASTROPLASTIA V\u00cdA ENDOSC\u00d3PICA TIPO APOLLO EN NUESTRO CENTRO.<\/td>\n<\/tr>\n<tr>\n<td width=\"55\">5<\/td>\n<td width=\"592\">DESPISTAJE DE LA RETINOPATIA DIABETICA MEDIANTE CAMARA NO MIDRIATICA EN EL AREA DE SALUD DE DONOSTIALDEA<\/td>\n<\/tr>\n<tr>\n<td width=\"55\">6<\/td>\n<td width=\"592\">\u00bfLA MONITORIZACI\u00d3N CONTINUA DE GLUCOSA MEJORA EL CONTROL METAB\u00d3LICO DE NUESTROS DIAB\u00c9TICOS?<\/td>\n<\/tr>\n<tr>\n<td width=\"55\">7<\/td>\n<td width=\"592\">ACROMEGALIA AGRESIVA COMO PRIMERA MANIFESTACI\u00d3N DE UN MEN 1<\/td>\n<\/tr>\n<tr>\n<td width=\"55\">8<\/td>\n<td width=\"592\">ACROMEGALIA CON RESPUESTA A TRATAMIENTO A ANAL\u00c1GOLOS DE SOMATOSTATINA DE SEGUNDA GENERACI\u00d3N<\/td>\n<\/tr>\n<tr>\n<td width=\"55\">10<\/td>\n<td width=\"592\">INTENSIFICACI\u00d3N CON DAPABLIFLOZINA O SITAGLIPTINA EN PACIENTES CON DIABETES MELLITUS TIPO 2. Resultados de eficacia en vida real. Suban\u00e1lis del estudio DAPA-RWE?<\/td>\n<\/tr>\n<tr>\n<td width=\"55\">11<\/td>\n<td width=\"592\">\u00bfLA HIPERGLUCEMIA TIENE IMPLICACIONES PRONOSTICAS EN URGENCIAS?<\/td>\n<\/tr>\n<tr>\n<td width=\"55\">14<\/td>\n<td width=\"592\">DIABETES MELLITUS TIPO 1: \u00bfCUANTO SABEN DE HIPOGLUCEMIA?<\/td>\n<\/tr>\n<tr>\n<td width=\"55\">15<\/td>\n<td width=\"592\">ENFERMEDAD DE GRAVES BASEDOW, LA ETIOLOG\u00cdA OLVIDADA EN EL DIAGN\u00d3STICO DIFERENCIAL DE UNA MASA MEDIAST\u00cdNICA ANTERIOR<\/td>\n<\/tr>\n<tr>\n<td width=\"55\">\u00a018<\/td>\n<td width=\"592\">\u00a0METASTASIS SUPRARRENAL: SUPERVIVENCIA TRAS LA CIRUG\u00cdA CON INTENCI\u00d3N CURATIVA<\/td>\n<\/tr>\n<tr>\n<td width=\"55\">\u00a019<\/td>\n<td width=\"592\">\u00a0CARCINOMA FOLICULAR DE TIROIDES VS CARCINOMA DE C\u00c9LULAS DE H\u00dcRTHLE: UNA CONFRONTACI\u00d3N CL\u00cdNICA A EXAMEN<\/td>\n<\/tr>\n<tr>\n<td width=\"55\">\u00a020<\/td>\n<td width=\"592\">\u00a0EXPERIENCIA EN VIDA REAL CON SEMAGLUTIDA EN EL TRATAMIENTO DE PACIENTES CON DIABETES MELLITUS TIPO 2<\/td>\n<\/tr>\n<tr>\n<td width=\"55\">\u00a024<\/td>\n<td width=\"592\">\u00a0NUEVAS MUTACIONES EN LA V\u00cdA DE LA PROTE\u00cdNA G ASOCIADA CON PSEUDOHIPOPARATIROIDISMO<\/td>\n<\/tr>\n<tr>\n<td width=\"55\">\u00a025<\/td>\n<td width=\"592\">\u00a0ESTUDIO PROSPECTIVO A 7 A\u00d1OS SOBRE LA INCIDENCIA Y FACTORES DE RIESGO DE DIABETES MELLITUS EN LA POBLACION DEL PAIS VASCO<\/td>\n<\/tr>\n<tr>\n<td width=\"55\">\u00a026<\/td>\n<td width=\"592\">\u00a0ESTUDIO EPIDEMIOL\u00d3GICO DE LA INCIDENCIA DE CANCER DE TIROIDES EN EL PA\u00cdS VASCO. SITUACI\u00d3N ACTUAL, EVOLUCI\u00d3N DURANTE LOS \u00daLTIMOS 20 A\u00d1OS Y COMPARATIVA CON EL RESTO DE ESPA\u00d1A.<\/td>\n<\/tr>\n<tr>\n<td width=\"55\">\u00a028<\/td>\n<td width=\"592\">\u00a0COMPARACI\u00d3N DE LOS PACIENTES NORMONUTRIDOS AL INGRESO QUE SE DESNUTREN DURANTE LA ESTANCIA HOSPITALARIA FRENTE A LOS QUE NO SE DESNUTREN EN UN GRUPO DE PACIENTES EN EL H. U. CRUCES.<\/td>\n<\/tr>\n<tr>\n<td width=\"55\">\u00a029<\/td>\n<td width=\"592\">\u00a0PLASMAF\u00c9RESIS EN HIPERTIROIDISMO INDUCIDO POR AMIODARONA<\/td>\n<\/tr>\n<tr>\n<td width=\"55\">\u00a030<\/td>\n<td width=\"592\">\u00a0NUEVA VARIANTE DEL GEN CNNM2 ASOCIADA CON HIPOMAGNESEMIA DOMINANTE<\/td>\n<\/tr>\n<tr>\n<td width=\"55\">\u00a032<\/td>\n<td width=\"592\">\u00a0MACROADENOMAS HIPOFISARIOS NO FUNCIONANTES (MHNF): CARACTER\u00cdSTICAS CL\u00cdNICAS Y RESULTADOS DEL TRATAMIENTO QUIR\u00daRGICO.<\/td>\n<\/tr>\n<tr>\n<td width=\"55\">\u00a033<\/td>\n<td width=\"592\">\u00a0DIAGN\u00d3STICO DE DIABETES MONOG\u00c9NICA NEONATAL: m\u00e1s de 10 a\u00f1os de experiencia<\/td>\n<\/tr>\n<tr>\n<td width=\"55\">\u00a034<\/td>\n<td width=\"592\">\u00a0\u00cdNDICE PROLIFERATIVO KI67 COMO FACTOR PREDICTOR DE CARCINOMA HIPOFISARIO<\/td>\n<\/tr>\n<tr>\n<td width=\"55\">\u00a035<\/td>\n<td width=\"592\">\u00a0PROGRESI\u00d3N DEL PORCENTAJE DE HIPOGLUCEMIAS, Y AN\u00c1LISIS DE ITEMS DE BUEN CONTROL DE DIABETES CON EL USO DE LA MONITORIZACI\u00d3N FLASH DE GLUCOSA.<\/td>\n<\/tr>\n<tr>\n<td width=\"55\">\u00a036<\/td>\n<td width=\"592\">\u00bf Q\u00da\u00c9 SABE\u00cdS DE LAS GASTROSTOM\u00cdAS??<\/td>\n<\/tr>\n<tr>\n<td width=\"55\">\u00a038<\/td>\n<td width=\"592\">ASPECTOS CL\u00cdNICOS ESTUDIO MULTIC\u00c9NTRICO EUSKADI EN MENORES CON DESARROLLO SEXUAL DIFERENTE<\/td>\n<\/tr>\n<tr>\n<td width=\"55\">\u00a039<\/td>\n<td width=\"592\">ESTUDIO MULTIC\u00c9NTRICO SDS \u2013 EUSKADI: Problemas socio-psicol\u00f3gicos<\/td>\n<\/tr>\n<tr>\n<td width=\"55\">\u00a040<\/td>\n<td width=\"592\">FUNCI\u00d3N TIROIDEA DE LOS NI\u00d1OS PEG. Diferencias y semejanzas con ni\u00f1os sanos.<\/td>\n<\/tr>\n<tr>\n<td width=\"55\">\u00a041<\/td>\n<td width=\"592\">TCA y DM1: una dualidad real y de riesgo<\/td>\n<\/tr>\n<tr>\n<td width=\"55\">\u00a042<\/td>\n<td width=\"592\">DIABETES GESTACIONAL EN DOS PASOS. Simplifiquemos.<\/td>\n<\/tr>\n<tr>\n<td width=\"55\">\u00a044<\/td>\n<td width=\"592\">\u00bfQU\u00c9 GRADO DE CONTROL PRESENTAN LOS ANCIANOS DE NUESTRA UNIDAD DE ATENCI\u00d3N PRIMARIA?<\/td>\n<\/tr>\n<tr>\n<td width=\"55\">\u00a046<\/td>\n<td width=\"592\">SUPLEMENTOS ORALES ELEMENTALES COMO TRATAMIENTO DE UNA DIARREA CR\u00d3NICA MULTIFACTORIAL<\/td>\n<\/tr>\n<\/tbody>\n<\/table>\n<p>&nbsp;<\/p>\n<p><strong>FECHA L\u00cdMITE DE RECEPCI\u00d3N DE RES\u00daMENES DE COMUNICACIONES:\u00a0 16-11-2020\u00a0 \u00a0<\/strong><\/p>\n<p>TODAS LAS COMUNICACIONES SE PRESENTAR\u00c1N A TRAV\u00c9S DE LA WEB<\/p>\n<p>Cada autor principal deber\u00e1 enviar, un documento tipo p\u00f3ster en PDF, adjuntando un audio en mp3 de un m\u00e1ximo de 3 minutos de duraci\u00f3n.<\/p>\n<p>&nbsp;<\/p>\n<p>&nbsp;<\/p>\n","protected":false},"excerpt":{"rendered":"<p>&nbsp; 1. 3. 4. 5. 6. 7. 8. 10. 11. 14.\u00a0 15. 18.\u00a0 19. 20. 24. 25. 26.\u00a0 28.\u00a0 \u00a029. 30. 32. \u00a033.\u00a0 \u00a034.\u00a0 35.\u00a0 \u00a036. \u00a038. \u00a039. \u00a040. 41. 42. 44. 46. C\u00f3digo T\u00edtulo 1 PREVALENCIA DE H\u00cdGADO GRASO NO ALCOH\u00d3LICO Y ESTEATOHEPATITIS EN PACIENTES CON DIABETES MELLITUS TIPO 2 BIEN CONTROLADA CON SOBREPESO [&hellip;]<\/p>\n","protected":false},"author":120,"featured_media":0,"parent":1371,"menu_order":3,"comment_status":"closed","ping_status":"closed","template":"","meta":{"footnotes":""},"class_list":["post-1380","page","type-page","status-publish","hentry"],"_links":{"self":[{"href":"https:\/\/www.sedyne.es\/es\/wp-json\/wp\/v2\/pages\/1380","targetHints":{"allow":["GET"]}}],"collection":[{"href":"https:\/\/www.sedyne.es\/es\/wp-json\/wp\/v2\/pages"}],"about":[{"href":"https:\/\/www.sedyne.es\/es\/wp-json\/wp\/v2\/types\/page"}],"author":[{"embeddable":true,"href":"https:\/\/www.sedyne.es\/es\/wp-json\/wp\/v2\/users\/120"}],"replies":[{"embeddable":true,"href":"https:\/\/www.sedyne.es\/es\/wp-json\/wp\/v2\/comments?post=1380"}],"version-history":[{"count":88,"href":"https:\/\/www.sedyne.es\/es\/wp-json\/wp\/v2\/pages\/1380\/revisions"}],"predecessor-version":[{"id":1565,"href":"https:\/\/www.sedyne.es\/es\/wp-json\/wp\/v2\/pages\/1380\/revisions\/1565"}],"up":[{"embeddable":true,"href":"https:\/\/www.sedyne.es\/es\/wp-json\/wp\/v2\/pages\/1371"}],"wp:attachment":[{"href":"https:\/\/www.sedyne.es\/es\/wp-json\/wp\/v2\/media?parent=1380"}],"curies":[{"name":"wp","href":"https:\/\/api.w.org\/{rel}","templated":true}]}}