{"id":2073,"date":"2022-07-21T13:46:23","date_gmt":"2022-07-21T12:46:23","guid":{"rendered":"https:\/\/www.sedyne.es\/?page_id=2073\/"},"modified":"2022-07-21T13:55:52","modified_gmt":"2022-07-21T12:55:52","slug":"comunicaciones","status":"publish","type":"page","link":"https:\/\/www.sedyne.es\/es\/congreso\/congreso-2022\/comunicaciones\/","title":{"rendered":"Comunicaciones 2022"},"content":{"rendered":"<p><strong>FECHA L\u00cdMITE DE RECEPCI\u00d3N DE RES\u00daMENES DE COMUNICACIONES:\u00a0 \u00a0 \u00a0<del>1<\/del><\/strong><strong><del>9-04-2022<\/del>\u00a0\u00a0\u00a0\u00a021-04-2022<\/strong><\/p>\n<p>TODOS LOS RES\u00daMENES SE PRESENTAR\u00c1N A TRAV\u00c9S DE LA WEB<\/p>\n<ul>\n<li>El resumen debe contener:\u00a0 Introducci\u00f3n, Metodolog\u00eda, Resultados y Conclusiones.<\/li>\n<li>M\u00e1ximo 4000 caracteres (con espacios). Tipo de letra: Arial 11.<\/li>\n<li>Los datos identificativos deben indicarse en el formulario.\u00a0 En ning\u00fan caso deben incluirse en el resumen. <strong>Si los coautores no se registran en el campo habilitado a tal fin dentro del formulario, no aparecer\u00e1n en el libro de comunicaciones y tampoco en los certificados<\/strong>.<\/li>\n<\/ul>\n<table style=\"height: 68px;\" width=\"300\">\n<tbody>\n<tr>\n<td>\n<h3 style=\"text-align: left;\"><span style=\"background-color: #3366ff; color: #ffffff;\"><strong><a href=\"https:\/\/tisa.teventos.com\/sedyne22\/es\/mods\/envio-de-comunicaciones\" target=\"_blank\" rel=\"noopener noreferrer\"><img loading=\"lazy\" decoding=\"async\" class=\"alignright wp-image-1885\" src=\"https:\/\/www.sedyne.es\/wp-content\/uploads\/2017\/10\/hacer-clic.png\" alt=\"\" width=\"67\" height=\"67\" srcset=\"https:\/\/www.sedyne.es\/wp-content\/uploads\/2017\/10\/hacer-clic.png 512w, https:\/\/www.sedyne.es\/wp-content\/uploads\/2017\/10\/hacer-clic-150x150.png 150w, https:\/\/www.sedyne.es\/wp-content\/uploads\/2017\/10\/hacer-clic-300x300.png 300w, https:\/\/www.sedyne.es\/wp-content\/uploads\/2017\/10\/hacer-clic-420x420.png 420w\" sizes=\"auto, (max-width: 67px) 100vw, 67px\" \/><\/a><\/strong><\/span><\/h3>\n<\/td>\n<td>\n<h3 style=\"text-align: center;\"><span style=\"color: #ffffff; background-color: #4d9ef0;\"><em><a style=\"color: #ffffff; background-color: #4d9ef0;\" href=\"https:\/\/tisa.teventos.com\/sedyne22\/es\/mods\/envio-de-comunicaciones\" target=\"_blank\" rel=\"noopener noreferrer\"><strong>ENVIAR RESUMEN<\/strong><\/a><\/em><\/span><\/h3>\n<\/td>\n<td>\n<h3 style=\"text-align: left;\"><span style=\"background-color: #3366ff; color: #ffffff;\"><strong><a href=\"https:\/\/tisa.teventos.com\/sedyne22\/es\/mods\/envio-de-comunicaciones\" target=\"_blank\" rel=\"noopener noreferrer\"><img loading=\"lazy\" decoding=\"async\" class=\"alignleft wp-image-1885\" src=\"https:\/\/www.sedyne.es\/wp-content\/uploads\/2017\/10\/hacer-clic.png\" alt=\"\" width=\"67\" height=\"67\" srcset=\"https:\/\/www.sedyne.es\/wp-content\/uploads\/2017\/10\/hacer-clic.png 512w, https:\/\/www.sedyne.es\/wp-content\/uploads\/2017\/10\/hacer-clic-150x150.png 150w, https:\/\/www.sedyne.es\/wp-content\/uploads\/2017\/10\/hacer-clic-300x300.png 300w, https:\/\/www.sedyne.es\/wp-content\/uploads\/2017\/10\/hacer-clic-420x420.png 420w\" sizes=\"auto, (max-width: 67px) 100vw, 67px\" \/><\/a><\/strong><\/span><\/h3>\n<\/td>\n<\/tr>\n<\/tbody>\n<\/table>\n<h6 style=\"text-align: left;\"><\/h6>\n<p style=\"text-align: left;\"><strong>Normas de PRESENTACI\u00d3N de Comunicaciones durante el Congreso:<br \/>\n<\/strong>Dispondr\u00e1 de 5 minutos para defender cada comunicaci\u00f3n.<br \/>\nPuede utilizar un m\u00e1ximo de 2 diapositivas (pps) para cada comunicaci\u00f3n.<\/p>\n<ul>\n<li>Diapositiva 1 &#8211; Material y m\u00e9todos<\/li>\n<li>Diapositiva 2 &#8211; Resultados y conclusiones<\/li>\n<\/ul>\n<hr \/>\n<p><strong>HORARIO, SALA Y ORDEN DE EXPOSICI\u00d3N de Comunicaciones durante el CONGRESO:<\/strong><\/p>\n<p><strong><span style=\"color: #3366ff;\">13:00 &#8211; 14:00 h.<\/span><\/strong><\/p>\n<table width=\"633\">\n<tbody>\n<tr>\n<td width=\"633\"><em><strong>Comunicaciones Orales 1 <\/strong><\/em><em>\u2013<\/em> <span style=\"color: #008000;\"><strong><u>Sal\u00f3n Franc\u00e9s<br \/>\n<\/u><\/strong><\/span><strong><span style=\"color: #008000;\">Moderadoras:<br \/>\n<\/span><\/strong><strong>Dra. Ihintza Larra\u00f1aga.\u00a0\u00a0<\/strong>Servicio de Endocrinolog\u00eda y Nutrici\u00f3n. Hospital Mendaro. OSI Debabarrena.<strong><br \/>\n<\/strong><strong>Dra. Carmela Teresa Manrique.\u00a0\u00a0<\/strong>Servicio de Endocrinolog\u00eda y Nutrici\u00f3n. Hospital Urduliz. OSI Uribe.<\/td>\n<\/tr>\n<\/tbody>\n<\/table>\n<p>&nbsp;<\/p>\n<table width=\"633\">\n<tbody>\n<tr>\n<td width=\"28\"><\/td>\n<td width=\"605\"><strong>T\u00edtulo<\/strong><\/td>\n<\/tr>\n<tr>\n<td width=\"28\">1<\/td>\n<td width=\"605\">La importancia de la educaci\u00f3n diabetol\u00f3gica en pacientes con resistencia a la insulina grave: a prop\u00f3sito, un caso.<\/td>\n<\/tr>\n<tr>\n<td width=\"28\">2<\/td>\n<td width=\"605\">Diagn\u00f3stico de desnutrici\u00f3n por criterios GLIM en pacientes ingresados en oncolog\u00eda, digestivo y cirug\u00eda de OSI Barrualde-Galdakao.<\/td>\n<\/tr>\n<tr>\n<td width=\"28\">3<\/td>\n<td width=\"605\">An\u00e1lisis cl\u00ednico de los pacientes ingresados por patolog\u00edas tumorales e inflamatorias en relaci\u00f3n a la desnutrici\u00f3n relacionada con la enfermedad.<\/td>\n<\/tr>\n<tr>\n<td width=\"28\">4<\/td>\n<td width=\"605\">Codificaci\u00f3n de desnutrici\u00f3n, sarcopenia, disfagia y gastrostom\u00eda en tres servicios del hospital Galdakao-Usansolo antes y durante la realizaci\u00f3n de un estudio de intervenci\u00f3n nutricional.<\/td>\n<\/tr>\n<tr>\n<td width=\"28\">5<\/td>\n<td width=\"605\">Tiroiditis subaguda tras vacuna ARNm contra COVID-19<\/td>\n<\/tr>\n<tr>\n<td width=\"28\">6<\/td>\n<td width=\"605\">Estudio observacional de eficacia del tratamiento con el agonista del receptor de GLP1, dulaglutide, en pacientes con Diabetes mellitus tipo 2: Estudio en vida real en consultas de Endocrinolog\u00eda.<\/td>\n<\/tr>\n<tr>\n<td width=\"28\">7<\/td>\n<td width=\"605\">Impacto sobre el control gluc\u00e9mico de la implementaci\u00f3n de sistemas de asa cerrada h\u00edbridos en pacientes con DM1 en nuestro medio.<\/td>\n<\/tr>\n<tr>\n<td width=\"28\">8<\/td>\n<td width=\"605\">\u00bfYo lipos? Nooooo.<\/td>\n<\/tr>\n<tr>\n<td width=\"28\">9<\/td>\n<td width=\"605\">Gesti\u00f3n de la funci\u00f3n tiroidea durante el embarazo: Resultados obst\u00e9trico-perinatales.<\/td>\n<\/tr>\n<tr>\n<td width=\"28\">10<\/td>\n<td width=\"605\">Lipodistrofia parcial familiar tipo 2 o S\u00edndrome de Dunnigan: caso cl\u00ednico<\/td>\n<\/tr>\n<tr>\n<td width=\"28\">11<\/td>\n<td width=\"605\">Carcinoma diferenciado de tiroides (CDT): \u00bfirve la tiroglobulina (Tg) postoperatoria como factor para predecir la recidiva a largo plazo?<\/td>\n<\/tr>\n<\/tbody>\n<\/table>\n<p>&nbsp;<\/p>\n<p><strong><span style=\"color: #3366ff;\">13:00 &#8211; 14:00 h.<\/span><\/strong><\/p>\n<table width=\"633\">\n<tbody>\n<tr>\n<td width=\"633\"><em><strong>Comunicaciones Orales 2\u00a0<\/strong><\/em><em>\u2013<\/em>\u00a0<span style=\"color: #008000;\"><strong><u><span style=\"color: #ff6600;\">Sal\u00f3n M\u00fasica<\/span><br \/>\n<\/u><\/strong><\/span><strong><span style=\"color: #008000;\">Moderadores:<br \/>\n<\/span><\/strong><strong>Dr. V\u00edctor de Diego.\u00a0\u00a0<\/strong>Servicio de Endocrinolog\u00eda y Nutrici\u00f3n. Hospital Universitario Araba. OSI Araba.<strong><br \/>\n<\/strong><strong>Dra. Leire Agea.\u00a0\u00a0<\/strong>Servicio de Endocrinolog\u00eda y Nutrici\u00f3n. Hospital Universitario Araba. OSI Araba.<\/td>\n<\/tr>\n<\/tbody>\n<\/table>\n<p>&nbsp;<\/p>\n<table width=\"633\">\n<tbody>\n<tr>\n<td width=\"28\"><\/td>\n<td width=\"605\"><strong>T\u00edtulo<\/strong><\/td>\n<\/tr>\n<tr>\n<td width=\"28\">12<\/td>\n<td width=\"605\">Miopat\u00eda necrotizante: El precio de la estatinizaci\u00f3n masiva.<\/td>\n<\/tr>\n<tr>\n<td width=\"28\">13<\/td>\n<td width=\"605\">Ablaci\u00f3n por radiofrecuencia como tratamiento del hiperparatiroidismo primario. A prop\u00f3sito de un caso.<\/td>\n<\/tr>\n<tr>\n<td width=\"28\">14<\/td>\n<td width=\"605\">M\u00e1s all\u00e1 del IMC: Valoraci\u00f3n morfofuncional de los pacientes con distrofia miot\u00f3nica tipo 1 y su relaci\u00f3n con la escala MIRS.<\/td>\n<\/tr>\n<tr>\n<td width=\"28\">15<\/td>\n<td width=\"605\">Actividad de la unidad de Nutrici\u00f3n Cl\u00ednica del H.U. Basurto desde su creaci\u00f3n<\/td>\n<\/tr>\n<tr>\n<td width=\"28\">16<\/td>\n<td width=\"605\">Nutrici\u00f3n parenteral paliativa.<\/td>\n<\/tr>\n<tr>\n<td width=\"28\">17<\/td>\n<td width=\"605\">Locura mixedematosa: a prop\u00f3sito de un caso.<\/td>\n<\/tr>\n<tr>\n<td width=\"28\">18<\/td>\n<td width=\"605\">Caso cl\u00ednico: Sepsis estafiloc\u00f3cica relacionada con el dispositivo FREESTYLE LIBRE.<\/td>\n<\/tr>\n<tr>\n<td width=\"28\">19<\/td>\n<td width=\"605\">Adecuaci\u00f3n del control metab\u00f3lico y tratamiento en pacientes ancianos con DM2 en funci\u00f3n de su capacidad funcional y comorbilidad. COMETA-DM. Descripci\u00f3n de la poblaci\u00f3n a estudio.<\/td>\n<\/tr>\n<tr>\n<td width=\"28\">20<\/td>\n<td width=\"605\">Cambios de tendencia en las caracter\u00edsticas demogr\u00e1ficas y morbilidad de la poblaci\u00f3n transg\u00e9nero de Euskadi<\/td>\n<\/tr>\n<tr>\n<td width=\"28\">21<\/td>\n<td width=\"605\">Diabetes ins\u00edpida central familiar.<\/td>\n<\/tr>\n<tr>\n<td width=\"28\">22<\/td>\n<td width=\"605\">Fiabilidad del \u00edndice de Viteri como m\u00e9todo de estimaci\u00f3n del peso corporal.<\/td>\n<\/tr>\n<\/tbody>\n<\/table>\n<p>&nbsp;<\/p>\n<p><strong>Recuerde tener su comunicaci\u00f3n previamente cargada en el ordenador de la sala que le corresponde, por favor. Puede hacerlo antes del inicio de las conferencias y en la pausa caf\u00e9.<\/strong><\/p>\n<p><strong>Secretar\u00eda<br \/>\n<\/strong>Tisa Congresos &#8211; Tel. \u00a0944 243 997\u00a0<a href=\"mailto:sedyne@tisasa.es\">sedyne@tisasa.es<\/a><\/p>\n","protected":false},"excerpt":{"rendered":"<p>FECHA L\u00cdMITE DE RECEPCI\u00d3N DE RES\u00daMENES DE COMUNICACIONES:\u00a0 \u00a0 \u00a019-04-2022\u00a0\u00a0\u00a0\u00a021-04-2022 TODOS LOS RES\u00daMENES SE PRESENTAR\u00c1N A TRAV\u00c9S DE LA WEB El resumen debe contener:\u00a0 Introducci\u00f3n, Metodolog\u00eda, Resultados y Conclusiones. M\u00e1ximo 4000 caracteres (con espacios). Tipo de letra: Arial 11. Los datos identificativos deben indicarse en el formulario.\u00a0 En ning\u00fan caso deben incluirse en el resumen. [&hellip;]<\/p>\n","protected":false},"author":121,"featured_media":0,"parent":2060,"menu_order":3,"comment_status":"closed","ping_status":"closed","template":"","meta":{"footnotes":""},"class_list":["post-2073","page","type-page","status-publish","hentry"],"_links":{"self":[{"href":"https:\/\/www.sedyne.es\/es\/wp-json\/wp\/v2\/pages\/2073","targetHints":{"allow":["GET"]}}],"collection":[{"href":"https:\/\/www.sedyne.es\/es\/wp-json\/wp\/v2\/pages"}],"about":[{"href":"https:\/\/www.sedyne.es\/es\/wp-json\/wp\/v2\/types\/page"}],"author":[{"embeddable":true,"href":"https:\/\/www.sedyne.es\/es\/wp-json\/wp\/v2\/users\/121"}],"replies":[{"embeddable":true,"href":"https:\/\/www.sedyne.es\/es\/wp-json\/wp\/v2\/comments?post=2073"}],"version-history":[{"count":1,"href":"https:\/\/www.sedyne.es\/es\/wp-json\/wp\/v2\/pages\/2073\/revisions"}],"predecessor-version":[{"id":2075,"href":"https:\/\/www.sedyne.es\/es\/wp-json\/wp\/v2\/pages\/2073\/revisions\/2075"}],"up":[{"embeddable":true,"href":"https:\/\/www.sedyne.es\/es\/wp-json\/wp\/v2\/pages\/2060"}],"wp:attachment":[{"href":"https:\/\/www.sedyne.es\/es\/wp-json\/wp\/v2\/media?parent=2073"}],"curies":[{"name":"wp","href":"https:\/\/api.w.org\/{rel}","templated":true}]}}