{"id":2356,"date":"2023-10-26T17:12:25","date_gmt":"2023-10-26T16:12:25","guid":{"rendered":"https:\/\/www.sedyne.es\/?page_id=2356\/"},"modified":"2023-10-26T17:17:36","modified_gmt":"2023-10-26T16:17:36","slug":"presentacion-y-comites","status":"publish","type":"page","link":"https:\/\/www.sedyne.es\/es\/congreso\/congreso-2023\/presentacion-y-comites\/","title":{"rendered":"Presentaci\u00f3n y comit\u00e9s 2023"},"content":{"rendered":"<h3><strong>XXIV Congreso<\/strong>\u00a0de la Sociedad de Endocrinolog\u00eda, Diabetes y Nutrici\u00f3n de Euskadi<\/h3>\n<h2><\/h2>\n<p>Estimad@s soci@s y amig@s,<\/p>\n<p>Cumpliendo el encargo de la Junta Directiva de la Sociedad de Endocrinolog\u00eda, Diabetes y Nutrici\u00f3n de Euskadi (SEDyNE) nos disponemos a organizar su Congreso anual, Congreso que en esta edici\u00f3n alcanzar\u00e1 el respetable n\u00famero de XXIV y que tendr\u00e1 lugar el pr\u00f3ximo d\u00eda\u00a0<strong>10 de marzo de 2023<\/strong>\u00a0en el Palacio Euskalduna de Bilbao.<\/p>\n<p>Este Congreso siempre ha sido el punto de reuni\u00f3n de todos los que trabajamos en los diferentes campos de la Endocrinolog\u00eda y Nutrici\u00f3n en el Pa\u00eds Vasco. En \u00e9l podemos compartir nuestras experiencias profesionales, reencontrarnos con antiguos conocidos e introducir a las nuevas generaciones de endocrin\u00f3logos en nuestra \u00e1rea de conocimiento.<\/p>\n<p>Para seguir cumpliendo con estos objetivos hemos desarrollado un programa siguiendo las directrices de previos congresos. El congreso se celebra un \u00fanico d\u00eda para facilitar la m\u00e1xima asistencia al mismo, en sesiones de ma\u00f1ana y tarde, combinando conferencias magistrales y mesas redondas, tanto comunes para todos los asistentes al congreso, como simult\u00e1neas para cubrir los distintos perfiles profesionales de nuestros socios. Igualmente se reserva un espacio para presentaci\u00f3n de los trabajos cient\u00edficos elaborados por los miembros de SEDyNE.<\/p>\n<p>No se nos puede olvidar manifestar nuestro agradecimiento a los patrocinadores, que cada a\u00f1o, con sus contribuciones, facilitan y hacen posible esta reuni\u00f3n cient\u00edfica.<\/p>\n<p>Esperamos que el programa que hemos elaborado con nuestra mayor ilusi\u00f3n os resulte atractivo y volvamos a reunirnos toda la Endocrinolog\u00eda y Nutrici\u00f3n.<\/p>\n<p style=\"text-align: center;\"><strong>Fco. Javier Santamar\u00eda Sandi<br \/>\n<\/strong>Batzorde Antolatzailearen Zuzendaria<strong><br \/>\n<\/strong>Presidente del Comit\u00e9 Organizador<\/p>\n<table>\n<tbody>\n<tr>\n<td style=\"vertical-align: top;\">\n<h3>COMIT\u00c9 ORGANIZADOR<\/h3>\n<p>Presidente:<br \/>\n<strong>Fco. Javier Santamaria Sandi<\/strong><\/p>\n<p>Secretaria:<br \/>\n<strong>Elsa Fern\u00e1ndez Rubio<\/strong><\/p>\n<p>Tesorera:<br \/>\n<strong>Pedro Gonz\u00e1lez Fern\u00e1ndez<br \/>\n<\/strong><\/p>\n<p>Vocales:<br \/>\n<strong>Luis Casta\u00f1o Gonz\u00e1lez<\/strong><strong><br \/>\n<\/strong><strong>M\u00aa Carmen Fern\u00e1ndez L\u00f3pez<br \/>\n<\/strong><strong>Amaya Hidalgo Murillo<br \/>\n<\/strong><strong>Rosa Mart\u00ednez Salazar<br \/>\n<\/strong><strong>Itxaso Rica Echevarr\u00eda<br \/>\n<\/strong><strong>Rebeca S\u00e1nchez S\u00e1nchez<br \/>\n<\/strong><strong>Amaya Vela Desojo<\/strong><\/td>\n<td style=\"vertical-align: top;\">\n<h3>COMIT\u00c9 CIENT\u00cdFICO<\/h3>\n<p>Presidenta:<br \/>\n<strong>Yolanda Garc\u00eda Fern\u00e1ndez<\/strong><\/p>\n<p>Secretaria:<br \/>\n<strong>M\u00aa Carmen Fern\u00e1ndez L\u00f3pez<\/strong><\/p>\n<p>Vocales:<br \/>\n<strong>Luis Casta\u00f1o Gonz\u00e1lez<\/strong><strong><br \/>\n<\/strong><strong>Elsa Fern\u00e1ndez Rubio<br \/>\n<\/strong><strong>Pedro Gonz\u00e1lez Fern\u00e1ndez<br \/>\n<\/strong><strong>Amaya Hidalgo Murillo<br \/>\n<\/strong><strong>Rosa Mart\u00ednez Salazar<br \/>\n<\/strong><strong>Itxaso Rica Echevarr\u00eda<br \/>\n<\/strong><strong>Rebeca S\u00e1nchez S\u00e1nchez<br \/>\n<\/strong><strong>Fco. Javier Santamaria Sandi<br \/>\n<\/strong><strong>Amaya Vela Desojo<br \/>\nMarta Camarero\u00a0<\/strong><\/td>\n<\/tr>\n<\/tbody>\n<\/table>\n<h2><\/h2>\n","protected":false},"excerpt":{"rendered":"<p>XXIV Congreso\u00a0de la Sociedad de Endocrinolog\u00eda, Diabetes y Nutrici\u00f3n de Euskadi Estimad@s soci@s y amig@s, Cumpliendo el encargo de la Junta Directiva de la Sociedad de Endocrinolog\u00eda, Diabetes y Nutrici\u00f3n de Euskadi (SEDyNE) nos disponemos a organizar su Congreso anual, Congreso que en esta edici\u00f3n alcanzar\u00e1 el respetable n\u00famero de XXIV y que tendr\u00e1 lugar [&hellip;]<\/p>\n","protected":false},"author":120,"featured_media":0,"parent":2353,"menu_order":0,"comment_status":"closed","ping_status":"closed","template":"","meta":{"footnotes":""},"class_list":["post-2356","page","type-page","status-publish","hentry"],"_links":{"self":[{"href":"https:\/\/www.sedyne.es\/es\/wp-json\/wp\/v2\/pages\/2356","targetHints":{"allow":["GET"]}}],"collection":[{"href":"https:\/\/www.sedyne.es\/es\/wp-json\/wp\/v2\/pages"}],"about":[{"href":"https:\/\/www.sedyne.es\/es\/wp-json\/wp\/v2\/types\/page"}],"author":[{"embeddable":true,"href":"https:\/\/www.sedyne.es\/es\/wp-json\/wp\/v2\/users\/120"}],"replies":[{"embeddable":true,"href":"https:\/\/www.sedyne.es\/es\/wp-json\/wp\/v2\/comments?post=2356"}],"version-history":[{"count":1,"href":"https:\/\/www.sedyne.es\/es\/wp-json\/wp\/v2\/pages\/2356\/revisions"}],"predecessor-version":[{"id":2358,"href":"https:\/\/www.sedyne.es\/es\/wp-json\/wp\/v2\/pages\/2356\/revisions\/2358"}],"up":[{"embeddable":true,"href":"https:\/\/www.sedyne.es\/es\/wp-json\/wp\/v2\/pages\/2353"}],"wp:attachment":[{"href":"https:\/\/www.sedyne.es\/es\/wp-json\/wp\/v2\/media?parent=2356"}],"curies":[{"name":"wp","href":"https:\/\/api.w.org\/{rel}","templated":true}]}}