{"id":2820,"date":"2024-10-31T09:13:17","date_gmt":"2024-10-31T08:13:17","guid":{"rendered":"https:\/\/www.sedyne.es\/?page_id=2820\/"},"modified":"2025-12-11T10:28:44","modified_gmt":"2025-12-11T09:28:44","slug":"presentacion-y-comites-2025","status":"publish","type":"page","link":"https:\/\/www.sedyne.es\/es\/presentacion-y-comites-2025\/","title":{"rendered":"Presentaci\u00f3n y comit\u00e9s 2025"},"content":{"rendered":"<h3><strong>XXV Congreso<\/strong> de la Sociedad de Endocrinolog\u00eda, Diabetes y Nutrici\u00f3n de Euskadi<\/h3>\n<h2><\/h2>\n<p>Estimad@s soci@s y amig@s,<\/p>\n<p>Cumpliendo el encargo de la Junta Directiva de la Sociedad de Endocrinolog\u00eda, Diabetes y Nutrici\u00f3n de Euskadi (SEDyNE) nos disponemos a organizar su Congreso anual, Congreso que en esta edici\u00f3n alcanzar\u00e1 el respetable n\u00famero de XXV y que tendr\u00e1 lugar el pr\u00f3ximo d\u00eda\u00a0<strong>15 de marzo de 2024<\/strong>\u00a0en Bizkaia Aretoa, UPV\/EHU.<\/p>\n<p>Este Congreso siempre ha sido el punto de reuni\u00f3n de todos los que trabajamos en los diferentes campos de la Endocrinolog\u00eda y Nutrici\u00f3n en el Pa\u00eds Vasco. En \u00e9l podemos compartir nuestras experiencias profesionales, reencontrarnos con antiguos conocidos e introducir a las nuevas generaciones de endocrin\u00f3logos en nuestra \u00e1rea de conocimiento.<\/p>\n<p>Para seguir cumpliendo con estos objetivos hemos desarrollado un programa siguiendo las directrices de previos congresos. El congreso se celebra un \u00fanico d\u00eda para facilitar la m\u00e1xima asistencia al mismo, en sesiones de ma\u00f1ana y tarde, combinando conferencias magistrales y mesas redondas, tanto comunes para todos los asistentes al congreso, como simult\u00e1neas para cubrir los distintos perfiles profesionales de nuestros socios. Igualmente se reserva un espacio para presentaci\u00f3n de los trabajos cient\u00edficos elaborados por los miembros de SEDyNE.<\/p>\n<p>No se nos puede olvidar manifestar nuestro agradecimiento a los patrocinadores, que cada a\u00f1o, con sus contribuciones, facilitan y hacen posible esta reuni\u00f3n cient\u00edfica.<\/p>\n<p>Esperamos que el programa que hemos elaborado con nuestra mayor ilusi\u00f3n os resulte atractivo y volvamos a reunirnos toda la Endocrinolog\u00eda y Nutrici\u00f3n.<\/p>\n<p style=\"text-align: center;\"><strong>Amelia Oleaga Alday<br \/>\n<\/strong>Batzorde Antolatzailearen Zuzendaria<strong><br \/>\n<\/strong>Presidente del Comit\u00e9 Organizador<\/p>\n<table>\n<tbody>\n<tr>\n<td style=\"vertical-align: top;\">\n<h3>COMIT\u00c9 ORGANIZADOR<\/h3>\n<p>Presidenta &#8211; Presidentea:<br \/>\n<strong>Amelia Oleaga Alday<\/strong><\/p>\n<p>Secretaria &#8211; Idazkaria:<br \/>\n<strong>Elsa Fern\u00e1ndez Rubio<\/strong><\/p>\n<p>Tesorera &#8211; Diruzaina:<strong><br \/>\nAna Izuzquiza Echezarreta<br \/>\n<\/strong><\/p>\n<p>Vocales &#8211; Batzordekideak:<br \/>\n<strong>Fernando Go\u00f1i Goicoechea<br \/>\n<\/strong><strong>Miguel Paja Fano<br \/>\nJavier Espiga Alzola<br \/>\nEst\u00edbaliz Ugarte Ab\u00e1solo<br \/>\nAitzol Lizarraga Zufiaurre<br \/>\nNatalia Iglesias Hern\u00e1ndez<br \/>\nEider Etxebarria Martin<br \/>\nLaura Calles Romero<br \/>\nVanessa Arosa Carril<br \/>\nTeresa Garay Rubio<\/strong><\/td>\n<td style=\"vertical-align: top;\">\n<h3>COMIT\u00c9 CIENT\u00cdFICO<\/h3>\n<p>Presidenta &#8211; Presidentea:<br \/>\n<strong>Yolanda Garc\u00eda Fern\u00e1ndez<\/strong><\/p>\n<p>Secretaria &#8211; Idazkaria:<br \/>\n<strong>M\u00aa Carmen Fern\u00e1ndez L\u00f3pez<\/strong><\/p>\n<p>Vocales &#8211; Batzordekideak:<br \/>\n<strong>Cristina Moreno Rengel<br \/>\n<\/strong><strong>Ana Izuzquiza Echezarreta<br \/>\nAmelia Oleaga Alday<br \/>\nNatalia Iglesias Hern\u00e1ndez<br \/>\nMarta Camarero<br \/>\nMaite Guim\u00f3n<br \/>\nJosu P\u00e9rez<\/strong><\/td>\n<\/tr>\n<\/tbody>\n<\/table>\n<h2><\/h2>\n","protected":false},"excerpt":{"rendered":"<p>XXV Congreso de la Sociedad de Endocrinolog\u00eda, Diabetes y Nutrici\u00f3n de Euskadi Estimad@s soci@s y amig@s, Cumpliendo el encargo de la Junta Directiva de la Sociedad de Endocrinolog\u00eda, Diabetes y Nutrici\u00f3n de Euskadi (SEDyNE) nos disponemos a organizar su Congreso anual, Congreso que en esta edici\u00f3n alcanzar\u00e1 el respetable n\u00famero de XXV y que tendr\u00e1 [&hellip;]<\/p>\n","protected":false},"author":120,"featured_media":0,"parent":0,"menu_order":0,"comment_status":"closed","ping_status":"closed","template":"","meta":{"footnotes":""},"class_list":["post-2820","page","type-page","status-publish","hentry"],"_links":{"self":[{"href":"https:\/\/www.sedyne.es\/es\/wp-json\/wp\/v2\/pages\/2820","targetHints":{"allow":["GET"]}}],"collection":[{"href":"https:\/\/www.sedyne.es\/es\/wp-json\/wp\/v2\/pages"}],"about":[{"href":"https:\/\/www.sedyne.es\/es\/wp-json\/wp\/v2\/types\/page"}],"author":[{"embeddable":true,"href":"https:\/\/www.sedyne.es\/es\/wp-json\/wp\/v2\/users\/120"}],"replies":[{"embeddable":true,"href":"https:\/\/www.sedyne.es\/es\/wp-json\/wp\/v2\/comments?post=2820"}],"version-history":[{"count":3,"href":"https:\/\/www.sedyne.es\/es\/wp-json\/wp\/v2\/pages\/2820\/revisions"}],"predecessor-version":[{"id":3550,"href":"https:\/\/www.sedyne.es\/es\/wp-json\/wp\/v2\/pages\/2820\/revisions\/3550"}],"wp:attachment":[{"href":"https:\/\/www.sedyne.es\/es\/wp-json\/wp\/v2\/media?parent=2820"}],"curies":[{"name":"wp","href":"https:\/\/api.w.org\/{rel}","templated":true}]}}