{"id":477,"date":"2017-10-25T19:04:29","date_gmt":"2017-10-25T18:04:29","guid":{"rendered":"http:\/\/www.sedyne.es\/?page_id=477\/"},"modified":"2024-10-30T13:01:15","modified_gmt":"2024-10-30T12:01:15","slug":"programa-2","status":"publish","type":"page","link":"https:\/\/www.sedyne.es\/es\/congreso\/congreso-2024\/programa-2\/","title":{"rendered":"Programa"},"content":{"rendered":"<h2><strong>XXVI Congreso<\/strong>\u00a0de la Sociedad de Endocrinolog\u00eda, Diabetes\u00a0y Nutrici\u00f3n de Euskadi<\/h2>\n<h4><span style=\"color: #3366ff;\"><em>Vitoria-Gasteiz, Palacio de Congresos Europa.<\/em><\/span><\/h4>\n<h5><span style=\"color: #008000;\"><strong>15 de Marzo de 2025,\u00a0Vitoria-Gasteiz<\/strong><\/span><\/h5>\n<h5><\/h5>\n<table>\n<tbody>\n<tr>\n<td width=\"18%\"><\/td>\n<td><\/td>\n<td style=\"text-align: right;\"><\/td>\n<\/tr>\n<tr>\n<td width=\"18%\"><strong>08:30- 09:00 h.<\/strong><\/td>\n<td><strong>Recogida de documentaci\u00f3n.<\/strong><\/td>\n<td style=\"text-align: center;\">\u00a0<span style=\"color: #993300;\">Hall<\/span><\/td>\n<\/tr>\n<tr>\n<td><strong>09:00-09:15 h.<\/strong><\/td>\n<td><strong>Inauguraci\u00f3n oficial.<\/strong><\/td>\n<td style=\"text-align: center;\">\u00a0<span style=\"color: #339966;\">M\u00aa Maeztu<\/span><\/td>\n<\/tr>\n<tr>\n<td><strong>09:15-09:45 h.<\/strong><\/td>\n<td><strong>Conferencia inaugural.<\/strong><strong><span style=\"color: #3366ff;\"><br \/>\n<\/span><\/strong><\/td>\n<td style=\"text-align: center;\"><span style=\"color: #339966;\">M\u00aa\u00a0Maeztu<\/span><\/td>\n<\/tr>\n<tr>\n<td><\/td>\n<td><strong><span style=\"color: #008000;\">Presenta:<\/span> <span style=\"color: #3366ff;\">Dra. Maider S\u00e1nchez.\u00a0<\/span><\/strong><span style=\"color: #3366ff;\"><span style=\"color: #000000;\">Hospital Universitario Araba.<\/span><\/span><strong><br \/>\n<\/strong><strong>Escuchar a un campe\u00f3n. Nutrici\u00f3n en el deporte. <span style=\"color: #3366ff;\">D. Mart\u00edn Fiz,\u00a0<\/span><\/strong><span style=\"color: #000000;\">campe\u00f3n del mundo en marat\u00f3n.<\/span><\/td>\n<td style=\"text-align: center;\"><\/td>\n<\/tr>\n<tr>\n<td><strong>09:50-10:50 h.<\/strong><\/td>\n<td><span style=\"color: #000000;\"><strong>Mesa redonda conjunta<\/strong><\/span><\/td>\n<td style=\"text-align: center;\"><span style=\"color: #339966;\">M\u00aa\u00a0Maeztu<\/span><\/td>\n<\/tr>\n<tr>\n<td><\/td>\n<td><\/td>\n<td style=\"text-align: center;\"><\/td>\n<\/tr>\n<tr>\n<td style=\"text-align: left;\">09:50h<\/td>\n<td><strong>Tecnolog\u00eda en el \u00e1mbito hospitalario.<br \/>\n<span style=\"color: #3366ff;\">Dr. Mart\u00edn Cuesta Hern\u00e1ndez. <\/span><\/strong><span style=\"color: #000000;\">Hospital Cl\u00ednico San Carlos, Madrid.<\/span><\/td>\n<td style=\"text-align: right;\"><\/td>\n<\/tr>\n<tr>\n<td>10:10 h.<\/td>\n<td><strong>Dieta muy baja en hidratos de carbono en Diabetes Mellitus tipo 1.<\/strong><br \/>\n<span style=\"color: #3366ff;\"><strong>D. Seraf\u00edn Murillo,<\/strong><\/span> dietista-nutricionista. Hospital San Juan de Dios, Barcelona.<\/td>\n<td><\/td>\n<\/tr>\n<tr>\n<td>10:30 h.<\/td>\n<td>Discusi\u00f3n.<\/td>\n<td><\/td>\n<\/tr>\n<tr>\n<td><span style=\"color: #993300;\"><strong>10:50-11:20 h.<\/strong><\/span><\/td>\n<td><span style=\"color: #993300;\"><strong>Caf\u00e9.<\/strong><\/span><\/td>\n<td style=\"text-align: center;\"><span style=\"color: #993300;\">Almudena Cid<\/span><\/td>\n<\/tr>\n<tr>\n<td><span style=\"color: #000000;\"><strong>11:20-12:50 h.<\/strong><\/span><\/td>\n<td><span style=\"color: #000000;\"><strong>Mesa Redonda 1<em>.<\/em><\/strong><\/span><\/td>\n<td style=\"text-align: center;\"><span style=\"color: #339966;\">M\u00aa\u00a0Maeztu<\/span><\/td>\n<\/tr>\n<tr>\n<td><\/td>\n<td><strong><span style=\"color: #3366ff;\">\u00a0<\/span><\/strong><strong><span style=\"color: #3366ff;\"> \u00a0 \u00a0 \u00a0<\/span><\/strong><\/td>\n<td><\/td>\n<\/tr>\n<tr>\n<td>11:20 h.<\/td>\n<td><strong>Tratamiento sist\u00e9mico en el c\u00e1ncer tiroideo. Reto pendiente del Endocrin\u00f3logo.<\/strong><br \/>\n<span style=\"color: #3366ff;\"><strong>Dr. Javier Aller Pardo<\/strong>.<\/span> Hospital Universitario Puerta de Hierro, Madrid.<\/td>\n<td><\/td>\n<\/tr>\n<tr>\n<td>11:40 h.<\/td>\n<td><strong><strong>Tratando la recidiva local con t\u00e9cnicas guiadas por ecograf\u00eda. <span style=\"color: #3366ff;\">Dr. Santiago Tof\u00e9 Povedano.\u00a0<\/span><\/strong><\/strong>Hospital Universitario Son Espases. Palma de Mallorca.<\/td>\n<td><\/td>\n<\/tr>\n<tr>\n<td>12:00 h.<\/td>\n<td><strong>Hiperaldosteronismo primario: del consenso diagn\u00f3stico-terap\u00e9utico a la pr\u00e1ctica cl\u00ednica.<br \/>\n<span style=\"color: #3366ff;\">Dra. Marta Araujo Castro.<\/span> <\/strong>Hospital Universitario Ram\u00f3n y Cajal, Madrid.<\/td>\n<td><\/td>\n<\/tr>\n<tr>\n<td>12:20 h.<\/td>\n<td>Discusi\u00f3n.<\/td>\n<td><\/td>\n<\/tr>\n<tr>\n<td><span style=\"color: #000000;\"><strong>11:20-12:50 h.<\/strong><\/span><\/td>\n<td><span style=\"color: #ff6600;\"><strong>Sesi\u00f3n con Educador@s<em>.<\/em><\/strong><\/span><\/td>\n<td style=\"text-align: center;\">\u00a0<span style=\"color: #ff6600;\">Barandiaran<\/span><\/td>\n<\/tr>\n<tr>\n<td><\/td>\n<td><\/td>\n<td style=\"text-align: right;\"><\/td>\n<\/tr>\n<tr>\n<td>11:20 h.<\/td>\n<td><strong>Estrategias para mejorar la adhesi\u00f3n al tratamiento en diabetes de forma grupal.<\/strong><br \/>\n<span style=\"color: #3366ff;\"><span style=\"color: #3366ff;\"><strong>D\u00f1a. Gemma Peralta P\u00e9rez.\u00a0<\/strong><\/span><\/span>Psic\u00f3loga Cl\u00ednica experta en diabetes, MentBarcelona y Profesora asociada UAB Grado Psicolog\u00eda.<\/td>\n<td style=\"text-align: right;\"><\/td>\n<\/tr>\n<tr>\n<td>12:00 h.<\/td>\n<td><strong>Escucha activa en el acompa\u00f1amiento para el cambio de h\u00e1bitos en el adiestramiento nutricional del adolescente debutante, en cronicidad.<\/strong><br \/>\n<span style=\"color: #3366ff;\"><span style=\"color: #3366ff;\"><strong>D\u00f1a. Maria Lourdes De Torres Aured,\u00a0<\/strong><\/span><\/span>enfermera. Junta directiva de ADEnyd.<\/td>\n<td style=\"text-align: right;\"><\/td>\n<\/tr>\n<tr>\n<td>12:30 h.<\/td>\n<td>Discusi\u00f3n.<\/td>\n<td style=\"text-align: right;\"><\/td>\n<\/tr>\n<tr>\n<td><strong>12:50-14:00 h.<\/strong><\/td>\n<td><strong>Sesi\u00f3n de Comunicaciones Orales.\u00a0<\/strong><\/td>\n<td style=\"text-align: right;\"><\/td>\n<\/tr>\n<tr>\n<td><\/td>\n<td><\/td>\n<td style=\"text-align: center;\"><\/td>\n<\/tr>\n<tr>\n<td><span style=\"color: #993300;\"><strong>14:00-15:30 h.<\/strong><\/span><\/td>\n<td><span style=\"color: #993300;\"><strong>Comida.<\/strong><\/span><\/td>\n<td style=\"text-align: center;\"><span style=\"color: #993300;\">Almudena Cid<\/span><\/td>\n<\/tr>\n<tr>\n<td><span style=\"color: #000000;\"><strong>15:45 \u2013 17:15 h.\u00a0<\/strong><\/span><\/td>\n<td><span style=\"color: #000000;\"><strong>Mesa redonda 2.<\/strong><\/span><\/td>\n<td style=\"text-align: center;\"><span style=\"color: #339966;\">M\u00aa\u00a0Maeztu<\/span><\/td>\n<\/tr>\n<tr>\n<td><\/td>\n<td><\/td>\n<td><\/td>\n<\/tr>\n<tr>\n<td>15:45 h.<\/td>\n<td><strong>Evaluaci\u00f3n y tratamiento m\u00e9dico-nutricional en la anorexia nerviosa. Consenso del grupo de Trabajo de los Trastornos de la Conducta Alimentaria de SENPE.<\/strong><br \/>\n<span style=\"color: #3366ff;\"><strong>Dra. Roc\u00edo Campos del Portillo<\/strong>.<\/span>Hospital Universitario Puerta de Hierro, Madrid.<\/td>\n<td style=\"text-align: right;\"><\/td>\n<\/tr>\n<tr>\n<td>16:05 h.<\/td>\n<td><strong>Actualizaci\u00f3n en el manejo del s\u00edndrome intestino corto.<\/strong><br \/>\n<span style=\"color: #3366ff;\"><strong>Dra. Mar\u00eda Ma\u00edz<\/strong>.<\/span> Hospital Doce de Octubre, Madrid.<\/td>\n<td style=\"text-align: right;\"><\/td>\n<\/tr>\n<tr>\n<td>16:25 h.<\/td>\n<td><span style=\"color: #000000;\"><strong>Aplicabilidad de la ecograf\u00eda nutricional en la consulta: correlaci\u00f3n morfofuncional. <\/strong><\/span><br \/>\n<span style=\"color: #3366ff;\"><strong>Dr. Jose Manuel Garc\u00eda Almeida<\/strong>.<\/span>Hospital Universitario Virgen de la Victoria. M\u00e1laga.<br \/>\n<span style=\"color: #3366ff;\"><strong>D\u00f1a. Isabel Vegas Aguilar<\/strong>.<\/span> T\u00e9cnica en nutrici\u00f3n y diet\u00e9tica FIMABIS.<\/td>\n<td style=\"text-align: right;\"><\/td>\n<\/tr>\n<tr>\n<td>16:45 h.<\/td>\n<td><strong>Discusi\u00f3n.<\/strong><\/td>\n<td style=\"text-align: right;\"><\/td>\n<\/tr>\n<tr>\n<td><strong>15:45-17:15 h.<\/strong><\/td>\n<td><span style=\"color: #ff6600;\"><strong>Mesa Redonda para Educador@s<em>.<\/em><\/strong><\/span><\/td>\n<td style=\"text-align: center;\"><span style=\"color: #ff6600;\">Barandiaran<\/span><\/td>\n<\/tr>\n<tr>\n<td><\/td>\n<td><\/td>\n<td style=\"text-align: right;\"><\/td>\n<\/tr>\n<tr>\n<td>15:45 h.<\/td>\n<td><strong>Tratamiento nutricional en la disfagia orofar\u00edngea. \u00bfHay vida m\u00e1s all\u00e1 del pur\u00e9? Iniciativa IDDSI.<\/strong><br \/>\n<span style=\"background-color: #ffffff; color: #3366ff;\"><span style=\"background-color: #ffffff; color: #3366ff;\"><strong>D\u00f1a. Rosana Ashbaugh,\u00a0<\/strong><\/span><\/span>enfermera Unidad Nutrici\u00f3n Cl\u00ednica del Hospital Principe de Asturias, Alcal\u00e1 de Henares.<\/td>\n<td style=\"text-align: right;\"><\/td>\n<\/tr>\n<tr>\n<td>16:05 h.<\/td>\n<td><strong>Una visi\u00f3n global de la alimentaci\u00f3n con intervenci\u00f3n de la inteligencia artificial y el enfoque \u201cUna Sola Salud\u201d.<\/strong><strong><span style=\"color: #3366ff;\"><br \/>\n<\/span><\/strong><span style=\"color: #3366ff;\"><strong>Dr. Rafael Urrialde De Andr\u00e9s<\/strong>,<\/span> profesor del departamento de gen\u00e9tica, fisiolog\u00eda y microbiolog\u00eda, Facultad de Ciencias biol\u00f3gicas, UCM.<\/td>\n<td style=\"text-align: right;\"><\/td>\n<\/tr>\n<tr>\n<td>16:25 h.<\/td>\n<td><strong>El rol de la cirug\u00eda bari\u00e1trica en el tratamiento de la obesidad m\u00f3rbida.<\/strong><br \/>\n<span style=\"color: #3366ff;\"><strong>Dr. Gabriel Mart\u00ednez de Arag\u00f3n<\/strong>,<\/span> cirujano del Hospital Universitario Araba.<\/td>\n<td style=\"text-align: right;\"><\/td>\n<\/tr>\n<tr>\n<td>16:45 h.<\/td>\n<td><strong>Discusi\u00f3n.<\/strong><\/td>\n<td style=\"text-align: center;\"><\/td>\n<\/tr>\n<tr>\n<td><strong>17:15-17:45 h.<\/strong><\/td>\n<td><strong>Conferencia de clausura.<\/strong><\/td>\n<td style=\"text-align: center;\"><span style=\"color: #339966;\">M\u00aa\u00a0Maeztu<\/span><\/td>\n<\/tr>\n<tr>\n<td><\/td>\n<td><\/td>\n<td style=\"text-align: center;\"><\/td>\n<\/tr>\n<tr>\n<td><\/td>\n<td><span style=\"color: #000000;\"><strong>Nueva era en el tratamiento de la DM tipo 1. Estrategias de screening poblacional.<\/strong><\/span><br \/>\n<span style=\"color: #3366ff;\"><strong>Dr. Luis Casta\u00f1o Gonz\u00e1lez,\u00a0<\/strong><\/span>director cient\u00edfico del Instituto de investigaci\u00f3n sanitaria Biocruces.<\/td>\n<td style=\"text-align: center;\"><\/td>\n<\/tr>\n<tr>\n<td><strong>18:00-19:00 h.<\/strong><\/td>\n<td><strong>Asamblea SEDyNE.\u00a0<\/strong><\/td>\n<td style=\"text-align: center;\"><span style=\"color: #339966;\"> M\u00aa\u00a0Maeztu<\/span><\/td>\n<\/tr>\n<\/tbody>\n<\/table>\n<h6 style=\"text-align: left;\"><\/h6>\n<h6><em>Solicitada la validaci\u00f3n a\u00a0<\/em> <span style=\"color: #339966;\"><strong>FENIN<\/strong>,<\/span>\u00a0<em>Federaci\u00f3n Espa\u00f1ola de Empresas de Tecnolog\u00eda Sanitaria<\/em>.<\/h6>\n<hr \/>\n<h4 style=\"text-align: center;\"><strong>PATROCINADORES Y COLABORADORES DEL\u00a0<\/strong><strong>CONGRESO<\/strong><\/h4>\n<table style=\"width: 100%;\">\n<tbody>\n<tr>\n<td style=\"width: 155px; text-align: center; vertical-align: middle;\"><img loading=\"lazy\" decoding=\"async\" class=\"aligncenter wp-image-330\" src=\"http:\/\/www.sedyne.es\/wp-content\/uploads\/2016\/09\/Abbott-e1486639403476.jpg\" alt=\"\" width=\"142\" height=\"54\" srcset=\"https:\/\/www.sedyne.es\/wp-content\/uploads\/2016\/09\/Abbott-e1486639403476.jpg 1067w, https:\/\/www.sedyne.es\/wp-content\/uploads\/2016\/09\/Abbott-e1486639403476-300x115.jpg 300w, https:\/\/www.sedyne.es\/wp-content\/uploads\/2016\/09\/Abbott-e1486639403476-768x295.jpg 768w, https:\/\/www.sedyne.es\/wp-content\/uploads\/2016\/09\/Abbott-e1486639403476-1024x393.jpg 1024w, https:\/\/www.sedyne.es\/wp-content\/uploads\/2016\/09\/Abbott-e1486639403476-640x246.jpg 640w, https:\/\/www.sedyne.es\/wp-content\/uploads\/2016\/09\/Abbott-e1486639403476-681x262.jpg 681w\" sizes=\"auto, (max-width: 142px) 100vw, 142px\" \/><\/td>\n<td style=\"width: 155px; text-align: center; vertical-align: middle;\"><a href=\"https:\/\/www.sedyne.es\/wp-content\/uploads\/2017\/10\/Logotipo-PERSAN-Farma_FINAL_sin-tagline-transparente-300ppp-RGB-1-1.png\"><img loading=\"lazy\" decoding=\"async\" class=\" wp-image-2626 aligncenter\" src=\"https:\/\/www.sedyne.es\/wp-content\/uploads\/2017\/10\/Logotipo-PERSAN-Farma_FINAL_sin-tagline-transparente-300ppp-RGB-1-1.png\" alt=\"\" width=\"145\" height=\"56\" srcset=\"https:\/\/www.sedyne.es\/wp-content\/uploads\/2017\/10\/Logotipo-PERSAN-Farma_FINAL_sin-tagline-transparente-300ppp-RGB-1-1.png 3334w, https:\/\/www.sedyne.es\/wp-content\/uploads\/2017\/10\/Logotipo-PERSAN-Farma_FINAL_sin-tagline-transparente-300ppp-RGB-1-1-300x116.png 300w, https:\/\/www.sedyne.es\/wp-content\/uploads\/2017\/10\/Logotipo-PERSAN-Farma_FINAL_sin-tagline-transparente-300ppp-RGB-1-1-768x297.png 768w, https:\/\/www.sedyne.es\/wp-content\/uploads\/2017\/10\/Logotipo-PERSAN-Farma_FINAL_sin-tagline-transparente-300ppp-RGB-1-1-1024x397.png 1024w, https:\/\/www.sedyne.es\/wp-content\/uploads\/2017\/10\/Logotipo-PERSAN-Farma_FINAL_sin-tagline-transparente-300ppp-RGB-1-1-1085x420.png 1085w, https:\/\/www.sedyne.es\/wp-content\/uploads\/2017\/10\/Logotipo-PERSAN-Farma_FINAL_sin-tagline-transparente-300ppp-RGB-1-1-640x248.png 640w, https:\/\/www.sedyne.es\/wp-content\/uploads\/2017\/10\/Logotipo-PERSAN-Farma_FINAL_sin-tagline-transparente-300ppp-RGB-1-1-681x264.png 681w\" sizes=\"auto, (max-width: 145px) 100vw, 145px\" \/><\/a><\/td>\n<td style=\"width: 155px; text-align: center; vertical-align: middle;\"><img loading=\"lazy\" decoding=\"async\" class=\" wp-image-2217 aligncenter\" src=\"https:\/\/www.sedyne.es\/wp-content\/uploads\/2017\/10\/SANOFI-LOGO-RGB.jpg\" alt=\"\" width=\"132\" height=\"61\" srcset=\"https:\/\/www.sedyne.es\/wp-content\/uploads\/2017\/10\/SANOFI-LOGO-RGB.jpg 3274w, https:\/\/www.sedyne.es\/wp-content\/uploads\/2017\/10\/SANOFI-LOGO-RGB-300x138.jpg 300w, https:\/\/www.sedyne.es\/wp-content\/uploads\/2017\/10\/SANOFI-LOGO-RGB-768x354.jpg 768w, https:\/\/www.sedyne.es\/wp-content\/uploads\/2017\/10\/SANOFI-LOGO-RGB-1024x472.jpg 1024w, https:\/\/www.sedyne.es\/wp-content\/uploads\/2017\/10\/SANOFI-LOGO-RGB-911x420.jpg 911w, https:\/\/www.sedyne.es\/wp-content\/uploads\/2017\/10\/SANOFI-LOGO-RGB-640x295.jpg 640w, https:\/\/www.sedyne.es\/wp-content\/uploads\/2017\/10\/SANOFI-LOGO-RGB-681x314.jpg 681w\" sizes=\"auto, (max-width: 132px) 100vw, 132px\" \/><\/td>\n<\/tr>\n<tr>\n<td style=\"text-align: center;\">\u00a0<a href=\"https:\/\/www.sedyne.es\/wp-content\/uploads\/2017\/10\/LOGO-DAIICHI-SANKYO.jpg\"><img loading=\"lazy\" decoding=\"async\" class=\"wp-image-2607 aligncenter\" src=\"https:\/\/www.sedyne.es\/wp-content\/uploads\/2017\/10\/LOGO-DAIICHI-SANKYO.jpg\" alt=\"\" width=\"117\" height=\"83\" srcset=\"https:\/\/www.sedyne.es\/wp-content\/uploads\/2017\/10\/LOGO-DAIICHI-SANKYO.jpg 1027w, https:\/\/www.sedyne.es\/wp-content\/uploads\/2017\/10\/LOGO-DAIICHI-SANKYO-300x212.jpg 300w, https:\/\/www.sedyne.es\/wp-content\/uploads\/2017\/10\/LOGO-DAIICHI-SANKYO-768x542.jpg 768w, https:\/\/www.sedyne.es\/wp-content\/uploads\/2017\/10\/LOGO-DAIICHI-SANKYO-1024x723.jpg 1024w, https:\/\/www.sedyne.es\/wp-content\/uploads\/2017\/10\/LOGO-DAIICHI-SANKYO-595x420.jpg 595w, https:\/\/www.sedyne.es\/wp-content\/uploads\/2017\/10\/LOGO-DAIICHI-SANKYO-640x452.jpg 640w, https:\/\/www.sedyne.es\/wp-content\/uploads\/2017\/10\/LOGO-DAIICHI-SANKYO-681x481.jpg 681w\" sizes=\"auto, (max-width: 117px) 100vw, 117px\" \/><\/a><\/td>\n<td style=\"text-align: center;\">\n<p>&nbsp;<\/p>\n<p><img loading=\"lazy\" decoding=\"async\" class=\"wp-image-298 aligncenter\" src=\"http:\/\/www.sedyne.es\/wp-content\/uploads\/2016\/09\/AZ_RGB_H_COL-e1486639511139.jpg\" alt=\"\" width=\"139\" height=\"36\" srcset=\"https:\/\/www.sedyne.es\/wp-content\/uploads\/2016\/09\/AZ_RGB_H_COL-e1486639511139.jpg 1221w, https:\/\/www.sedyne.es\/wp-content\/uploads\/2016\/09\/AZ_RGB_H_COL-e1486639511139-300x78.jpg 300w, https:\/\/www.sedyne.es\/wp-content\/uploads\/2016\/09\/AZ_RGB_H_COL-e1486639511139-768x199.jpg 768w, https:\/\/www.sedyne.es\/wp-content\/uploads\/2016\/09\/AZ_RGB_H_COL-e1486639511139-1024x265.jpg 1024w, https:\/\/www.sedyne.es\/wp-content\/uploads\/2016\/09\/AZ_RGB_H_COL-e1486639511139-640x166.jpg 640w, https:\/\/www.sedyne.es\/wp-content\/uploads\/2016\/09\/AZ_RGB_H_COL-e1486639511139-681x176.jpg 681w\" sizes=\"auto, (max-width: 139px) 100vw, 139px\" \/><\/td>\n<td style=\"text-align: center;\">\n<p>&nbsp;<\/p>\n<p><a href=\"https:\/\/www.sedyne.es\/wp-content\/uploads\/2017\/10\/2023-logo.jpeg\"><img loading=\"lazy\" decoding=\"async\" class=\"wp-image-2214 aligncenter\" src=\"https:\/\/www.sedyne.es\/wp-content\/uploads\/2017\/10\/2023-logo.jpeg\" alt=\"\" width=\"105\" height=\"35\" srcset=\"https:\/\/www.sedyne.es\/wp-content\/uploads\/2017\/10\/2023-logo.jpeg 754w, https:\/\/www.sedyne.es\/wp-content\/uploads\/2017\/10\/2023-logo-300x99.jpeg 300w, https:\/\/www.sedyne.es\/wp-content\/uploads\/2017\/10\/2023-logo-640x211.jpeg 640w, https:\/\/www.sedyne.es\/wp-content\/uploads\/2017\/10\/2023-logo-681x224.jpeg 681w\" sizes=\"auto, (max-width: 105px) 100vw, 105px\" \/><\/a><\/td>\n<\/tr>\n<tr>\n<td style=\"text-align: center;\"><img loading=\"lazy\" decoding=\"async\" class=\"aligncenter wp-image-584\" src=\"http:\/\/www.sedyne.es\/wp-content\/uploads\/2017\/10\/nestle.png\" alt=\"\" width=\"131\" height=\"75\" \/><\/td>\n<td style=\"text-align: center;\"><a href=\"https:\/\/www.sedyne.es\/wp-content\/uploads\/2017\/10\/Almirall_Logo_2020.svg_.png\"><img loading=\"lazy\" decoding=\"async\" class=\"wp-image-2668 aligncenter\" src=\"https:\/\/www.sedyne.es\/wp-content\/uploads\/2017\/10\/Almirall_Logo_2020.svg_.png\" alt=\"\" width=\"119\" height=\"38\" srcset=\"https:\/\/www.sedyne.es\/wp-content\/uploads\/2017\/10\/Almirall_Logo_2020.svg_.png 1200w, https:\/\/www.sedyne.es\/wp-content\/uploads\/2017\/10\/Almirall_Logo_2020.svg_-300x97.png 300w, https:\/\/www.sedyne.es\/wp-content\/uploads\/2017\/10\/Almirall_Logo_2020.svg_-768x248.png 768w, https:\/\/www.sedyne.es\/wp-content\/uploads\/2017\/10\/Almirall_Logo_2020.svg_-1024x330.png 1024w, https:\/\/www.sedyne.es\/wp-content\/uploads\/2017\/10\/Almirall_Logo_2020.svg_-640x206.png 640w, https:\/\/www.sedyne.es\/wp-content\/uploads\/2017\/10\/Almirall_Logo_2020.svg_-681x220.png 681w\" sizes=\"auto, (max-width: 119px) 100vw, 119px\" \/><\/a><\/td>\n<td style=\"text-align: center;\"><img loading=\"lazy\" decoding=\"async\" class=\"aligncenter wp-image-1906\" src=\"https:\/\/www.sedyne.es\/wp-content\/uploads\/2017\/10\/nn_logo_rgb_blue_large.png\" alt=\"\" width=\"89\" height=\"63\" srcset=\"https:\/\/www.sedyne.es\/wp-content\/uploads\/2017\/10\/nn_logo_rgb_blue_large.png 2400w, https:\/\/www.sedyne.es\/wp-content\/uploads\/2017\/10\/nn_logo_rgb_blue_large-300x213.png 300w, https:\/\/www.sedyne.es\/wp-content\/uploads\/2017\/10\/nn_logo_rgb_blue_large-768x546.png 768w, https:\/\/www.sedyne.es\/wp-content\/uploads\/2017\/10\/nn_logo_rgb_blue_large-1024x727.png 1024w, https:\/\/www.sedyne.es\/wp-content\/uploads\/2017\/10\/nn_logo_rgb_blue_large-591x420.png 591w, https:\/\/www.sedyne.es\/wp-content\/uploads\/2017\/10\/nn_logo_rgb_blue_large-640x455.png 640w, https:\/\/www.sedyne.es\/wp-content\/uploads\/2017\/10\/nn_logo_rgb_blue_large-681x484.png 681w\" sizes=\"auto, (max-width: 89px) 100vw, 89px\" \/><\/td>\n<\/tr>\n<\/tbody>\n<\/table>\n<hr \/>\n<table style=\"width: 100%;\">\n<tbody>\n<tr>\n<td style=\"width: 117px; text-align: center; vertical-align: middle;\"><a href=\"https:\/\/www.sedyne.es\/wp-content\/uploads\/2017\/10\/menarini-1.jpg\"><img loading=\"lazy\" decoding=\"async\" class=\"wp-image-2631 aligncenter\" src=\"https:\/\/www.sedyne.es\/wp-content\/uploads\/2017\/10\/menarini-1.jpg\" alt=\"\" width=\"101\" height=\"40\" srcset=\"https:\/\/www.sedyne.es\/wp-content\/uploads\/2017\/10\/menarini-1.jpg 1820w, https:\/\/www.sedyne.es\/wp-content\/uploads\/2017\/10\/menarini-1-300x119.jpg 300w, https:\/\/www.sedyne.es\/wp-content\/uploads\/2017\/10\/menarini-1-768x306.jpg 768w, https:\/\/www.sedyne.es\/wp-content\/uploads\/2017\/10\/menarini-1-1024x407.jpg 1024w, https:\/\/www.sedyne.es\/wp-content\/uploads\/2017\/10\/menarini-1-1056x420.jpg 1056w, https:\/\/www.sedyne.es\/wp-content\/uploads\/2017\/10\/menarini-1-640x255.jpg 640w, https:\/\/www.sedyne.es\/wp-content\/uploads\/2017\/10\/menarini-1-681x271.jpg 681w\" sizes=\"auto, (max-width: 101px) 100vw, 101px\" \/><\/a><\/td>\n<td style=\"width: 117px; text-align: center; vertical-align: middle;\"><img loading=\"lazy\" decoding=\"async\" class=\"wp-image-2207 aligncenter\" src=\"https:\/\/www.sedyne.es\/wp-content\/uploads\/2017\/10\/novalab-air-liquide.png\" alt=\"\" width=\"102\" height=\"16\" srcset=\"https:\/\/www.sedyne.es\/wp-content\/uploads\/2017\/10\/novalab-air-liquide.png 764w, https:\/\/www.sedyne.es\/wp-content\/uploads\/2017\/10\/novalab-air-liquide-300x46.png 300w, https:\/\/www.sedyne.es\/wp-content\/uploads\/2017\/10\/novalab-air-liquide-640x97.png 640w, https:\/\/www.sedyne.es\/wp-content\/uploads\/2017\/10\/novalab-air-liquide-681x116.png 681w\" sizes=\"auto, (max-width: 102px) 100vw, 102px\" \/><\/td>\n<td style=\"width: 117px; text-align: center; vertical-align: middle;\"><a href=\"https:\/\/www.sedyne.es\/wp-content\/uploads\/2017\/10\/Fresenius-logo-2.png\"><img loading=\"lazy\" decoding=\"async\" class=\"wp-image-2630 aligncenter\" src=\"https:\/\/www.sedyne.es\/wp-content\/uploads\/2017\/10\/Fresenius-logo-2.png\" alt=\"\" width=\"102\" height=\"72\" \/><\/a><\/td>\n<td style=\"width: 117px; text-align: center; vertical-align: middle;\"><a href=\"https:\/\/www.sedyne.es\/wp-content\/uploads\/2017\/10\/Lilly_Boehringer.jpeg\"><img loading=\"lazy\" decoding=\"async\" class=\" wp-image-2632 aligncenter\" src=\"https:\/\/www.sedyne.es\/wp-content\/uploads\/2017\/10\/Lilly_Boehringer.jpeg\" alt=\"\" width=\"107\" height=\"29\" srcset=\"https:\/\/www.sedyne.es\/wp-content\/uploads\/2017\/10\/Lilly_Boehringer.jpeg 400w, https:\/\/www.sedyne.es\/wp-content\/uploads\/2017\/10\/Lilly_Boehringer-300x82.jpeg 300w\" sizes=\"auto, (max-width: 107px) 100vw, 107px\" \/><\/a><\/td>\n<\/tr>\n<tr>\n<td>\u00a0<a href=\"https:\/\/www.sedyne.es\/wp-content\/uploads\/2017\/10\/lifescan.png\"><img loading=\"lazy\" decoding=\"async\" class=\"wp-image-2651 aligncenter\" src=\"https:\/\/www.sedyne.es\/wp-content\/uploads\/2017\/10\/lifescan.png\" alt=\"\" width=\"99\" height=\"30\" srcset=\"https:\/\/www.sedyne.es\/wp-content\/uploads\/2017\/10\/lifescan.png 408w, https:\/\/www.sedyne.es\/wp-content\/uploads\/2017\/10\/lifescan-300x91.png 300w\" sizes=\"auto, (max-width: 99px) 100vw, 99px\" \/><\/a><\/td>\n<td>\u00a0<img loading=\"lazy\" decoding=\"async\" class=\"wp-image-2589 aligncenter\" src=\"https:\/\/www.sedyne.es\/wp-content\/uploads\/2017\/10\/descarga.png\" alt=\"\" width=\"91\" height=\"18\" srcset=\"https:\/\/www.sedyne.es\/wp-content\/uploads\/2017\/10\/descarga.png 503w, https:\/\/www.sedyne.es\/wp-content\/uploads\/2017\/10\/descarga-300x60.png 300w\" sizes=\"auto, (max-width: 91px) 100vw, 91px\" \/><\/td>\n<td>\u00a0<a href=\"https:\/\/www.sedyne.es\/wp-content\/uploads\/2017\/10\/descarga-1.png\"><img loading=\"lazy\" decoding=\"async\" class=\"wp-image-2638 aligncenter\" src=\"https:\/\/www.sedyne.es\/wp-content\/uploads\/2017\/10\/descarga-1.png\" alt=\"\" width=\"98\" height=\"52\" srcset=\"https:\/\/www.sedyne.es\/wp-content\/uploads\/2017\/10\/descarga-1.png 308w, https:\/\/www.sedyne.es\/wp-content\/uploads\/2017\/10\/descarga-1-300x163.png 300w\" sizes=\"auto, (max-width: 98px) 100vw, 98px\" \/><\/a><\/td>\n<td>\u00a0<a href=\"https:\/\/www.sedyne.es\/wp-content\/uploads\/2017\/10\/vegenat.png\"><img loading=\"lazy\" decoding=\"async\" class=\"wp-image-2652 aligncenter\" src=\"https:\/\/www.sedyne.es\/wp-content\/uploads\/2017\/10\/vegenat.png\" alt=\"\" width=\"141\" height=\"28\" srcset=\"https:\/\/www.sedyne.es\/wp-content\/uploads\/2017\/10\/vegenat.png 1861w, https:\/\/www.sedyne.es\/wp-content\/uploads\/2017\/10\/vegenat-300x59.png 300w, https:\/\/www.sedyne.es\/wp-content\/uploads\/2017\/10\/vegenat-768x151.png 768w, https:\/\/www.sedyne.es\/wp-content\/uploads\/2017\/10\/vegenat-1024x201.png 1024w, https:\/\/www.sedyne.es\/wp-content\/uploads\/2017\/10\/vegenat-640x126.png 640w, https:\/\/www.sedyne.es\/wp-content\/uploads\/2017\/10\/vegenat-681x134.png 681w\" sizes=\"auto, (max-width: 141px) 100vw, 141px\" \/><\/a><\/td>\n<\/tr>\n<tr>\n<td>\n<p>&nbsp;<\/p>\n<p><a href=\"https:\/\/www.sedyne.es\/wp-content\/uploads\/2017\/10\/faes-farma.png\"><img loading=\"lazy\" decoding=\"async\" class=\"wp-image-2653 aligncenter\" src=\"https:\/\/www.sedyne.es\/wp-content\/uploads\/2017\/10\/faes-farma.png\" alt=\"\" width=\"87\" height=\"21\" srcset=\"https:\/\/www.sedyne.es\/wp-content\/uploads\/2017\/10\/faes-farma.png 459w, https:\/\/www.sedyne.es\/wp-content\/uploads\/2017\/10\/faes-farma-300x72.png 300w\" sizes=\"auto, (max-width: 87px) 100vw, 87px\" \/><\/a><\/td>\n<td>\n<p>&nbsp;<\/p>\n<p><a href=\"https:\/\/www.sedyne.es\/wp-content\/uploads\/2017\/10\/Ferrer-RGB-Color-Transparent.png\"><img loading=\"lazy\" decoding=\"async\" class=\"wp-image-2654 aligncenter\" src=\"https:\/\/www.sedyne.es\/wp-content\/uploads\/2017\/10\/Ferrer-RGB-Color-Transparent.png\" alt=\"\" width=\"73\" height=\"31\" srcset=\"https:\/\/www.sedyne.es\/wp-content\/uploads\/2017\/10\/Ferrer-RGB-Color-Transparent.png 1074w, https:\/\/www.sedyne.es\/wp-content\/uploads\/2017\/10\/Ferrer-RGB-Color-Transparent-300x128.png 300w, https:\/\/www.sedyne.es\/wp-content\/uploads\/2017\/10\/Ferrer-RGB-Color-Transparent-768x329.png 768w, https:\/\/www.sedyne.es\/wp-content\/uploads\/2017\/10\/Ferrer-RGB-Color-Transparent-1024x439.png 1024w, https:\/\/www.sedyne.es\/wp-content\/uploads\/2017\/10\/Ferrer-RGB-Color-Transparent-981x420.png 981w, https:\/\/www.sedyne.es\/wp-content\/uploads\/2017\/10\/Ferrer-RGB-Color-Transparent-640x274.png 640w, https:\/\/www.sedyne.es\/wp-content\/uploads\/2017\/10\/Ferrer-RGB-Color-Transparent-681x292.png 681w\" sizes=\"auto, (max-width: 73px) 100vw, 73px\" \/><\/a><\/td>\n<td><\/td>\n<td><\/td>\n<\/tr>\n<\/tbody>\n<\/table>\n<hr \/>\n<p>&nbsp;<\/p>\n","protected":false},"excerpt":{"rendered":"<p>XXVI Congreso\u00a0de la Sociedad de Endocrinolog\u00eda, Diabetes\u00a0y Nutrici\u00f3n de Euskadi Vitoria-Gasteiz, Palacio de Congresos Europa. 15 de Marzo de 2025,\u00a0Vitoria-Gasteiz 08:30- 09:00 h. Recogida de documentaci\u00f3n. \u00a0Hall 09:00-09:15 h. Inauguraci\u00f3n oficial. \u00a0M\u00aa Maeztu 09:15-09:45 h. Conferencia inaugural. M\u00aa\u00a0Maeztu Presenta: Dra. Maider S\u00e1nchez.\u00a0Hospital Universitario Araba. Escuchar a un campe\u00f3n. Nutrici\u00f3n en el deporte. D. Mart\u00edn Fiz,\u00a0campe\u00f3n [&hellip;]<\/p>\n","protected":false},"author":120,"featured_media":0,"parent":2735,"menu_order":2,"comment_status":"closed","ping_status":"closed","template":"","meta":{"footnotes":""},"class_list":["post-477","page","type-page","status-publish","hentry"],"_links":{"self":[{"href":"https:\/\/www.sedyne.es\/es\/wp-json\/wp\/v2\/pages\/477","targetHints":{"allow":["GET"]}}],"collection":[{"href":"https:\/\/www.sedyne.es\/es\/wp-json\/wp\/v2\/pages"}],"about":[{"href":"https:\/\/www.sedyne.es\/es\/wp-json\/wp\/v2\/types\/page"}],"author":[{"embeddable":true,"href":"https:\/\/www.sedyne.es\/es\/wp-json\/wp\/v2\/users\/120"}],"replies":[{"embeddable":true,"href":"https:\/\/www.sedyne.es\/es\/wp-json\/wp\/v2\/comments?post=477"}],"version-history":[{"count":521,"href":"https:\/\/www.sedyne.es\/es\/wp-json\/wp\/v2\/pages\/477\/revisions"}],"predecessor-version":[{"id":2797,"href":"https:\/\/www.sedyne.es\/es\/wp-json\/wp\/v2\/pages\/477\/revisions\/2797"}],"up":[{"embeddable":true,"href":"https:\/\/www.sedyne.es\/es\/wp-json\/wp\/v2\/pages\/2735"}],"wp:attachment":[{"href":"https:\/\/www.sedyne.es\/es\/wp-json\/wp\/v2\/media?parent=477"}],"curies":[{"name":"wp","href":"https:\/\/api.w.org\/{rel}","templated":true}]}}