{"id":695,"date":"2018-08-29T10:25:13","date_gmt":"2018-08-29T09:25:13","guid":{"rendered":"http:\/\/www.sedyne.es\/?page_id=695\/"},"modified":"2018-08-29T10:29:39","modified_gmt":"2018-08-29T09:29:39","slug":"presentacion-y-comites","status":"publish","type":"page","link":"https:\/\/www.sedyne.es\/es\/congreso\/marzo-2018\/presentacion-y-comites\/","title":{"rendered":"Presentaci\u00f3n y comit\u00e9s 2018"},"content":{"rendered":"<p>Estimados\/as amigos\/as<\/p>\n<p>El Pr\u00f3ximo d\u00eda 2 de\u00a0Marzo de 2018 celebraremos en Bilbao el<strong> XX Congreso de la Sociedad de Endocrinolog\u00eda, Diabetes y Nutrici\u00f3n de Euskadi.<\/strong><\/p>\n<p>De nuevo nos reuniremos para debatir ideas e intercambiar experiencias, para estar con viejos conocidos y para recibir a nuevos profesionales que se incorporan con ilusi\u00f3n al mundo de la endocrinolog\u00eda.<\/p>\n<p>En este congreso se debatir\u00e1n temas como las novedades en el conocimiento de la hipercolesterolemia; las complicaciones microangiop\u00e1ticas de la Diabetes Mellitus y aspectos cl\u00ednicos y b\u00e1sicos de la obesidad.<\/p>\n<p>Estamos trabajando para ofrecer un programa interesante, de alto nivel cient\u00edfico que nos permita avanzar en este apasionante mundo de mejora de nuestra especialidad.<\/p>\n<p>Estamos seguros que el esfuerzo y la colaboraci\u00f3n de todos, nos permitir\u00e1 alcanzar nuevas cotas de participaci\u00f3n, de contenido cient\u00edfico y de conocimiento.<\/p>\n<p>Esperamos veros en Bilbao que se abrir\u00e1 para acogeros.<\/p>\n<p style=\"text-align: center;\"><strong>Amelia Oleaga Alday<\/strong><br \/>\nPresidenta Comit\u00e9 Organizador<\/p>\n<table>\n<tbody>\n<tr>\n<td style=\"vertical-align: top;\">\n<h3>COMIT\u00c9 ORGANIZADOR<\/h3>\n<p>Presidente:<br \/>\n<strong>Amelia Oleaga Alday<\/strong><\/p>\n<p>Secretaria:<br \/>\n<strong>Ana Izuzquiza<\/strong><\/p>\n<p>Tesorero:<br \/>\n<strong>Aitzol Lizarraga<\/strong><\/p>\n<p>Vocales:<br \/>\n<strong>Fernando Go\u00f1i<br \/>\n<\/strong><strong>Miguel Paja<br \/>\n<\/strong><strong>Javier Espiga<br \/>\n<\/strong><strong>Est\u00edbaliz Ugarte<br \/>\n<\/strong><strong>Cristina Moreno<br \/>\nNatalia Iglesias<br \/>\nEider Etxeberr\u00eda<br \/>\nLaura Calles<\/strong><\/td>\n<td style=\"vertical-align: top;\">\n<h3>COMIT\u00c9 CIENT\u00cdFICO<\/h3>\n<p>Presidente:<br \/>\n<strong>Amelia Oleaga Alday<br \/>\n<\/strong><\/p>\n<p>Secretar\u00eda:<br \/>\n<strong>Rebeca S\u00e1nchez<\/strong><\/p>\n<p>Tesorero:<br \/>\n<strong>Aitzol Lizarraga<\/strong><\/p>\n<p>Vocales:<br \/>\n<strong>M\u00aa Luisa Antu\u00f1ano<br \/>\n<\/strong><strong>Pilar S\u00e1ez<br \/>\n<\/strong><strong>Yolanda Garc\u00eda<br \/>\n<\/strong><strong>Ana Izuzquiza<\/strong><\/td>\n<\/tr>\n<\/tbody>\n<\/table>\n<h3><\/h3>\n<p>&nbsp;<\/p>\n<p>&nbsp;<\/p>\n","protected":false},"excerpt":{"rendered":"<p>Estimados\/as amigos\/as El Pr\u00f3ximo d\u00eda 2 de\u00a0Marzo de 2018 celebraremos en Bilbao el XX Congreso de la Sociedad de Endocrinolog\u00eda, Diabetes y Nutrici\u00f3n de Euskadi. De nuevo nos reuniremos para debatir ideas e intercambiar experiencias, para estar con viejos conocidos y para recibir a nuevos profesionales que se incorporan con ilusi\u00f3n al mundo de la [&hellip;]<\/p>\n","protected":false},"author":120,"featured_media":0,"parent":693,"menu_order":0,"comment_status":"closed","ping_status":"closed","template":"","meta":{"footnotes":""},"class_list":["post-695","page","type-page","status-publish","hentry"],"_links":{"self":[{"href":"https:\/\/www.sedyne.es\/es\/wp-json\/wp\/v2\/pages\/695","targetHints":{"allow":["GET"]}}],"collection":[{"href":"https:\/\/www.sedyne.es\/es\/wp-json\/wp\/v2\/pages"}],"about":[{"href":"https:\/\/www.sedyne.es\/es\/wp-json\/wp\/v2\/types\/page"}],"author":[{"embeddable":true,"href":"https:\/\/www.sedyne.es\/es\/wp-json\/wp\/v2\/users\/120"}],"replies":[{"embeddable":true,"href":"https:\/\/www.sedyne.es\/es\/wp-json\/wp\/v2\/comments?post=695"}],"version-history":[{"count":2,"href":"https:\/\/www.sedyne.es\/es\/wp-json\/wp\/v2\/pages\/695\/revisions"}],"predecessor-version":[{"id":705,"href":"https:\/\/www.sedyne.es\/es\/wp-json\/wp\/v2\/pages\/695\/revisions\/705"}],"up":[{"embeddable":true,"href":"https:\/\/www.sedyne.es\/es\/wp-json\/wp\/v2\/pages\/693"}],"wp:attachment":[{"href":"https:\/\/www.sedyne.es\/es\/wp-json\/wp\/v2\/media?parent=695"}],"curies":[{"name":"wp","href":"https:\/\/api.w.org\/{rel}","templated":true}]}}