{"id":696,"date":"2018-08-29T10:25:27","date_gmt":"2018-08-29T09:25:27","guid":{"rendered":"http:\/\/www.sedyne.es\/?page_id=696\/"},"modified":"2018-08-29T10:29:47","modified_gmt":"2018-08-29T09:29:47","slug":"programa","status":"publish","type":"page","link":"https:\/\/www.sedyne.es\/es\/congreso\/marzo-2018\/programa\/","title":{"rendered":"Programa 2018"},"content":{"rendered":"<h2><strong>XX Congreso<\/strong>\u00a0de la Sociedad de Endocrinolog\u00eda, Diabetes\u00a0y Nutrici\u00f3n de Euskadi<\/h2>\n<h4><em><strong>Universidad de Deusto, Edificio La Comercial &#8211; Auditorio Icaza<\/strong><\/em><strong><br \/>\n<\/strong><\/h4>\n<h4>2 de Marzo de 2018<\/h4>\n<table border=\"0\" width=\"100%\" cellspacing=\"0\" cellpadding=\"0\">\n<tbody>\n<tr>\n<td align=\"right\" valign=\"top\" width=\"18%\"><strong>9:00-\u00a0 9:30 h.<\/strong><\/td>\n<td valign=\"top\">Recogida de Documentaci\u00f3n.<\/td>\n<td valign=\"top\"><\/td>\n<\/tr>\n<tr>\n<td align=\"right\" valign=\"top\"><strong>9:30-\u00a0 9:45 h.<\/strong><\/td>\n<td valign=\"top\">Inauguraci\u00f3n Oficial.<\/td>\n<td valign=\"top\"><strong>Auditorio<\/strong><\/td>\n<\/tr>\n<tr>\n<td align=\"right\" valign=\"top\"><strong>9:45-10:30 h.<\/strong><\/td>\n<td valign=\"top\"><strong>Conferencia inaugural.<br \/>\n<\/strong><strong>Presenta: <\/strong><strong><span style=\"color: #0000ff;\">Dra. Maite Guim\u00f3n<\/span>.\u00a0<\/strong> Servicio de Endocrinolog\u00eda y Nutrici\u00f3n.\u00a0 Hospital de Urduliz.<br \/>\n<strong><em>Actualizaci\u00f3n en gen\u00e9tica y tratamiento de la hipercolesterolemia.<\/em><\/strong><em>\u00a0<\/em><br \/>\n<span style=\"color: #0000ff;\"><strong>Dr. Fernando Civeira<\/strong><\/span>. Profesor de Medicina. Jefe Unidad de Cl\u00ednica y de Investigaci\u00f3n de L\u00edpidos. Hospital Universitario Miguel Servet, Zaragoza.<\/td>\n<td valign=\"top\"><strong>Auditorio<\/strong><\/td>\n<\/tr>\n<tr>\n<td align=\"right\" valign=\"top\"><span style=\"color: #993300;\"><strong>10:30-10:50 h.<\/strong><\/span><\/td>\n<td valign=\"top\"><span style=\"color: #993300;\"><strong><em>Caf\u00e9<\/em><\/strong><\/span><\/td>\n<td valign=\"top\"><span style=\"color: #993300;\">Auditorio<\/span><\/td>\n<\/tr>\n<tr>\n<td align=\"right\" valign=\"top\"><strong>11:00-13:00 h.<\/strong><\/td>\n<td valign=\"top\"><strong>Mesa Redonda<em>. <\/em><\/strong><br \/>\n<strong>Moderadora:<\/strong>\u00a0<span style=\"color: #0000ff;\"><strong>Dra. Yolanda Garc\u00eda<\/strong><\/span>. Jefe de Secci\u00f3n. Servicio de Endocrinolog\u00eda y Nutrici\u00f3n. Hospital Galdakao Usansolo.<\/td>\n<td valign=\"top\"><strong>Auditorio<\/strong><\/td>\n<\/tr>\n<tr>\n<td align=\"right\" valign=\"top\">11:00 h.<\/td>\n<td valign=\"top\"><strong><em>Actualizaci\u00f3n en pseudohipoparatiroidismo<\/em><\/strong><br \/>\n<span style=\"color: #0000ff;\"><strong>Dra. Beatriz Lecumberri<\/strong><\/span>. Hospital Universitario La Paz. Universidad Aut\u00f3noma de Madrid.<\/td>\n<td valign=\"top\"><\/td>\n<\/tr>\n<tr>\n<td align=\"right\" valign=\"top\">11:40 h.<\/td>\n<td valign=\"top\"><strong><em>M\u00e9todos de valoraci\u00f3n de la grasa corporal.<\/em><\/strong><br \/>\n<span style=\"color: #0000ff;\"><strong>Dr. Diego Bellido<\/strong><\/span>.\u00a0 Jefe Servicio Endocrinolog\u00eda y Nutrici\u00f3n. Complejo Hospitalario de Ferrol.<\/td>\n<td valign=\"top\"><\/td>\n<\/tr>\n<tr>\n<td align=\"right\" valign=\"top\">12:20 h.<\/td>\n<td valign=\"top\"><strong><em>Abordaje sanitario del menor transexual.<\/em><\/strong><br \/>\n<span style=\"color: #0000ff;\"><strong>Dra. Itxaso Rica<\/strong><\/span>. Jefe Secci\u00f3n Endocrinolog\u00eda Pedi\u00e1trica. Hospital Universitario Cruces.<\/td>\n<td valign=\"top\"><\/td>\n<\/tr>\n<tr>\n<td align=\"right\" valign=\"top\"><strong>11:00-13:00 h.<\/strong><\/td>\n<td valign=\"top\"><strong>Mesa redonda.<em><br \/>\nLa dieta y el ejercicio en distintos escenarios<br \/>\n<\/em>Moderadora: <span style=\"color: #0000ff;\">D\u00f1a. Pilar S\u00e1ez Quevedo<\/span>.<em><br \/>\n<\/em><\/strong>Enfermera educadora en Diabetes. Servicio de Endocrinolog\u00eda y Nutrici\u00f3n. Hospital Universitario Basurto.<\/td>\n<td valign=\"top\"><strong>Aula 02- planta 0<\/strong><\/td>\n<\/tr>\n<tr>\n<td align=\"right\" valign=\"top\">11.00 h<\/td>\n<td valign=\"top\"><em><strong>Prescripci\u00f3n de ejercicio f\u00edsico en Diabetes Mellitus.<\/strong><\/em><br \/>\n<strong><span style=\"color: #0000ff;\">Dr. Mikel Izquierdo<\/span>.\u00a0<\/strong><br \/>\nDoctor en Ciencias de la Actividad F\u00edsica y el deporte. Catedr\u00e1tico y Director del Departamento de Ciencias de la Salud de la Universidad P\u00fablica de Navarra.<\/td>\n<td valign=\"top\"><\/td>\n<\/tr>\n<tr>\n<td align=\"right\" valign=\"top\">12:00 h.<\/td>\n<td valign=\"top\"><strong><em>Taller de recomendaciones diet\u00e9ticas para la consulta ambulatoria.<\/em><\/strong><br \/>\n<strong><span style=\"color: #0000ff;\">D\u00f1a. Oihana Monasterio<\/span>.\u00a0<\/strong><br \/>\nDiplomada en Nutrici\u00f3n humana y diet\u00e9tica. Unidad de Nutrici\u00f3n. Servicio de Endocrinolog\u00eda y Nutrici\u00f3n. Hospital Universitario Basurto.<\/td>\n<td valign=\"top\"><\/td>\n<\/tr>\n<tr>\n<td align=\"right\" valign=\"top\"><strong>13:10-14:25 h.<\/strong><\/td>\n<td valign=\"top\"><strong><em>Comunicaciones Orales A.<\/em><\/strong><br \/>\n<strong>Moderadora:<br \/>\n<span style=\"color: #0000ff;\">Dra<\/span><\/strong><span style=\"color: #0000ff;\"><strong>. Nerea Ega\u00f1a<\/strong><\/span>. Servicio de Endocrinolog\u00eda y Nutrici\u00f3n.\u00a0 Complejo Hospitalario Donostia.<\/td>\n<td valign=\"top\"><strong>Auditorio<\/strong><\/td>\n<\/tr>\n<tr>\n<td align=\"right\" valign=\"top\"><strong>13:10-14:25 h.<\/strong><\/td>\n<td valign=\"top\"><strong><em>Comunicaciones Orales B.<\/em><\/strong><br \/>\n<strong>Moderadora:<br \/>\n<span style=\"color: #0000ff;\">Dra<\/span><\/strong><span style=\"color: #0000ff;\"><strong>. Leire Isasa<\/strong><\/span>. Servicio de Endocrinolog\u00eda y Nutrici\u00f3n. Hospital Universitario Araba.<\/td>\n<td valign=\"top\"><strong>Aula 02- planta 0<br \/>\n<\/strong><\/td>\n<\/tr>\n<tr>\n<td align=\"right\" valign=\"top\"><span style=\"color: #993300;\"><strong>14:30-16:30 h.<\/strong><\/span><\/td>\n<td valign=\"top\"><span style=\"color: #993300;\"><em><strong>Comida<\/strong><\/em><\/span><\/td>\n<td valign=\"top\"><span style=\"color: #993300;\">Claustro<\/span><\/td>\n<\/tr>\n<tr>\n<td align=\"right\" valign=\"top\"><strong>16:30 -18:30 h.<\/strong><\/td>\n<td valign=\"top\"><strong>Mesa redonda<\/strong><strong>.<\/strong><br \/>\n<strong><em>Actualizaci\u00f3n en microangiopat\u00eda diab\u00e9tica.<\/em><\/strong><br \/>\n<strong>Moderadora<\/strong><strong>:\u00a0<\/strong><span style=\"color: #0000ff;\"><strong>Dra. Cristina Moreno<\/strong><\/span>.<br \/>\nServicio de Endocrinolog\u00eda y Nutrici\u00f3n.\u00a0 Hospital Universitario Basurto.<\/td>\n<td valign=\"top\"><strong>Auditorio<\/strong><\/td>\n<\/tr>\n<tr>\n<td align=\"right\" valign=\"top\">16:35 h.<\/td>\n<td valign=\"top\"><strong><em>Avances en el diagn\u00f3stico y tratamiento de la retinopat\u00eda diab\u00e9tica y el edema macular.<\/em><\/strong><br \/>\n<strong><span style=\"color: #0000ff;\">Dr. Jos\u00e9 Javier Araiz<\/span>. <\/strong>Jefe de la Unidad de retina. Servicio Oftalmolog\u00eda. Hospital San Eloy.<\/td>\n<td valign=\"top\"><\/td>\n<\/tr>\n<tr>\n<td align=\"right\" valign=\"top\">1<em>7<\/em>:05 h.<\/td>\n<td valign=\"top\"><strong><em>Nefroprotecci\u00f3n en la Diabetes Mellitus tipo 2.<br \/>\n<\/em><span style=\"color: #0000ff;\">Dr. Alberto Tejedor<\/span>. <\/strong>Vicedecano de Hospitales universitarios \u00abGregorio Mara\u00f1\u00f3n\u00bb e \u00abInfanta Leonor\u00bb. Facultad de Medicina.\u00a0Universidad Complutense de Madrid. Servicio de Nefrolog\u00eda, Hospital Universitario \u00abGregorio Mara\u00f1\u00f3n\u00bb.<\/td>\n<td valign=\"top\"><\/td>\n<\/tr>\n<tr>\n<td align=\"right\" valign=\"top\">17:35 h.<\/td>\n<td valign=\"top\"><strong><em>Neuropat\u00eda diab\u00e9tica: nuevos f\u00e1rmacos.<\/em><\/strong><br \/>\n<strong><span style=\"color: #0000ff;\">Dr. Luis Varona<\/span>.\u00a0 <\/strong>Servicio Neurolog\u00eda. Hospital Universitario Basurto.<\/td>\n<td valign=\"top\"><\/td>\n<\/tr>\n<tr>\n<td align=\"right\" valign=\"top\">18:05 h.<\/td>\n<td valign=\"top\"><em>Discusi\u00f3n<\/em><\/td>\n<td valign=\"top\"><\/td>\n<\/tr>\n<tr>\n<td align=\"right\" valign=\"top\"><strong>18.30 h.<\/strong><\/td>\n<td valign=\"top\"><strong>Asamblea SEDYNE<\/strong><\/td>\n<td valign=\"top\"><strong>Auditorio<\/strong><\/td>\n<\/tr>\n<\/tbody>\n<\/table>\n<p>&nbsp;<\/p>\n<p><strong>Ha sido reconocido como acto de Inter\u00e9s Cient\u00edfico Sanitario por el\u00a0 Departamento de Salud del Gobierno Vasco.<\/strong><\/p>\n<h5 style=\"text-align: center;\"><strong>PATROCINADORES DEL CONGRESO<\/strong><\/h5>\n<table>\n<tbody>\n<tr>\n<td><img loading=\"lazy\" decoding=\"async\" class=\"size-medium wp-image-359 aligncenter\" src=\"http:\/\/www.sedyne.es\/wp-content\/uploads\/2016\/09\/AmgenLogo_Blue-300x140.jpg\" alt=\"\" width=\"300\" height=\"140\" srcset=\"https:\/\/www.sedyne.es\/wp-content\/uploads\/2016\/09\/AmgenLogo_Blue-300x140.jpg 300w, https:\/\/www.sedyne.es\/wp-content\/uploads\/2016\/09\/AmgenLogo_Blue.jpg 501w\" sizes=\"auto, (max-width: 300px) 100vw, 300px\" \/><\/td>\n<td><img loading=\"lazy\" decoding=\"async\" class=\"size-medium wp-image-298 aligncenter\" src=\"http:\/\/www.sedyne.es\/wp-content\/uploads\/2016\/09\/AZ_RGB_H_COL-e1486639511139-300x78.jpg\" alt=\"\" width=\"300\" height=\"78\" srcset=\"https:\/\/www.sedyne.es\/wp-content\/uploads\/2016\/09\/AZ_RGB_H_COL-e1486639511139-300x78.jpg 300w, https:\/\/www.sedyne.es\/wp-content\/uploads\/2016\/09\/AZ_RGB_H_COL-e1486639511139-768x199.jpg 768w, https:\/\/www.sedyne.es\/wp-content\/uploads\/2016\/09\/AZ_RGB_H_COL-e1486639511139-1024x265.jpg 1024w, https:\/\/www.sedyne.es\/wp-content\/uploads\/2016\/09\/AZ_RGB_H_COL-e1486639511139-640x166.jpg 640w, https:\/\/www.sedyne.es\/wp-content\/uploads\/2016\/09\/AZ_RGB_H_COL-e1486639511139-681x176.jpg 681w, https:\/\/www.sedyne.es\/wp-content\/uploads\/2016\/09\/AZ_RGB_H_COL-e1486639511139.jpg 1221w\" sizes=\"auto, (max-width: 300px) 100vw, 300px\" \/><\/td>\n<td><img loading=\"lazy\" decoding=\"async\" class=\"size-medium wp-image-299 aligncenter\" src=\"http:\/\/www.sedyne.es\/wp-content\/uploads\/2016\/09\/esteve-300x85.jpg\" alt=\"esteve\" width=\"300\" height=\"85\" srcset=\"https:\/\/www.sedyne.es\/wp-content\/uploads\/2016\/09\/esteve-300x85.jpg 300w, https:\/\/www.sedyne.es\/wp-content\/uploads\/2016\/09\/esteve-768x217.jpg 768w, https:\/\/www.sedyne.es\/wp-content\/uploads\/2016\/09\/esteve-1024x289.jpg 1024w, https:\/\/www.sedyne.es\/wp-content\/uploads\/2016\/09\/esteve-1486x420.jpg 1486w, https:\/\/www.sedyne.es\/wp-content\/uploads\/2016\/09\/esteve-640x181.jpg 640w, https:\/\/www.sedyne.es\/wp-content\/uploads\/2016\/09\/esteve-681x192.jpg 681w\" sizes=\"auto, (max-width: 300px) 100vw, 300px\" \/><\/td>\n<\/tr>\n<tr>\n<td><img loading=\"lazy\" decoding=\"async\" class=\" wp-image-357 aligncenter\" src=\"http:\/\/www.sedyne.es\/wp-content\/uploads\/2016\/09\/NovoN_m_2c_CMYK_Coated-300x248.jpg\" alt=\"\" width=\"125\" height=\"103\" srcset=\"https:\/\/www.sedyne.es\/wp-content\/uploads\/2016\/09\/NovoN_m_2c_CMYK_Coated-300x248.jpg 300w, https:\/\/www.sedyne.es\/wp-content\/uploads\/2016\/09\/NovoN_m_2c_CMYK_Coated-768x635.jpg 768w, https:\/\/www.sedyne.es\/wp-content\/uploads\/2016\/09\/NovoN_m_2c_CMYK_Coated-1024x846.jpg 1024w, https:\/\/www.sedyne.es\/wp-content\/uploads\/2016\/09\/NovoN_m_2c_CMYK_Coated-508x420.jpg 508w, https:\/\/www.sedyne.es\/wp-content\/uploads\/2016\/09\/NovoN_m_2c_CMYK_Coated-640x529.jpg 640w, https:\/\/www.sedyne.es\/wp-content\/uploads\/2016\/09\/NovoN_m_2c_CMYK_Coated-681x563.jpg 681w, https:\/\/www.sedyne.es\/wp-content\/uploads\/2016\/09\/NovoN_m_2c_CMYK_Coated.jpg 1686w\" sizes=\"auto, (max-width: 125px) 100vw, 125px\" \/><\/td>\n<td><img loading=\"lazy\" decoding=\"async\" class=\"wp-image-346 aligncenter\" src=\"http:\/\/www.sedyne.es\/wp-content\/uploads\/2016\/09\/novartis_logo_pos_rgb.jpg\" alt=\"\" width=\"146\" height=\"27\" srcset=\"https:\/\/www.sedyne.es\/wp-content\/uploads\/2016\/09\/novartis_logo_pos_rgb.jpg 1780w, https:\/\/www.sedyne.es\/wp-content\/uploads\/2016\/09\/novartis_logo_pos_rgb-300x55.jpg 300w, https:\/\/www.sedyne.es\/wp-content\/uploads\/2016\/09\/novartis_logo_pos_rgb-768x140.jpg 768w, https:\/\/www.sedyne.es\/wp-content\/uploads\/2016\/09\/novartis_logo_pos_rgb-1024x187.jpg 1024w, https:\/\/www.sedyne.es\/wp-content\/uploads\/2016\/09\/novartis_logo_pos_rgb-640x117.jpg 640w, https:\/\/www.sedyne.es\/wp-content\/uploads\/2016\/09\/novartis_logo_pos_rgb-681x124.jpg 681w\" sizes=\"auto, (max-width: 146px) 100vw, 146px\" \/><\/td>\n<td><img loading=\"lazy\" decoding=\"async\" class=\"wp-image-377 aligncenter\" src=\"http:\/\/www.sedyne.es\/wp-content\/uploads\/2016\/09\/SANOFI-300x256.jpg\" alt=\"\" width=\"122\" height=\"104\" srcset=\"https:\/\/www.sedyne.es\/wp-content\/uploads\/2016\/09\/SANOFI-300x256.jpg 300w, https:\/\/www.sedyne.es\/wp-content\/uploads\/2016\/09\/SANOFI-768x656.jpg 768w, https:\/\/www.sedyne.es\/wp-content\/uploads\/2016\/09\/SANOFI-1024x874.jpg 1024w, https:\/\/www.sedyne.es\/wp-content\/uploads\/2016\/09\/SANOFI-492x420.jpg 492w, https:\/\/www.sedyne.es\/wp-content\/uploads\/2016\/09\/SANOFI-640x546.jpg 640w, https:\/\/www.sedyne.es\/wp-content\/uploads\/2016\/09\/SANOFI-681x581.jpg 681w, https:\/\/www.sedyne.es\/wp-content\/uploads\/2016\/09\/SANOFI.jpg 1752w\" sizes=\"auto, (max-width: 122px) 100vw, 122px\" \/><\/td>\n<\/tr>\n<\/tbody>\n<\/table>\n<h5 style=\"text-align: center;\">\u00a0<strong>COLABORADORES DEL CONGRESO<\/strong><\/h5>\n<table>\n<tbody>\n<tr>\n<td><img loading=\"lazy\" decoding=\"async\" class=\"size-medium wp-image-328 aligncenter\" src=\"http:\/\/www.sedyne.es\/wp-content\/uploads\/2016\/09\/almirall-logo-300x86.jpg\" alt=\"\" width=\"300\" height=\"86\" srcset=\"https:\/\/www.sedyne.es\/wp-content\/uploads\/2016\/09\/almirall-logo-300x86.jpg 300w, https:\/\/www.sedyne.es\/wp-content\/uploads\/2016\/09\/almirall-logo-640x184.jpg 640w, https:\/\/www.sedyne.es\/wp-content\/uploads\/2016\/09\/almirall-logo-681x198.jpg 681w, https:\/\/www.sedyne.es\/wp-content\/uploads\/2016\/09\/almirall-logo.jpg 688w\" sizes=\"auto, (max-width: 300px) 100vw, 300px\" \/><\/td>\n<td style=\"text-align: center;\"><img loading=\"lazy\" decoding=\"async\" class=\"wp-image-287 aligncenter\" src=\"http:\/\/www.sedyne.es\/wp-content\/uploads\/2016\/09\/Lilly_Boehringer-300x82.jpeg\" alt=\"Lilly_Boehringer\" width=\"300\" height=\"82\" \/><\/td>\n<td style=\"text-align: center;\"><img loading=\"lazy\" decoding=\"async\" class=\"wp-image-583 aligncenter\" src=\"http:\/\/www.sedyne.es\/wp-content\/uploads\/2017\/10\/fresnius-kabi-large-1.png\" alt=\"\" width=\"64\" height=\"43\" srcset=\"https:\/\/www.sedyne.es\/wp-content\/uploads\/2017\/10\/fresnius-kabi-large-1.png 700w, https:\/\/www.sedyne.es\/wp-content\/uploads\/2017\/10\/fresnius-kabi-large-1-300x200.png 300w, https:\/\/www.sedyne.es\/wp-content\/uploads\/2017\/10\/fresnius-kabi-large-1-631x420.png 631w, https:\/\/www.sedyne.es\/wp-content\/uploads\/2017\/10\/fresnius-kabi-large-1-537x360.png 537w, https:\/\/www.sedyne.es\/wp-content\/uploads\/2017\/10\/fresnius-kabi-large-1-640x426.png 640w, https:\/\/www.sedyne.es\/wp-content\/uploads\/2017\/10\/fresnius-kabi-large-1-681x453.png 681w\" sizes=\"auto, (max-width: 64px) 100vw, 64px\" \/><\/td>\n<td><img loading=\"lazy\" decoding=\"async\" class=\"wp-image-360 aligncenter\" src=\"http:\/\/www.sedyne.es\/wp-content\/uploads\/2016\/09\/IPSEN-azul.jpg\" alt=\"\" width=\"360\" height=\"101\" srcset=\"https:\/\/www.sedyne.es\/wp-content\/uploads\/2016\/09\/IPSEN-azul.jpg 360w, https:\/\/www.sedyne.es\/wp-content\/uploads\/2016\/09\/IPSEN-azul-300x84.jpg 300w\" sizes=\"auto, (max-width: 360px) 100vw, 360px\" \/><\/td>\n<td style=\"text-align: center;\"><img loading=\"lazy\" decoding=\"async\" class=\"size-medium wp-image-369 aligncenter\" src=\"http:\/\/www.sedyne.es\/wp-content\/uploads\/2016\/09\/Logo-Janssen_Profesionales-300x147.jpg\" alt=\"\" width=\"300\" height=\"147\" srcset=\"https:\/\/www.sedyne.es\/wp-content\/uploads\/2016\/09\/Logo-Janssen_Profesionales-300x147.jpg 300w, https:\/\/www.sedyne.es\/wp-content\/uploads\/2016\/09\/Logo-Janssen_Profesionales-768x377.jpg 768w, https:\/\/www.sedyne.es\/wp-content\/uploads\/2016\/09\/Logo-Janssen_Profesionales-1024x502.jpg 1024w, https:\/\/www.sedyne.es\/wp-content\/uploads\/2016\/09\/Logo-Janssen_Profesionales-856x420.jpg 856w, https:\/\/www.sedyne.es\/wp-content\/uploads\/2016\/09\/Logo-Janssen_Profesionales-640x314.jpg 640w, https:\/\/www.sedyne.es\/wp-content\/uploads\/2016\/09\/Logo-Janssen_Profesionales-681x334.jpg 681w, https:\/\/www.sedyne.es\/wp-content\/uploads\/2016\/09\/Logo-Janssen_Profesionales.jpg 1478w\" sizes=\"auto, (max-width: 300px) 100vw, 300px\" \/><\/td>\n<\/tr>\n<tr>\n<td style=\"text-align: center;\"><\/td>\n<td><img loading=\"lazy\" decoding=\"async\" class=\"size-full wp-image-378 aligncenter\" src=\"http:\/\/www.sedyne.es\/wp-content\/uploads\/2016\/09\/MSD.jpg\" alt=\"\" width=\"216\" height=\"101\" \/><\/td>\n<td style=\"text-align: center;\"><img loading=\"lazy\" decoding=\"async\" class=\"size-full wp-image-584 aligncenter\" src=\"http:\/\/www.sedyne.es\/wp-content\/uploads\/2017\/10\/nestle.png\" alt=\"\" width=\"204\" height=\"117\" \/><\/td>\n<td style=\"text-align: center;\"><img loading=\"lazy\" decoding=\"async\" class=\"wp-image-347 aligncenter\" src=\"http:\/\/www.sedyne.es\/wp-content\/uploads\/2016\/09\/PIFZER-WEB-300x171.jpg\" alt=\"\" width=\"67\" height=\"38\" srcset=\"https:\/\/www.sedyne.es\/wp-content\/uploads\/2016\/09\/PIFZER-WEB-300x171.jpg 300w, https:\/\/www.sedyne.es\/wp-content\/uploads\/2016\/09\/PIFZER-WEB.jpg 413w\" sizes=\"auto, (max-width: 67px) 100vw, 67px\" \/><\/td>\n<td><\/td>\n<\/tr>\n<tr>\n<td style=\"text-align: center;\"><\/td>\n<td><\/td>\n<td><\/td>\n<td><\/td>\n<td><\/td>\n<\/tr>\n<\/tbody>\n<\/table>\n<p>&nbsp;<\/p>\n","protected":false},"excerpt":{"rendered":"<p>XX Congreso\u00a0de la Sociedad de Endocrinolog\u00eda, Diabetes\u00a0y Nutrici\u00f3n de Euskadi Universidad de Deusto, Edificio La Comercial &#8211; Auditorio Icaza 2 de Marzo de 2018 9:00-\u00a0 9:30 h. Recogida de Documentaci\u00f3n. 9:30-\u00a0 9:45 h. Inauguraci\u00f3n Oficial. Auditorio 9:45-10:30 h. Conferencia inaugural. Presenta: Dra. Maite Guim\u00f3n.\u00a0 Servicio de Endocrinolog\u00eda y Nutrici\u00f3n.\u00a0 Hospital de Urduliz. Actualizaci\u00f3n en gen\u00e9tica [&hellip;]<\/p>\n","protected":false},"author":120,"featured_media":0,"parent":693,"menu_order":1,"comment_status":"closed","ping_status":"closed","template":"","meta":{"footnotes":""},"class_list":["post-696","page","type-page","status-publish","hentry"],"_links":{"self":[{"href":"https:\/\/www.sedyne.es\/es\/wp-json\/wp\/v2\/pages\/696","targetHints":{"allow":["GET"]}}],"collection":[{"href":"https:\/\/www.sedyne.es\/es\/wp-json\/wp\/v2\/pages"}],"about":[{"href":"https:\/\/www.sedyne.es\/es\/wp-json\/wp\/v2\/types\/page"}],"author":[{"embeddable":true,"href":"https:\/\/www.sedyne.es\/es\/wp-json\/wp\/v2\/users\/120"}],"replies":[{"embeddable":true,"href":"https:\/\/www.sedyne.es\/es\/wp-json\/wp\/v2\/comments?post=696"}],"version-history":[{"count":2,"href":"https:\/\/www.sedyne.es\/es\/wp-json\/wp\/v2\/pages\/696\/revisions"}],"predecessor-version":[{"id":706,"href":"https:\/\/www.sedyne.es\/es\/wp-json\/wp\/v2\/pages\/696\/revisions\/706"}],"up":[{"embeddable":true,"href":"https:\/\/www.sedyne.es\/es\/wp-json\/wp\/v2\/pages\/693"}],"wp:attachment":[{"href":"https:\/\/www.sedyne.es\/es\/wp-json\/wp\/v2\/media?parent=696"}],"curies":[{"name":"wp","href":"https:\/\/api.w.org\/{rel}","templated":true}]}}