{"id":1094,"date":"2020-01-23T14:06:18","date_gmt":"2020-01-23T13:06:18","guid":{"rendered":"http:\/\/www.sedyne.es\/?page_id=1094\/"},"modified":"2024-10-30T17:13:02","modified_gmt":"2024-10-30T16:13:02","slug":"komunikazioak-2","status":"publish","type":"page","link":"https:\/\/www.sedyne.es\/eu\/biltzarra\/biltzarra-2024\/komunikazioak-2\/","title":{"rendered":"2024 Komunikazioak"},"content":{"rendered":"<p><strong>KOMUNIKAZIOEN LABURPENAK JASOTZEKO AZKEN EGUNA:\u00a0\u00a0\u00a0\u00a0\u00a0 \u00a0 2024-02-14<\/strong><\/p>\n<p>LABURPEN GUZTIAK WEBGUNEAREN BIDEZ AURKEZTUKO DIRA<\/p>\n<ul>\n<li>Laburpenak honako atal hauek izan behar ditu:\u00a0 Sarrera, Metodologia, Emaitzak eta Konklusioak.<\/li>\n<li>Gehienez 4000 karaktere (espazioekin). Letra mota: Arial 11.<\/li>\n<li>Identifikazio-datuak formularioan azaldu behar dira.\u00a0 Ezein kasutan ez dira laburpenean sartu behar.\u00a0<strong>Egilekideak ez badira erregistratzen formularioan horretarako dagoen eremuan, ez dira agertuko komunikazioen liburuan, ezta ziurtagirietan ere<\/strong>.<\/li>\n<\/ul>\n<table style=\"height: 68px;\" width=\"300\">\n<tbody>\n<tr>\n<td>\n<h3 style=\"text-align: left;\"><span style=\"background-color: #3366ff; color: #ffffff;\"><strong><a href=\"https:\/\/tisa.teventos.com\/sedyne22\/eu\/mods\/komunikazio-bidalketa\" target=\"_blank\" rel=\"noopener noreferrer\"><img loading=\"lazy\" decoding=\"async\" class=\"alignright wp-image-1885\" src=\"https:\/\/www.sedyne.es\/wp-content\/uploads\/2017\/10\/hacer-clic.png\" alt=\"\" width=\"67\" height=\"67\" srcset=\"https:\/\/www.sedyne.es\/wp-content\/uploads\/2017\/10\/hacer-clic.png 512w, https:\/\/www.sedyne.es\/wp-content\/uploads\/2017\/10\/hacer-clic-150x150.png 150w, https:\/\/www.sedyne.es\/wp-content\/uploads\/2017\/10\/hacer-clic-300x300.png 300w, https:\/\/www.sedyne.es\/wp-content\/uploads\/2017\/10\/hacer-clic-420x420.png 420w\" sizes=\"auto, (max-width: 67px) 100vw, 67px\" \/><\/a><\/strong><\/span><\/h3>\n<\/td>\n<td>\n<h3 style=\"text-align: center;\"><span style=\"color: #ffffff; background-color: #4d9ef0;\"><em><a style=\"color: #ffffff; background-color: #4d9ef0;\" href=\"https:\/\/tisa.teventos.com\/sedyne24\/eu\/mods\/komunikazio-bidalketa\" target=\"_blank\" rel=\"noopener noreferrer\"><strong>KOMUNIKAZIOA \/ LABURPENA BIDALI<\/strong><\/a><\/em><\/span><\/h3>\n<\/td>\n<td>\n<h3 style=\"text-align: left;\"><span style=\"background-color: #3366ff; color: #ffffff;\"><strong><a href=\"https:\/\/tisa.teventos.com\/sedyne22\/eu\/mods\/komunikazio-bidalketa\" target=\"_blank\" rel=\"noopener noreferrer\"><img loading=\"lazy\" decoding=\"async\" class=\"alignleft wp-image-1885\" src=\"https:\/\/www.sedyne.es\/wp-content\/uploads\/2017\/10\/hacer-clic.png\" alt=\"\" width=\"67\" height=\"67\" srcset=\"https:\/\/www.sedyne.es\/wp-content\/uploads\/2017\/10\/hacer-clic.png 512w, https:\/\/www.sedyne.es\/wp-content\/uploads\/2017\/10\/hacer-clic-150x150.png 150w, https:\/\/www.sedyne.es\/wp-content\/uploads\/2017\/10\/hacer-clic-300x300.png 300w, https:\/\/www.sedyne.es\/wp-content\/uploads\/2017\/10\/hacer-clic-420x420.png 420w\" sizes=\"auto, (max-width: 67px) 100vw, 67px\" \/><\/a><\/strong><\/span><\/h3>\n<\/td>\n<\/tr>\n<\/tbody>\n<\/table>\n<p>&nbsp;<\/p>\n<p style=\"text-align: left;\"><strong>Komunikazioak Biltzarrean AURKEZTEKO arauak:<\/strong><strong><br \/>\n<\/strong>Hizlariak 10 minutu izango ditu komunikazio bakoitza defendatzeko.<\/p>\n<hr \/>\n<p><strong>ORDUTEGIA ETA ARETOA:<\/strong><\/p>\n<p><span style=\"color: #000000;\">12:50 &#8211; 14:00.\u00a0<\/span>Aldi beran Mitxelena eta Baroja\u00a0aretoetan.<\/p>\n<p>Gogoratu aldez aurretik zure komunikazioa dagokion gelako ordenagailuan kargatuta izatea, mesedez. Hitzaldiak hasi aurretik eta kafe-etenaldian egin dezakezu.<\/p>\n<p><span style=\"color: #ff9900;\"><strong>12:50 &#8211; 14:00 h.\u00a0\u00a0<\/strong><strong>Baroja Aretoa<\/strong><\/span><br \/>\n<em><strong>Ahozko Komunikazioak. 1.Mahaia<\/strong><\/em><\/p>\n<p><strong>Moderatzaileak:<\/strong><strong>\u00a0 \u00a0 \u00a0 \u00a0 \u00a0 \u00a0 \u00a0 \u00a0 \u00a0 \u00a0 \u00a0 \u00a0 \u00a0 \u00a0 \u00a0 \u00a0\u00a0<\/strong><br \/>\n<span style=\"color: #3366ff;\"><strong>Ignacio Merlo doktorea. <\/strong><span style=\"color: #000000;\">Donostiako Unibertsitate Ospitalea.<\/span><\/span><br \/>\n<span style=\"color: #3366ff;\"><strong>Ana Rosa Molina doktorea. <\/strong><span style=\"color: #000000;\">Gurutzetako Unibertsitate Ospitalea.<\/span><\/span><\/p>\n<table width=\"453\">\n<tbody>\n<tr>\n<td width=\"35\"><\/td>\n<td width=\"419\">Tituloa<\/td>\n<\/tr>\n<tr>\n<td width=\"35\">\n<p style=\"text-align: center;\">1<\/p>\n<\/td>\n<td width=\"419\">ESTUDIO PILOTO COMPARATIVO DE UN SISTEMA ASISTENCIAL ALTERNATIVO DE ASISTENCIA TELEMATICA VS ESQUEMA ASISTENCIAL HABITUAL PRESENCIAL, EN PACIENTES CON DIABETES MELLITUS TIPO 1<\/td>\n<\/tr>\n<tr>\n<td style=\"text-align: center;\" width=\"35\">2<\/td>\n<td width=\"419\">ESTUDIO PILOTO DEL AUTOCUIDADO DE LOS PIES EN PACIENTES CON DIABETES<\/td>\n<\/tr>\n<tr>\n<td style=\"text-align: center;\" width=\"35\">3<\/td>\n<td width=\"419\">DETECCI\u00d3N DE NECESIDADES EDUCATIVAS TRAS ENCUESTA DE CONOCIMENTO A PERSONAL DE ENFERMERIA<\/td>\n<\/tr>\n<tr>\n<td style=\"text-align: center;\" width=\"35\">4<\/td>\n<td width=\"419\">PUNTUACIONES DE RIESGO POLIG\u00c9NICO EN PACIENTES CON SOSPECHA DE DIABETES MONOG\u00c9NICA EN POBLACI\u00d3N ESPA\u00d1OLA<\/td>\n<\/tr>\n<tr>\n<td style=\"text-align: center;\" width=\"35\">5<\/td>\n<td width=\"419\">COMPOSICI\u00d3N CORPORAL DE PACIENTES CON TRASTORNO DE CONDUCTA ALIMENTARIA Y RELEVANCIA DE LA BIOIMPEDANCIOMETR\u00cdA PARA SU VALORACI\u00d3N<\/td>\n<\/tr>\n<tr>\n<td width=\"35\">\n<p style=\"text-align: center;\">6<\/p>\n<\/td>\n<td width=\"419\">CORRELACION ENTRE LA PRESENCIA DE LIPODISTROFIAS, LOS A\u00d1OS DE EVOLUCI\u00d3N DE LA DIABETES Y DOSIS TOTAL DIARIA DE INSULINA<\/td>\n<\/tr>\n<tr>\n<td style=\"text-align: center;\" width=\"35\">7<\/td>\n<td width=\"419\">VARIANTES EN LOS GENES CNNM2 Y RRAGD COMO CAUSA DE HIPOMAGNESEMIA RENAL<\/td>\n<\/tr>\n<\/tbody>\n<\/table>\n<p style=\"text-align: center;\">____________<\/p>\n<p><span style=\"color: #339966;\"><strong>12:50 &#8211; 14:00 h.\u00a0 Mitxelena Auditorioa<\/strong><\/span><br \/>\n<em><strong>Ahozko Komunikazioak. 2.Mahaia<\/strong><\/em><\/p>\n<p><strong>Moderatzaileak:\u00a0<\/strong><br \/>\n<span style=\"color: #0000ff;\"><strong>Nerea Ega\u00f1a doktorea. <\/strong><span style=\"color: #000000;\">Donostiako Unibertsitate Ospitalea.<\/span><\/span><br \/>\n<span style=\"color: #0000ff;\"><strong>V\u00edctor Sola doktorea.<\/strong><span style=\"color: #000000;\"> Arabako\u00a0Unibertsitate Ospitalea.<\/span><\/span><\/p>\n<table width=\"453\">\n<tbody>\n<tr>\n<td width=\"37\"><\/td>\n<td width=\"416\">Tituloa<\/td>\n<\/tr>\n<tr>\n<td width=\"37\">\n<p style=\"text-align: center;\">1<\/p>\n<\/td>\n<td width=\"416\">PRESENTACI\u00d3N DE RESULTADOS DE CITOLOG\u00cdA DEL N\u00d3DULO TIROIDEO MEDIANTE PUNCI\u00d3N ASPIRACI\u00d3N CON AGUJA FINA (PAAF) EN EL HOSPITAL ALTO DEBA<\/td>\n<\/tr>\n<tr>\n<td style=\"text-align: center;\" width=\"37\">2<\/td>\n<td width=\"416\">ACTIVIDAD QUIR\u00daRGICA TRANSESFENOIDAL EN LA CAV EN EL PERIODO 2018-2022<\/td>\n<\/tr>\n<tr>\n<td style=\"text-align: center;\" width=\"37\">\u00a03<\/td>\n<td width=\"416\">IMPOSIBILIDAD PARA DIAGN\u00d3STICO DE DIABETES GESTACIONAL, RETO HABITUAL<\/td>\n<\/tr>\n<tr>\n<td style=\"text-align: center;\" width=\"37\">4<\/td>\n<td width=\"416\">INTERVENCION NUTRICIONAL EN PACIENTES STEINERT Y SU EFECTO EN COMPOSICION CORPORAL Y FUNCIONALIDAD<\/td>\n<\/tr>\n<tr>\n<td style=\"text-align: center;\" width=\"37\">\u00a05<\/td>\n<td width=\"416\">MACROADENOMA HIPOFISARIO NO FUNCIONANTE: AN\u00c1LISIS DE RESULTADOS DEL HUA<\/td>\n<\/tr>\n<tr>\n<td style=\"text-align: center;\" width=\"37\">6<\/td>\n<td width=\"416\">USO DE LA COPEPTINA BASAL Y ESTIMULADA PARA LA VALORACI\u00d3N DEL SD. POLIURIA POLIDIPSIA. EXPERIENCIA DE USO.<\/td>\n<\/tr>\n<tr>\n<td style=\"text-align: center;\" width=\"37\">7<\/td>\n<td width=\"416\">REVISI\u00d3N DE LAS COMPLICACIONES DE LAS GASTROSTOM\u00cdAS RADIOL\u00d3GICAS PERCUT\u00c1NEAS REALIZADAS EN EL HOSPITAL UNIVERSITARIO GALDAKAO-US\u00c1NSOLO DURANTE LOS A\u00d1OS 2022 Y 2023<\/td>\n<\/tr>\n<\/tbody>\n<\/table>\n<p style=\"text-align: center;\">____________<\/p>\n<p>&nbsp;<\/p>\n<p><strong>Idazkaritza<br \/>\n<\/strong>Tisa Congresos &#8211; Tel. \u00a0944 243 997\u00a0<a href=\"mailto:sedyne@tisasa.es\">sedyne@tisasa.es<\/a><\/p>\n<p><span style=\"background-color: #ffffff; color: #3366ff;\"><strong><a href=\"https:\/\/www.sedyne.es\/wp-content\/uploads\/2020\/01\/XXV-SEDyNE-libro-2024.pdf\">Deskargatu hemen kongresuko liburua.<\/a>\u00a0<\/strong><\/span><\/p>\n","protected":false},"excerpt":{"rendered":"<p>KOMUNIKAZIOEN LABURPENAK JASOTZEKO AZKEN EGUNA:\u00a0\u00a0\u00a0\u00a0\u00a0 \u00a0 2024-02-14 LABURPEN GUZTIAK WEBGUNEAREN BIDEZ AURKEZTUKO DIRA Laburpenak honako atal hauek izan behar ditu:\u00a0 Sarrera, Metodologia, Emaitzak eta Konklusioak. Gehienez 4000 karaktere (espazioekin). Letra mota: Arial 11. Identifikazio-datuak formularioan azaldu behar dira.\u00a0 Ezein kasutan ez dira laburpenean sartu behar.\u00a0Egilekideak ez badira erregistratzen formularioan horretarako dagoen eremuan, ez dira agertuko [&hellip;]<\/p>\n","protected":false},"author":120,"featured_media":0,"parent":2736,"menu_order":3,"comment_status":"closed","ping_status":"closed","template":"","meta":{"footnotes":""},"class_list":["post-1094","page","type-page","status-publish","hentry"],"_links":{"self":[{"href":"https:\/\/www.sedyne.es\/eu\/wp-json\/wp\/v2\/pages\/1094","targetHints":{"allow":["GET"]}}],"collection":[{"href":"https:\/\/www.sedyne.es\/eu\/wp-json\/wp\/v2\/pages"}],"about":[{"href":"https:\/\/www.sedyne.es\/eu\/wp-json\/wp\/v2\/types\/page"}],"author":[{"embeddable":true,"href":"https:\/\/www.sedyne.es\/eu\/wp-json\/wp\/v2\/users\/120"}],"replies":[{"embeddable":true,"href":"https:\/\/www.sedyne.es\/eu\/wp-json\/wp\/v2\/comments?post=1094"}],"version-history":[{"count":35,"href":"https:\/\/www.sedyne.es\/eu\/wp-json\/wp\/v2\/pages\/1094\/revisions"}],"predecessor-version":[{"id":2808,"href":"https:\/\/www.sedyne.es\/eu\/wp-json\/wp\/v2\/pages\/1094\/revisions\/2808"}],"up":[{"embeddable":true,"href":"https:\/\/www.sedyne.es\/eu\/wp-json\/wp\/v2\/pages\/2736"}],"wp:attachment":[{"href":"https:\/\/www.sedyne.es\/eu\/wp-json\/wp\/v2\/media?parent=1094"}],"curies":[{"name":"wp","href":"https:\/\/api.w.org\/{rel}","templated":true}]}}