{"id":1143,"date":"2020-01-23T15:36:24","date_gmt":"2020-01-23T14:36:24","guid":{"rendered":"http:\/\/www.sedyne.es\/?page_id=1143\/"},"modified":"2020-01-23T15:36:31","modified_gmt":"2020-01-23T14:36:31","slug":"programa","status":"publish","type":"page","link":"https:\/\/www.sedyne.es\/eu\/biltzarra\/2017-biltzarra\/programa\/","title":{"rendered":"2017 Programa"},"content":{"rendered":"<h2><strong>XIX Congreso<\/strong> de la Sociedad de Endocrinolog\u00eda, Diabetes\u00a0y Nutrici\u00f3n de Euskadi<\/h2>\n<h4><em><strong>Palacio Euskalduna<\/strong><\/em><br \/>\n10 de Marzo de 2017<\/h4>\n<table border=\"0\" width=\"100%\" cellspacing=\"0\" cellpadding=\"0\">\n<tbody>\n<tr>\n<td align=\"right\" valign=\"top\" width=\"18%\"><strong>9:00-\u00a0 9:30 h.<\/strong><\/td>\n<td valign=\"top\">Recogida de Documentaci\u00f3n.<\/td>\n<td valign=\"top\"><strong>Sala E<\/strong><\/td>\n<\/tr>\n<tr>\n<td align=\"right\" valign=\"top\"><strong>9:30-\u00a0 9:45 h. <\/strong><\/td>\n<td valign=\"top\">Inauguraci\u00f3n Oficial.<strong><br \/>\n<\/strong><strong>Sr. D. Carlos Sola. <\/strong>\u00a0Subdirector de Asistencia Sanitaria de Osakidetza.<\/td>\n<td valign=\"top\"><strong>Sala E<\/strong><\/td>\n<\/tr>\n<tr>\n<td align=\"right\" valign=\"top\"><strong>9:45-10:30 h.<\/strong><\/td>\n<td valign=\"top\"><strong>Conferencia inaugural.<br \/>\n<\/strong><strong>Presenta: <\/strong><strong>Dr. Fernando Go\u00f1i. <\/strong>\u00a0H.U. Basurto. Bilbao.<br \/>\n<strong><em>Cirug\u00eda metab\u00f3lica: \u00a0\u00a0\u00a0\u00a0\u00a0\u00a0\u00a0\u00a0\u00a0 <\/em><\/strong><em><br \/>\n<strong>\u00bfPor qu\u00e9 no la llamamos simplemente bari\u00e1trica?<\/strong> <\/em><br \/>\n<strong>Dr. Josep Vidal<\/strong>. Director del Instituto de Enfermedades Digestivas y Metab\u00f3licas. Hospital Clinic. Barcelona<\/td>\n<td valign=\"top\"><strong>Sala E<\/strong><\/td>\n<\/tr>\n<tr>\n<td align=\"right\" valign=\"top\"><strong>10:30-11:00 h.<\/strong><\/td>\n<td valign=\"top\"><strong><em>Caf\u00e9<\/em><\/strong><\/td>\n<td valign=\"top\">Restaurante Jauregia<\/td>\n<\/tr>\n<tr>\n<td align=\"right\" valign=\"top\"><strong>11:10-13:10 h.<\/strong><\/td>\n<td valign=\"top\"><strong>Mesa redonda.<br \/>\n<em>Novedades en diabetes y tratamiento con hormona de crecimiento<\/em><\/strong><br \/>\n<strong>Moderatzailea \/<\/strong> <strong>Moderador:<\/strong> <strong>Dr. Alfredo Yoldi<\/strong>. H.U. Donostia.<\/td>\n<td valign=\"top\"><strong>Sala E<\/strong><\/td>\n<\/tr>\n<tr>\n<td align=\"right\" valign=\"top\">11:10 h.<\/td>\n<td valign=\"top\"><strong><em>Actualizaci\u00f3n en sistemas de infusi\u00f3n subcut\u00e1nea continua de insulina (ISCI) y monitorizaci\u00f3n continua de glucosa (MCG)<\/em><\/strong><br \/>\n<strong>Dra. Estibaliz Ugarte<\/strong>. S. de Endocrinolog\u00eda. H.U. Basurto. Bilbao.<\/td>\n<td valign=\"top\"><\/td>\n<\/tr>\n<tr>\n<td align=\"right\" valign=\"top\">11:50 h.<\/td>\n<td valign=\"top\"><strong><em>Nuevas tecnolog\u00edas de la informaci\u00f3n aplicadas a la diabetes.<\/em><\/strong><br \/>\n<strong>Dr. Diego Fern\u00e1ndez<\/strong>.\u00a0 Servicio de Endocrinologi\u0301a y Nutricio\u0301n. Hospital Universitario Virgen de la Victoria. Ma\u0301laga.\u00a0 Servicio de Endocrinologi\u0301a y Nutricio\u0301n. Hospital Vithas Xanit Internacional. Benalma\u0301dena. Ma\u0301laga.<\/td>\n<td valign=\"top\"><\/td>\n<\/tr>\n<tr>\n<td align=\"right\" valign=\"top\">12:30 h.<\/td>\n<td valign=\"top\"><strong><em>Mutaciones en el gen Shox: terapia con GH.<\/em><\/strong><br \/>\n<strong>Dra. Isabel Gonz\u00e1lez Casado<\/strong>. S. de Endocrinolog\u00eda Pedi\u00e1trica. Hospital Universitario La Paz. Madrid<\/td>\n<td valign=\"top\"><\/td>\n<\/tr>\n<tr>\n<td align=\"right\" valign=\"top\"><strong>13:10-14:30 h.<\/strong><\/td>\n<td valign=\"top\"><strong><em>Comunicaciones Orales Grupo 1.<\/em><\/strong><br \/>\n<strong>Moderatzailea \/<\/strong> <strong>Moderador<em>.<\/em><br \/>\nDra<\/strong><strong>. Virginia Bellido Casta\u00f1eda<\/strong>. S. Endocrinolog\u00eda H.U. Cruces.<br \/>\n<strong>Dra.\u00a0Rosa Mart\u00ednez Salazar. <\/strong>Unidad de Investigaci\u00f3n H.U. Cruces.\u00a0CIBERDEM, Biocruces.<\/td>\n<td valign=\"top\"><strong>Sala E<\/strong><\/td>\n<\/tr>\n<tr>\n<td align=\"right\" valign=\"top\"><strong>13:10-14:30 h.<\/strong><\/td>\n<td valign=\"top\"><strong><em>Comunicaciones Orales Grupo 2.<\/em><\/strong><br \/>\n<strong>Moderatzailea \/<\/strong> <strong>Moderador<em>.<\/em><br \/>\nDra<\/strong><strong>. Yolanda Garc\u00eda Fern\u00e1ndez<\/strong>. S. Endocrinolog\u00eda H. Galdakao-Usansolo.<br \/>\n<strong>Dra. Amaya Vela Desojo.<br \/>\n<\/strong>S. Endocrinolog\u00eda Pedi\u00e1trica H.U. Cruces, CIBERDEM, CIBERER, Biocruces.<\/td>\n<td valign=\"top\"><strong>Sala B1<\/strong><\/td>\n<\/tr>\n<tr>\n<td align=\"right\" valign=\"top\"><strong>14:30-16:30 h.<\/strong><\/td>\n<td valign=\"top\"><strong>Comida<\/strong><\/td>\n<td valign=\"top\">Bar Entreactos<\/td>\n<\/tr>\n<tr>\n<td align=\"right\" valign=\"top\"><strong>16:30 -18:30 h.<\/strong><\/td>\n<td valign=\"top\"><strong>Mesa redonda<\/strong><strong>.<\/strong><br \/>\n<strong><em>Puesta al d\u00eda en competencias en enfermer\u00eda de Endocrinolog\u00eda<\/em><\/strong><br \/>\n<strong>Moderatzailea \/ <\/strong><strong>Moderadora<\/strong><strong>: <\/strong><strong>D\u00f1a. Itziar Landajo<\/strong>.<br \/>\nHospital Galdakao-Usansolo. Bizkaia<\/td>\n<td valign=\"top\"><strong>Sala B1<\/strong><\/td>\n<\/tr>\n<tr>\n<td align=\"right\" valign=\"top\">16:30 h.<\/td>\n<td valign=\"top\"><strong><em>Papel del laboratorio en las determinaciones hormonales<\/em><\/strong><br \/>\n<strong>Dra. Margarita Esteban. <\/strong>S. An\u00e1lisis Cl\u00ednicos. H.U. Cruces. Barakaldo. Bizkaia.<\/td>\n<td valign=\"top\"><\/td>\n<\/tr>\n<tr>\n<td align=\"right\" valign=\"top\">17:10 h.<\/td>\n<td valign=\"top\"><strong><em>Prescripci\u00f3n de Ejercicio F\u00edsico en Diabetes Tipo 1.<\/em><\/strong><br \/>\n<strong>Dra. Elena Sarabia Cachadi\u00f1a. <\/strong>Coordinadora y Profesora del Grado en Ciencias de la Actividad F\u00edsica y del Deporte,\u00a0 CEU Cardenal Sp\u00ednola, Sevilla.\u00a0 Coordinadora del \u00c1rea de Prescripci\u00f3n de Ejercicio F\u00edsico Terap\u00e9utico, Cl\u00ednica Beiman, Sevilla.<\/td>\n<td valign=\"top\"><\/td>\n<\/tr>\n<tr>\n<td align=\"right\" valign=\"top\">17:50 h.<\/td>\n<td valign=\"top\"><strong><em>Educaci\u00f3n grupal.<\/em><\/strong><br \/>\n<strong>D\u00f1a. Iratxe Vilari\u00f1o.\u00a0 <\/strong>Psic\u00f3loga y Psicoterapeuta de pareja y familia. Experta en intervenci\u00f3n Sist\u00e9mica. Bilbao<\/td>\n<td valign=\"top\"><\/td>\n<\/tr>\n<tr>\n<td align=\"right\" valign=\"top\"><strong>16:30 -18:30 h.<\/strong><\/td>\n<td valign=\"top\"><strong>Mesa redonda.<\/strong><br \/>\n<strong><em>Soluciones para el d\u00eda a d\u00eda del endocrin\u00f3logo<\/em><\/strong><br \/>\n<strong>Moderatzailea \/ <\/strong><strong>Moderador:<\/strong> <strong>Dr. Gonzalo Fernando Maldonado<\/strong>.<br \/>\nH.U. Araba. Vitoria.<\/td>\n<td valign=\"top\">\u00a0<strong>Sala E<\/strong><\/td>\n<\/tr>\n<tr>\n<td align=\"right\" valign=\"top\">16.30 h.<\/td>\n<td valign=\"top\"><strong><em>\u00daltimas novedades en el tratamiento de la acromegalia. <\/em><\/strong><em><br \/>\n<strong>Secuencia del mismo<\/strong><\/em><br \/>\n<strong>Dra. Rosa C\u00e1mara. <\/strong><br \/>\nJefa de Secci\u00f3n del Servicio de Endocrinologia y Nutrici\u00f3n del Hospital Universitario y Polit\u00e9cnico La Fe. Valencia.<\/td>\n<td valign=\"top\"><\/td>\n<\/tr>\n<tr>\n<td align=\"right\" valign=\"top\">17:10 h.<\/td>\n<td valign=\"top\"><strong><em>Estrategia en el hiperparatiroidismo primario no localizado preoperariamente<\/em><\/strong><br \/>\n<strong>Dr. Aitor De la Quintana. <\/strong><br \/>\nS. Cirug\u00eda Endocrina. H.U. Cruces. Barakaldo.\u00a0 Bizkaia.<\/td>\n<td valign=\"top\"><\/td>\n<\/tr>\n<tr>\n<td align=\"right\" valign=\"top\">17.50 h.<\/td>\n<td valign=\"top\"><strong><em>Hiperplasia adrenal cong\u00e9nita<\/em><\/strong><br \/>\n<strong>Dra. Ana Luc\u00eda G\u00f3mez Gila. <\/strong><br \/>\nS. Endocrinolog\u00eda Pedi\u00e1trica. H. U. Virgen del Roc\u00edo. Sevilla.<\/td>\n<td valign=\"top\"><\/td>\n<\/tr>\n<tr>\n<td align=\"right\" valign=\"top\"><strong>18.30 h.<\/strong><\/td>\n<td valign=\"top\"><strong>Asamblea SEDYNE<\/strong><\/td>\n<td valign=\"top\"><strong>Sala E<\/strong><\/td>\n<\/tr>\n<\/tbody>\n<\/table>\n<p>&nbsp;<\/p>\n<p><strong>Este congreso ha sido reconocido de Inter\u00e9s Cient\u00edfico Sanitario por el Departamento de Salud del Gobierno Vasco.<\/strong><\/p>\n<p>&nbsp;<\/p>\n<h5 style=\"text-align: center;\"><strong>PATROCINADORES DEL CONGRESO<\/strong><\/h5>\n<p>&nbsp;<\/p>\n<table>\n<tbody>\n<tr>\n<td><img loading=\"lazy\" decoding=\"async\" class=\"alignnone size-medium wp-image-328\" src=\"http:\/\/www.sedyne.es\/wp-content\/uploads\/2016\/09\/almirall-logo-300x86.jpg\" alt=\"\" width=\"300\" height=\"86\" srcset=\"https:\/\/www.sedyne.es\/wp-content\/uploads\/2016\/09\/almirall-logo-300x86.jpg 300w, https:\/\/www.sedyne.es\/wp-content\/uploads\/2016\/09\/almirall-logo-640x184.jpg 640w, https:\/\/www.sedyne.es\/wp-content\/uploads\/2016\/09\/almirall-logo-681x198.jpg 681w, https:\/\/www.sedyne.es\/wp-content\/uploads\/2016\/09\/almirall-logo.jpg 688w\" sizes=\"auto, (max-width: 300px) 100vw, 300px\" \/><\/td>\n<td><img loading=\"lazy\" decoding=\"async\" class=\"alignnone size-medium wp-image-298\" src=\"http:\/\/www.sedyne.es\/wp-content\/uploads\/2016\/09\/AZ_RGB_H_COL-e1486639511139-300x78.jpg\" alt=\"\" width=\"300\" height=\"78\" srcset=\"https:\/\/www.sedyne.es\/wp-content\/uploads\/2016\/09\/AZ_RGB_H_COL-e1486639511139-300x78.jpg 300w, https:\/\/www.sedyne.es\/wp-content\/uploads\/2016\/09\/AZ_RGB_H_COL-e1486639511139-768x199.jpg 768w, https:\/\/www.sedyne.es\/wp-content\/uploads\/2016\/09\/AZ_RGB_H_COL-e1486639511139-1024x265.jpg 1024w, https:\/\/www.sedyne.es\/wp-content\/uploads\/2016\/09\/AZ_RGB_H_COL-e1486639511139-640x166.jpg 640w, https:\/\/www.sedyne.es\/wp-content\/uploads\/2016\/09\/AZ_RGB_H_COL-e1486639511139-681x176.jpg 681w, https:\/\/www.sedyne.es\/wp-content\/uploads\/2016\/09\/AZ_RGB_H_COL-e1486639511139.jpg 1221w\" sizes=\"auto, (max-width: 300px) 100vw, 300px\" \/><\/td>\n<td><img loading=\"lazy\" decoding=\"async\" class=\"alignnone size-medium wp-image-287\" src=\"http:\/\/www.sedyne.es\/wp-content\/uploads\/2016\/09\/Lilly_Boehringer-300x82.jpeg\" alt=\"Lilly_Boehringer\" width=\"300\" height=\"82\" \/><\/td>\n<td><img loading=\"lazy\" decoding=\"async\" class=\"alignnone size-medium wp-image-345\" src=\"http:\/\/www.sedyne.es\/wp-content\/uploads\/2016\/09\/menarini-1-300x119.jpg\" alt=\"\" width=\"300\" height=\"119\" srcset=\"https:\/\/www.sedyne.es\/wp-content\/uploads\/2016\/09\/menarini-1-300x119.jpg 300w, https:\/\/www.sedyne.es\/wp-content\/uploads\/2016\/09\/menarini-1-768x306.jpg 768w, https:\/\/www.sedyne.es\/wp-content\/uploads\/2016\/09\/menarini-1-1024x407.jpg 1024w, https:\/\/www.sedyne.es\/wp-content\/uploads\/2016\/09\/menarini-1-1056x420.jpg 1056w, https:\/\/www.sedyne.es\/wp-content\/uploads\/2016\/09\/menarini-1-640x255.jpg 640w, https:\/\/www.sedyne.es\/wp-content\/uploads\/2016\/09\/menarini-1-681x271.jpg 681w, https:\/\/www.sedyne.es\/wp-content\/uploads\/2016\/09\/menarini-1.jpg 1820w\" sizes=\"auto, (max-width: 300px) 100vw, 300px\" \/><\/td>\n<\/tr>\n<tr>\n<td><img loading=\"lazy\" decoding=\"async\" class=\"alignnone wp-image-346\" src=\"http:\/\/www.sedyne.es\/wp-content\/uploads\/2016\/09\/novartis_logo_pos_rgb-300x55.jpg\" alt=\"\" width=\"300\" height=\"55\" srcset=\"https:\/\/www.sedyne.es\/wp-content\/uploads\/2016\/09\/novartis_logo_pos_rgb-300x55.jpg 300w, https:\/\/www.sedyne.es\/wp-content\/uploads\/2016\/09\/novartis_logo_pos_rgb-768x140.jpg 768w, https:\/\/www.sedyne.es\/wp-content\/uploads\/2016\/09\/novartis_logo_pos_rgb-1024x187.jpg 1024w, https:\/\/www.sedyne.es\/wp-content\/uploads\/2016\/09\/novartis_logo_pos_rgb-640x117.jpg 640w, https:\/\/www.sedyne.es\/wp-content\/uploads\/2016\/09\/novartis_logo_pos_rgb-681x124.jpg 681w, https:\/\/www.sedyne.es\/wp-content\/uploads\/2016\/09\/novartis_logo_pos_rgb.jpg 1780w\" sizes=\"auto, (max-width: 300px) 100vw, 300px\" \/><\/td>\n<td><img loading=\"lazy\" decoding=\"async\" class=\"alignnone size-full wp-image-378\" src=\"http:\/\/www.sedyne.es\/wp-content\/uploads\/2016\/09\/MSD.jpg\" alt=\"\" width=\"216\" height=\"101\" \/><\/td>\n<td><img loading=\"lazy\" decoding=\"async\" class=\"alignnone wp-image-377\" src=\"http:\/\/www.sedyne.es\/wp-content\/uploads\/2016\/09\/SANOFI-300x256.jpg\" alt=\"\" width=\"144\" height=\"123\" srcset=\"https:\/\/www.sedyne.es\/wp-content\/uploads\/2016\/09\/SANOFI-300x256.jpg 300w, https:\/\/www.sedyne.es\/wp-content\/uploads\/2016\/09\/SANOFI-768x656.jpg 768w, https:\/\/www.sedyne.es\/wp-content\/uploads\/2016\/09\/SANOFI-1024x874.jpg 1024w, https:\/\/www.sedyne.es\/wp-content\/uploads\/2016\/09\/SANOFI-492x420.jpg 492w, https:\/\/www.sedyne.es\/wp-content\/uploads\/2016\/09\/SANOFI-640x546.jpg 640w, https:\/\/www.sedyne.es\/wp-content\/uploads\/2016\/09\/SANOFI-681x581.jpg 681w, https:\/\/www.sedyne.es\/wp-content\/uploads\/2016\/09\/SANOFI.jpg 1752w\" sizes=\"auto, (max-width: 144px) 100vw, 144px\" \/><\/td>\n<td><\/td>\n<\/tr>\n<\/tbody>\n<\/table>\n<h5 style=\"text-align: center;\"><\/h5>\n<h5 style=\"text-align: center;\">\u00a0<strong>COLABORADORES DEL CONGRESO<\/strong><\/h5>\n<table>\n<tbody>\n<tr>\n<td><img loading=\"lazy\" decoding=\"async\" class=\"alignnone wp-image-330 size-medium\" src=\"http:\/\/www.sedyne.es\/wp-content\/uploads\/2016\/09\/Abbott-e1486639403476-300x115.jpg\" width=\"300\" height=\"115\" srcset=\"https:\/\/www.sedyne.es\/wp-content\/uploads\/2016\/09\/Abbott-e1486639403476-300x115.jpg 300w, https:\/\/www.sedyne.es\/wp-content\/uploads\/2016\/09\/Abbott-e1486639403476-768x295.jpg 768w, https:\/\/www.sedyne.es\/wp-content\/uploads\/2016\/09\/Abbott-e1486639403476-1024x393.jpg 1024w, https:\/\/www.sedyne.es\/wp-content\/uploads\/2016\/09\/Abbott-e1486639403476-640x246.jpg 640w, https:\/\/www.sedyne.es\/wp-content\/uploads\/2016\/09\/Abbott-e1486639403476-681x262.jpg 681w, https:\/\/www.sedyne.es\/wp-content\/uploads\/2016\/09\/Abbott-e1486639403476.jpg 1067w\" sizes=\"auto, (max-width: 300px) 100vw, 300px\" \/><\/td>\n<td style=\"text-align: center;\"><img loading=\"lazy\" decoding=\"async\" class=\"alignnone size-medium wp-image-359\" src=\"http:\/\/www.sedyne.es\/wp-content\/uploads\/2016\/09\/AmgenLogo_Blue-300x140.jpg\" alt=\"\" width=\"300\" height=\"140\" srcset=\"https:\/\/www.sedyne.es\/wp-content\/uploads\/2016\/09\/AmgenLogo_Blue-300x140.jpg 300w, https:\/\/www.sedyne.es\/wp-content\/uploads\/2016\/09\/AmgenLogo_Blue.jpg 501w\" sizes=\"auto, (max-width: 300px) 100vw, 300px\" \/><\/td>\n<td style=\"text-align: center;\"><img loading=\"lazy\" decoding=\"async\" class=\"alignnone size-medium wp-image-387\" src=\"http:\/\/www.sedyne.es\/wp-content\/uploads\/2016\/09\/bayer-ascensia_footer-logo-300x65.png\" alt=\"\" width=\"300\" height=\"65\" srcset=\"https:\/\/www.sedyne.es\/wp-content\/uploads\/2016\/09\/bayer-ascensia_footer-logo-300x65.png 300w, https:\/\/www.sedyne.es\/wp-content\/uploads\/2016\/09\/bayer-ascensia_footer-logo.png 553w\" sizes=\"auto, (max-width: 300px) 100vw, 300px\" \/><\/td>\n<td><img loading=\"lazy\" decoding=\"async\" class=\"alignnone size-medium wp-image-299\" src=\"http:\/\/www.sedyne.es\/wp-content\/uploads\/2016\/09\/esteve-300x85.jpg\" alt=\"esteve\" width=\"300\" height=\"85\" srcset=\"https:\/\/www.sedyne.es\/wp-content\/uploads\/2016\/09\/esteve-300x85.jpg 300w, https:\/\/www.sedyne.es\/wp-content\/uploads\/2016\/09\/esteve-768x217.jpg 768w, https:\/\/www.sedyne.es\/wp-content\/uploads\/2016\/09\/esteve-1024x289.jpg 1024w, https:\/\/www.sedyne.es\/wp-content\/uploads\/2016\/09\/esteve-1486x420.jpg 1486w, https:\/\/www.sedyne.es\/wp-content\/uploads\/2016\/09\/esteve-640x181.jpg 640w, https:\/\/www.sedyne.es\/wp-content\/uploads\/2016\/09\/esteve-681x192.jpg 681w\" sizes=\"auto, (max-width: 300px) 100vw, 300px\" \/><\/td>\n<td style=\"text-align: center;\"><img loading=\"lazy\" decoding=\"async\" class=\"alignnone size-medium wp-image-360\" src=\"http:\/\/www.sedyne.es\/wp-content\/uploads\/2016\/09\/IPSEN-azul-300x84.jpg\" alt=\"\" width=\"300\" height=\"84\" srcset=\"https:\/\/www.sedyne.es\/wp-content\/uploads\/2016\/09\/IPSEN-azul-300x84.jpg 300w, https:\/\/www.sedyne.es\/wp-content\/uploads\/2016\/09\/IPSEN-azul.jpg 360w\" sizes=\"auto, (max-width: 300px) 100vw, 300px\" \/><\/td>\n<\/tr>\n<tr>\n<td style=\"text-align: center;\"><img loading=\"lazy\" decoding=\"async\" class=\"alignnone size-medium wp-image-369\" src=\"http:\/\/www.sedyne.es\/wp-content\/uploads\/2016\/09\/Logo-Janssen_Profesionales-300x147.jpg\" alt=\"\" width=\"300\" height=\"147\" srcset=\"https:\/\/www.sedyne.es\/wp-content\/uploads\/2016\/09\/Logo-Janssen_Profesionales-300x147.jpg 300w, https:\/\/www.sedyne.es\/wp-content\/uploads\/2016\/09\/Logo-Janssen_Profesionales-768x377.jpg 768w, https:\/\/www.sedyne.es\/wp-content\/uploads\/2016\/09\/Logo-Janssen_Profesionales-1024x502.jpg 1024w, https:\/\/www.sedyne.es\/wp-content\/uploads\/2016\/09\/Logo-Janssen_Profesionales-856x420.jpg 856w, https:\/\/www.sedyne.es\/wp-content\/uploads\/2016\/09\/Logo-Janssen_Profesionales-640x314.jpg 640w, https:\/\/www.sedyne.es\/wp-content\/uploads\/2016\/09\/Logo-Janssen_Profesionales-681x334.jpg 681w, https:\/\/www.sedyne.es\/wp-content\/uploads\/2016\/09\/Logo-Janssen_Profesionales.jpg 1478w\" sizes=\"auto, (max-width: 300px) 100vw, 300px\" \/><\/td>\n<td><img loading=\"lazy\" decoding=\"async\" class=\"alignnone size-medium wp-image-385\" src=\"http:\/\/www.sedyne.es\/wp-content\/uploads\/2016\/09\/medtronic-300x109.jpg\" alt=\"\" width=\"300\" height=\"109\" srcset=\"https:\/\/www.sedyne.es\/wp-content\/uploads\/2016\/09\/medtronic-300x109.jpg 300w, https:\/\/www.sedyne.es\/wp-content\/uploads\/2016\/09\/medtronic-768x280.jpg 768w, https:\/\/www.sedyne.es\/wp-content\/uploads\/2016\/09\/medtronic-1024x374.jpg 1024w, https:\/\/www.sedyne.es\/wp-content\/uploads\/2016\/09\/medtronic-1151x420.jpg 1151w, https:\/\/www.sedyne.es\/wp-content\/uploads\/2016\/09\/medtronic-640x233.jpg 640w, https:\/\/www.sedyne.es\/wp-content\/uploads\/2016\/09\/medtronic-681x248.jpg 681w\" sizes=\"auto, (max-width: 300px) 100vw, 300px\" \/><\/td>\n<td style=\"text-align: center;\"><img loading=\"lazy\" decoding=\"async\" class=\"alignnone size-medium wp-image-344\" src=\"http:\/\/www.sedyne.es\/wp-content\/uploads\/2016\/09\/Logo-MD-300x74.jpg\" alt=\"\" width=\"300\" height=\"74\" srcset=\"https:\/\/www.sedyne.es\/wp-content\/uploads\/2016\/09\/Logo-MD-300x74.jpg 300w, https:\/\/www.sedyne.es\/wp-content\/uploads\/2016\/09\/Logo-MD-768x190.jpg 768w, https:\/\/www.sedyne.es\/wp-content\/uploads\/2016\/09\/Logo-MD-1024x253.jpg 1024w, https:\/\/www.sedyne.es\/wp-content\/uploads\/2016\/09\/Logo-MD-640x158.jpg 640w, https:\/\/www.sedyne.es\/wp-content\/uploads\/2016\/09\/Logo-MD-681x168.jpg 681w, https:\/\/www.sedyne.es\/wp-content\/uploads\/2016\/09\/Logo-MD.jpg 1640w\" sizes=\"auto, (max-width: 300px) 100vw, 300px\" \/><\/td>\n<td style=\"text-align: center;\"><img loading=\"lazy\" decoding=\"async\" class=\"alignnone size-medium wp-image-357\" src=\"http:\/\/www.sedyne.es\/wp-content\/uploads\/2016\/09\/NovoN_m_2c_CMYK_Coated-300x248.jpg\" alt=\"\" width=\"300\" height=\"248\" srcset=\"https:\/\/www.sedyne.es\/wp-content\/uploads\/2016\/09\/NovoN_m_2c_CMYK_Coated-300x248.jpg 300w, https:\/\/www.sedyne.es\/wp-content\/uploads\/2016\/09\/NovoN_m_2c_CMYK_Coated-768x635.jpg 768w, https:\/\/www.sedyne.es\/wp-content\/uploads\/2016\/09\/NovoN_m_2c_CMYK_Coated-1024x846.jpg 1024w, https:\/\/www.sedyne.es\/wp-content\/uploads\/2016\/09\/NovoN_m_2c_CMYK_Coated-508x420.jpg 508w, https:\/\/www.sedyne.es\/wp-content\/uploads\/2016\/09\/NovoN_m_2c_CMYK_Coated-640x529.jpg 640w, https:\/\/www.sedyne.es\/wp-content\/uploads\/2016\/09\/NovoN_m_2c_CMYK_Coated-681x563.jpg 681w, https:\/\/www.sedyne.es\/wp-content\/uploads\/2016\/09\/NovoN_m_2c_CMYK_Coated.jpg 1686w\" sizes=\"auto, (max-width: 300px) 100vw, 300px\" \/><\/td>\n<td><img loading=\"lazy\" decoding=\"async\" class=\"alignnone size-medium wp-image-347\" src=\"http:\/\/www.sedyne.es\/wp-content\/uploads\/2016\/09\/PIFZER-WEB-300x171.jpg\" alt=\"\" width=\"300\" height=\"171\" srcset=\"https:\/\/www.sedyne.es\/wp-content\/uploads\/2016\/09\/PIFZER-WEB-300x171.jpg 300w, https:\/\/www.sedyne.es\/wp-content\/uploads\/2016\/09\/PIFZER-WEB.jpg 413w\" sizes=\"auto, (max-width: 300px) 100vw, 300px\" \/><\/td>\n<\/tr>\n<tr>\n<td style=\"text-align: center;\"><\/td>\n<td><\/td>\n<td><img loading=\"lazy\" decoding=\"async\" class=\"alignnone size-medium wp-image-329\" src=\"http:\/\/www.sedyne.es\/wp-content\/uploads\/2016\/09\/roche-300x156.png\" alt=\"\" width=\"300\" height=\"156\" srcset=\"https:\/\/www.sedyne.es\/wp-content\/uploads\/2016\/09\/roche-300x156.png 300w, https:\/\/www.sedyne.es\/wp-content\/uploads\/2016\/09\/roche-768x399.png 768w, https:\/\/www.sedyne.es\/wp-content\/uploads\/2016\/09\/roche-1024x532.png 1024w, https:\/\/www.sedyne.es\/wp-content\/uploads\/2016\/09\/roche-808x420.png 808w, https:\/\/www.sedyne.es\/wp-content\/uploads\/2016\/09\/roche-640x333.png 640w, https:\/\/www.sedyne.es\/wp-content\/uploads\/2016\/09\/roche-681x354.png 681w, https:\/\/www.sedyne.es\/wp-content\/uploads\/2016\/09\/roche.png 2000w\" sizes=\"auto, (max-width: 300px) 100vw, 300px\" \/><\/td>\n<td><\/td>\n<td><\/td>\n<\/tr>\n<\/tbody>\n<\/table>\n<p>&nbsp;<\/p>\n<table>\n<tbody>\n<tr>\n<td><span style=\"color: #ffffff;\"><strong>\u2026\u2026\u2026\u2026\u2026\u2026\u2026\u2026\u2026\u2026<\/strong><\/span><\/td>\n<td><img loading=\"lazy\" decoding=\"async\" class=\"alignnone size-medium wp-image-348\" src=\"http:\/\/www.sedyne.es\/wp-content\/uploads\/2016\/09\/biocruces__logo-300x104.jpg\" alt=\"\" width=\"300\" height=\"104\" srcset=\"https:\/\/www.sedyne.es\/wp-content\/uploads\/2016\/09\/biocruces__logo-300x104.jpg 300w, https:\/\/www.sedyne.es\/wp-content\/uploads\/2016\/09\/biocruces__logo-768x267.jpg 768w, https:\/\/www.sedyne.es\/wp-content\/uploads\/2016\/09\/biocruces__logo-640x222.jpg 640w, https:\/\/www.sedyne.es\/wp-content\/uploads\/2016\/09\/biocruces__logo-681x237.jpg 681w, https:\/\/www.sedyne.es\/wp-content\/uploads\/2016\/09\/biocruces__logo.jpg 800w\" sizes=\"auto, (max-width: 300px) 100vw, 300px\" \/><\/td>\n<td><img loading=\"lazy\" decoding=\"async\" class=\"alignnone size-medium wp-image-349\" src=\"http:\/\/www.sedyne.es\/wp-content\/uploads\/2016\/09\/CIBERDEM-300x205.png\" alt=\"\" width=\"300\" height=\"205\" srcset=\"https:\/\/www.sedyne.es\/wp-content\/uploads\/2016\/09\/CIBERDEM-300x205.png 300w, https:\/\/www.sedyne.es\/wp-content\/uploads\/2016\/09\/CIBERDEM.png 485w\" sizes=\"auto, (max-width: 300px) 100vw, 300px\" \/><\/td>\n<td>\n<p><span style=\"color: #ffffff;\"><strong>\u2026\u2026\u2026\u2026\u2026\u2026\u2026<\/strong><\/span><\/p>\n<p>&nbsp;<\/td>\n<\/tr>\n<\/tbody>\n<\/table>\n<p><\/p>\n","protected":false},"excerpt":{"rendered":"<p>XIX Congreso de la Sociedad de Endocrinolog\u00eda, Diabetes\u00a0y Nutrici\u00f3n de Euskadi Palacio Euskalduna 10 de Marzo de 2017 9:00-\u00a0 9:30 h. Recogida de Documentaci\u00f3n. Sala E 9:30-\u00a0 9:45 h. Inauguraci\u00f3n Oficial. Sr. D. Carlos Sola. \u00a0Subdirector de Asistencia Sanitaria de Osakidetza. Sala E 9:45-10:30 h. Conferencia inaugural. Presenta: Dr. Fernando Go\u00f1i. \u00a0H.U. Basurto. Bilbao. Cirug\u00eda [&hellip;]<\/p>\n","protected":false},"author":120,"featured_media":0,"parent":1138,"menu_order":2,"comment_status":"closed","ping_status":"closed","template":"","meta":{"footnotes":""},"class_list":["post-1143","page","type-page","status-publish","hentry"],"_links":{"self":[{"href":"https:\/\/www.sedyne.es\/eu\/wp-json\/wp\/v2\/pages\/1143","targetHints":{"allow":["GET"]}}],"collection":[{"href":"https:\/\/www.sedyne.es\/eu\/wp-json\/wp\/v2\/pages"}],"about":[{"href":"https:\/\/www.sedyne.es\/eu\/wp-json\/wp\/v2\/types\/page"}],"author":[{"embeddable":true,"href":"https:\/\/www.sedyne.es\/eu\/wp-json\/wp\/v2\/users\/120"}],"replies":[{"embeddable":true,"href":"https:\/\/www.sedyne.es\/eu\/wp-json\/wp\/v2\/comments?post=1143"}],"version-history":[{"count":1,"href":"https:\/\/www.sedyne.es\/eu\/wp-json\/wp\/v2\/pages\/1143\/revisions"}],"predecessor-version":[{"id":1144,"href":"https:\/\/www.sedyne.es\/eu\/wp-json\/wp\/v2\/pages\/1143\/revisions\/1144"}],"up":[{"embeddable":true,"href":"https:\/\/www.sedyne.es\/eu\/wp-json\/wp\/v2\/pages\/1138"}],"wp:attachment":[{"href":"https:\/\/www.sedyne.es\/eu\/wp-json\/wp\/v2\/media?parent=1143"}],"curies":[{"name":"wp","href":"https:\/\/api.w.org\/{rel}","templated":true}]}}