{"id":2068,"date":"2022-07-21T14:10:33","date_gmt":"2022-07-21T13:10:33","guid":{"rendered":"https:\/\/www.sedyne.es\/?page_id=2068\/"},"modified":"2022-07-21T14:25:55","modified_gmt":"2022-07-21T13:25:55","slug":"programa","status":"publish","type":"page","link":"https:\/\/www.sedyne.es\/eu\/biltzarra\/biltzarra-2022\/programa\/","title":{"rendered":"2022 Programa"},"content":{"rendered":"<h2><strong>Euskadiko Endokrinologia, Diabetes eta Nutrizio Elkartearen <\/strong>XXIII. Biltzarra<\/h2>\n<h4 style=\"text-align: left;\"><span style=\"color: #3366ff;\"><em>Bilbao. Sociedad Bilbaina.<\/em><\/span><\/h4>\n<h6><span style=\"color: #339966;\"><strong>2022ko Maiatzaren 13a<\/strong><\/span><\/h6>\n<table>\n<tbody>\n<tr>\n<td><\/td>\n<td><\/td>\n<td style=\"text-align: right;\"><strong><span style=\"color: #008000;\">ARETOA<\/span><\/strong><\/td>\n<\/tr>\n<tr>\n<td><strong>8:30-9:00<\/strong><\/td>\n<td>Dokumentazioa jasotezea.<\/td>\n<td style=\"text-align: right;\"><\/td>\n<\/tr>\n<tr>\n<td><strong>9:00-9:15<\/strong><\/td>\n<td><strong>Inaugurazio ofiziala.<\/strong><\/td>\n<td style=\"text-align: right;\"><span style=\"color: #008000;\">Franc\u00e9s<\/span><\/td>\n<\/tr>\n<tr>\n<td><\/td>\n<td><span style=\"color: #000000;\"><strong><span style=\"color: #3366ff;\">Jon Guajardo doktorea.<\/span>\u00a0\u00a0<\/strong>Barrualde-Galdakao. ESIko Gerentea.<strong>\u00a0<em><br \/>\n<\/em><\/strong><\/span><span style=\"color: #000000;\"><strong><span style=\"color: #3366ff;\">David Cantero doktorea.\u00a0\u00a0<\/span><\/strong>Barrualde-Galdakao ESIko Zuzendari Medikoa.<strong>\u00a0<em><br \/>\n<\/em><\/strong><strong><span style=\"color: #3366ff;\">Yolanda Garc\u00eda Fernandez doktorea.<\/span>\u00a0\u00a0<\/strong><\/span>Batzorde Antolatzailearen Presidentea.\u00a0Endokrinologia eta Nutrizio Zerbitzua.<strong><span style=\"color: #3366ff;\">\u00a0<\/span><\/strong>Galdakao-Usansoloko Unibertsitate Ospitalea. Barrualde-Galdakao ESI.<span style=\"color: #000000;\"><br \/>\n<\/span><\/td>\n<td style=\"text-align: right;\"><\/td>\n<\/tr>\n<tr>\n<td><strong>9:15-9:45<\/strong><\/td>\n<td><strong>Hasierako hitzaldia.<\/strong><\/td>\n<td style=\"text-align: right;\"><span style=\"color: #339966;\">Franc\u00e9s<\/span><\/td>\n<\/tr>\n<tr>\n<td><\/td>\n<td><strong><span style=\"color: #339966;\">Aurkezlea:<\/span>\u00a0\u00a0<span style=\"color: #0000ff;\"><span style=\"color: #3366ff;\">Aida Cadenas Gonz\u00e1lez doktorea<\/span>.\u00a0<\/span><\/strong>\u00a0Batzorde Antolatzailearen Idazkaria.\u00a0Endokrinologia eta Nutrizio Zerbitzua. Galdakao- Usansoloko Unibertsitate Ospitalea. Barrualde-Galdakao ESI.<\/td>\n<td style=\"text-align: right;\"><\/td>\n<\/tr>\n<tr>\n<td><\/td>\n<td><strong><em>Patologia endokrinologikoa zinemaren eramuan.<br \/>\n<\/em><\/strong><span style=\"color: #3366ff;\"><strong>F\u00e9lix Linares jn<\/strong><\/span>. Kazetaria. Zinema kritikaria.\u00a0 EITB La Noche de ..<\/td>\n<td style=\"text-align: right;\">\u00a0<span style=\"color: #339966;\">Franc\u00e9s<\/span><\/td>\n<\/tr>\n<tr>\n<td><strong>9:45-10:30<\/strong><\/td>\n<td><strong>Hitzaldia<\/strong><strong>.\u00a0<span style=\"color: #ff9900;\"><span style=\"color: #ff6600;\">(Hezitzaileekin batera).<\/span><\/span><\/strong><\/td>\n<td style=\"text-align: right;\">\u00a0<span style=\"color: #008000;\">Franc\u00e9s<\/span><\/td>\n<\/tr>\n<tr>\n<td><\/td>\n<td><strong><em>Ariketa preskribatzea: teoriatik praxira<\/em>.<\/strong><\/td>\n<td style=\"text-align: right;\"><\/td>\n<\/tr>\n<tr>\n<td><\/td>\n<td><strong><em>RECORD Gida.<\/em><\/strong><\/td>\n<td style=\"text-align: right;\"><\/td>\n<\/tr>\n<tr>\n<td><\/td>\n<td><strong><span style=\"color: #339966;\">Moderatzailea:\u00a0<\/span>\u00a0<span style=\"color: #3366ff;\">Ram\u00f3n Arteaga doktorea.<\/span>\u00a0\u00a0<\/strong>Endokrinologia eta Nutrizio Zerbitzua. Galdakao- Usansoloko Unibertsitate Ospitalea. Barrualde-Galdakao ESI.<\/td>\n<td style=\"text-align: right;\"><\/td>\n<\/tr>\n<tr>\n<td><span style=\"color: #ffffff;\">\u00a0<strong>00000000<\/strong><\/span><\/td>\n<td><strong><span style=\"color: #3366ff;\">Elsa Fern\u00e1ndez Rubio doktorea.\u00a0\u00a0<\/span><\/strong>Endokrinologia eta Nutrizio Zerbitzua.<strong><span style=\"color: #3366ff;\">\u00a0<\/span><\/strong>Gurutzetako Unibertsitate Ospitalea.\u00a0Ezkerraldea-Enkarterri-Gurutzeta ESI.<\/td>\n<td><\/td>\n<\/tr>\n<tr>\n<td><\/td>\n<td><strong><span style=\"color: #3366ff;\">Markel Sim\u00f3n jn.\u00a0\u00a0<\/span><\/strong><span style=\"color: #000000;\">Jarduera Fisiko eta Kirolaren Zientzietan Lizentziatua eta Fisioterapian Diplomatua. Fisiofitness Markel Sim\u00f3n.<\/span><\/td>\n<td><\/td>\n<\/tr>\n<tr>\n<td style=\"width: 100px;\"><strong><span style=\"color: #993300;\">10:30-11:00<\/span><\/strong><\/td>\n<td><span style=\"color: #993300;\"><strong>Kafea.<\/strong><\/span><\/td>\n<td style=\"text-align: right;\">\u00a0<span style=\"color: #993300;\">Hall<\/span><\/td>\n<\/tr>\n<tr>\n<td><strong>11:00-12:45<\/strong><\/td>\n<td><strong>1. Mahai-ingurua:<em><br \/>\n<\/em><\/strong><\/td>\n<td style=\"text-align: right;\">\u00a0<span style=\"color: #008000;\">Franc\u00e9s<\/span><\/td>\n<\/tr>\n<tr>\n<td><\/td>\n<td><strong><span style=\"color: #339966;\">Moderatzailea:<\/span>\u00a0\u00a0<span style=\"color: #3366ff;\">Natalia Iglesias doktorea.<\/span> <\/strong>Endokrinologia eta Nutrizio Zerbitzua<span style=\"color: #000000;\">. Basurtoko Unibertsitate Ospitalea. Bilbo-Basurto ESI.<\/span><\/td>\n<td style=\"text-align: right;\"><\/td>\n<\/tr>\n<tr>\n<td>11:00.<\/td>\n<td><strong><em>DREaren balorazio morfofuntzionala:\u00a0 Nutrizio klinikoaren ikuspegi berria.<\/em><\/strong><\/td>\n<td><\/td>\n<\/tr>\n<tr>\n<td><\/td>\n<td><strong><span style=\"color: #3366ff;\">Jos\u00e9 Manuel Garc\u00eda Almeida doktorea.\u00a0 <\/span><\/strong><span style=\"color: #000000;\">Nutrizio Klinikoaren Arduraduna.\u00a0 Virgen de la Victoria Ospitalea.\u00a0 M\u00e1laga.<\/span><\/td>\n<td><\/td>\n<\/tr>\n<tr>\n<td><\/td>\n<td><strong><span style=\"color: #3366ff;\">Isabel Vegas Aguilar andrea.<\/span><\/strong> <span style=\"color: #000000;\">Nutrizionista.<\/span><span style=\"color: #3366ff;\">\u00a0<\/span><span style=\"color: #3366ff;\"><span style=\"color: #000000;\">Endokrinologia Zerbitzua. Virgen de la Victoria Ospitalea. M\u00e1laga.<\/span><\/span><\/td>\n<td><\/td>\n<\/tr>\n<tr>\n<td>11:45.<\/td>\n<td><strong><em>Kirurgia Endokrino Tiroideoaren Emaitzak.<\/em><\/strong><\/td>\n<td><\/td>\n<\/tr>\n<tr>\n<td><\/td>\n<td><strong><span style=\"color: #3366ff;\">Amaia Mart\u00ednez doktorea.<\/span>\u00a0\u00a0<\/strong>Kirurgia Zerbitzua.\u00a0Galdakao-Usansoloko Unibertsitate Ospitalea. Barrualde-Galdakao ESI.<\/td>\n<td><\/td>\n<\/tr>\n<tr>\n<td>12:10.<\/td>\n<td><em><strong>Elikadura-portaeraren Nahasmenduak eta Sare Sozialak.<\/strong><\/em><\/td>\n<td><\/td>\n<\/tr>\n<tr>\n<td><\/td>\n<td><strong><span style=\"color: #3366ff;\">Edurne Losa doktorea.<em>\u00a0 <\/em><\/span><\/strong><span style=\"color: #3366ff;\"><span style=\"color: #000000;\">Psikiatria Zerbitzua. Galdakao Usansoloko Unibertsitate Ospitalea. Barrualde-Galdakao ESI.<\/span><\/span><\/td>\n<td><\/td>\n<\/tr>\n<tr>\n<td>12:40.<\/td>\n<td><strong><em>Eztabaida.<\/em><\/strong><\/td>\n<td><\/td>\n<\/tr>\n<tr>\n<td><strong>11:00-12:45<\/strong><\/td>\n<td><span style=\"color: #ff6600;\"><strong>Hezkuntza diabetologikoaren\u00a01.Saioa\u00a0 (Hezitzaileei zuzenduta)<\/strong><\/span><\/td>\n<td style=\"text-align: right;\"><span style=\"color: #ff6600;\">\u00a0M\u00fasica<\/span><\/td>\n<\/tr>\n<tr>\n<td><\/td>\n<td><strong><em>Obesitatea duen pazientearen motibazio-elkarrizketa.<\/em><\/strong><\/td>\n<td><\/td>\n<\/tr>\n<tr>\n<td><\/td>\n<td><strong><span style=\"color: #3366ff;\"><span style=\"color: #339966;\">Moderatzailea:<\/span>\u00a0<em>\u00a0<\/em>Mar\u00eda Idoia S\u00e1ez de Argando\u00f1a andrea.<\/span><\/strong><span style=\"color: #3366ff;\"><span style=\"color: #000000;\"> Endokrinologia eta Nutrizio Zerbitzua. Araba Unibertsitate Ospitalea. Araba ESI<\/span><\/span><span style=\"color: #3366ff;\"><span style=\"color: #000000;\">.<\/span><\/span><\/td>\n<td><\/td>\n<\/tr>\n<tr>\n<td><\/td>\n<td><strong><span style=\"color: #3366ff;\">Violeta<\/span> <span style=\"color: #3366ff;\">Moiz\u00e9 doktorea<\/span><em><span style=\"color: #3366ff;\">.\u00a0 <\/span><\/em><\/strong><span style=\"color: #3366ff;\"><span style=\"color: #000000;\">Nutrizionista.\u00a0 Bartzelonako Hospital Clinic-eko Obesitatearen Atal Funtzionala.\u00a0 SEDYNeko Presidentea &#8211; Espainiako Dietetika eta Nutrizio Elkartea.\u00a0<\/span><\/span><\/td>\n<td><\/td>\n<\/tr>\n<tr>\n<td><strong>12:45-13:00<span style=\"color: #ffffff;\">0<\/span><\/strong><\/td>\n<td><strong>SEDyNUTRI Ikastaroan saritutako lanen erakusketa.<\/strong><\/td>\n<td style=\"text-align: right;\"><span style=\"color: #008000;\">\u00a0Franc\u00e9s<\/span><\/td>\n<\/tr>\n<tr>\n<td><\/td>\n<td><strong><span style=\"color: #339966;\">Aurkezlea:<\/span>\u00a0<span style=\"color: #3366ff;\">Maite P\u00e9rez de Ciriza doktorea.<\/span> <\/strong>Endokrinologia eta Nutrizioa\u00a0Zerbitzua. Zumarragako Ospitalea. Goierri-Urola Garaia ESI.<\/td>\n<td style=\"text-align: right;\"><\/td>\n<\/tr>\n<tr>\n<td>\n<p>\u00a012:45.<\/p>\n<p>&nbsp;<\/td>\n<td><strong><strong>Primer premio:\u00a0\u00a0<\/strong><\/strong><em><strong>Heste laburraren Sindromea duen paziente baten heste-gutxiegitasuna tumore-buxaduragatik egindako ebakuntza kirurgikoaren ostean.<\/strong><\/em><\/td>\n<td style=\"text-align: right;\"><\/td>\n<\/tr>\n<tr>\n<td><\/td>\n<td><strong><span style=\"color: #3366ff;\">Elena Gonz\u00e1lez Estella doktorea.<\/span>\u00a0 <\/strong>Endokrinologia eta Nutrizio Zerbitzua. Gurutzetako Unibertsitate Ospitalea.\u00a0Ezkerraldea-Enkarterri-Gurutzeta ESI.<\/td>\n<td style=\"text-align: right;\"><\/td>\n<\/tr>\n<tr>\n<td>\u00a012:50.<\/td>\n<td><strong>Segundo premio:\u00a0 <em>Hesteetako gaixotasun inflamatorioa eta haurdunaldia. Nutrizio-erronka bat<\/em><\/strong><em>.<\/em><\/td>\n<td style=\"text-align: right;\"><\/td>\n<\/tr>\n<tr>\n<td><\/td>\n<td><strong><span style=\"color: #3366ff;\">Ignacio Merlo doktorea.<\/span> <\/strong>Endokrinologia eta Nutrizio Zerbitzua. Basurtoko Unibertsitate Ospitalea. Bilbo-Basurto ESI.<\/td>\n<td style=\"text-align: right;\"><\/td>\n<\/tr>\n<tr>\n<td><\/td>\n<td><strong>Tercer premio<\/strong><strong>: <em>Hainbat arrazoik eragindako malabsortzioa<\/em><\/strong><em>.<\/em><\/td>\n<td style=\"text-align: right;\"><\/td>\n<\/tr>\n<tr>\n<td>\u00a012:55.<\/td>\n<td><strong><span style=\"color: #3366ff;\">Mar\u00eda Picallo doktorea.\u00a0<\/span> <\/strong>Endokrinologia eta Nutrizio Zerbitzua. Galdakao Usansoloko Unibertsitate Ospitalea. Barrualde-Galdakao. ESI.<\/td>\n<td style=\"text-align: right;\"><\/td>\n<\/tr>\n<tr>\n<td><strong>13:00-14:00<\/strong><\/td>\n<td><strong>Ahozko Komunikazioen 1.Saioa.<\/strong><\/td>\n<td style=\"text-align: right;\">\u00a0<span style=\"color: #008000;\">Franc\u00e9s<\/span><\/td>\n<\/tr>\n<tr>\n<td><\/td>\n<td><strong><span style=\"color: #339966;\">Moderatzaileak:<\/span><\/strong><\/td>\n<td style=\"text-align: right;\"><\/td>\n<\/tr>\n<tr>\n<td><\/td>\n<td><strong><span style=\"color: #3366ff;\">Ihintza Larra\u00f1aga doktorea.\u00a0<\/span> <\/strong>Endokrinologia eta Nutrizio Zerbitzua. Mendaroko Ospitalea. Debabarrena ESI.<\/td>\n<td style=\"text-align: right;\"><\/td>\n<\/tr>\n<tr>\n<td><\/td>\n<td><strong><span style=\"color: #3366ff;\">Carmela Teresa Manrique doktorea.\u00a0<\/span> <\/strong>Endokrinologia eta Nutrizio Zerbitzua<span style=\"color: #000000;\">. Urdulizko Ospitalea. Uribeko ESI.<\/span><\/td>\n<td style=\"text-align: right;\"><\/td>\n<\/tr>\n<tr>\n<td><strong>13:00-14:00<\/strong><\/td>\n<td><strong>Ahozko Komunikazioen 2.Saioa.<\/strong><\/td>\n<td style=\"text-align: right;\"><span style=\"color: #ff9900;\">\u00a0<span style=\"color: #ff6600;\">M\u00fasica<\/span><\/span><\/td>\n<\/tr>\n<tr>\n<td><\/td>\n<td><strong><span style=\"color: #339966;\">Moderatzaileak:<\/span><\/strong><\/td>\n<td style=\"text-align: right;\"><\/td>\n<\/tr>\n<tr>\n<td><\/td>\n<td><strong><span style=\"color: #3366ff;\">Victor de Diego doktorea.<\/span>\u00a0 <\/strong>Endokrinologia eta Nutrizio Zerbitzua. Arabako Unibertsitate Ospitalea. Arabako ESI.<\/td>\n<td style=\"text-align: right;\"><\/td>\n<\/tr>\n<tr>\n<td><\/td>\n<td><span style=\"color: #3366ff;\"><strong>Leire Agea doktorea.\u00a0 <\/strong><span style=\"color: #000000;\">Endokrinologia eta Nutrizio Zerbitzua<\/span><\/span>. Araba Unibertsitate Ospitalea. Arabako ESI.<\/td>\n<td style=\"text-align: right;\"><\/td>\n<\/tr>\n<tr>\n<td><span style=\"color: #993300;\"><strong>14:00-15:30<\/strong><\/span><\/td>\n<td><span style=\"color: #993300;\"><strong>Bazkaria.<\/strong><\/span><\/td>\n<td style=\"text-align: right;\"><span style=\"color: #993300;\">\u00a0Arenal<\/span><\/td>\n<\/tr>\n<tr>\n<td><strong>16:00-17:15<\/strong><\/td>\n<td><strong>2. Mahai-ingurua.<\/strong><\/td>\n<td style=\"text-align: right;\">\u00a0<span style=\"color: #008000;\">Franc\u00e9s<\/span><\/td>\n<\/tr>\n<tr>\n<td><\/td>\n<td><strong><span style=\"color: #339966;\">Moderatzailea:\u00a0\u00a0<span style=\"color: #3366ff;\">Rebeca S\u00e1nchez doktorea.\u00a0<\/span> <\/span><\/strong><span style=\"color: #339966;\"><span style=\"color: #000000;\">Endokrinologia eta Nutrizio Zerbitzua<\/span><\/span><span style=\"color: #000000;\">. Gurutzetako Unibertsitate Ospitalea.\u00a0Ezkerraldea-Enkarterri-Gurutzeta ESI.<\/span><\/td>\n<td><\/td>\n<\/tr>\n<tr>\n<td>16:00.<\/td>\n<td><span style=\"color: #000000;\"><em><strong>Giltzurrun gaineko Kartzinoma.<\/strong><\/em><\/span><\/td>\n<td><\/td>\n<\/tr>\n<tr>\n<td><\/td>\n<td><span style=\"color: #000000;\"><strong><span style=\"color: #3366ff;\">Juan Carlos Percovich doktorea.<\/span>\u00a0\u00a0<\/strong>Endokrinologia eta Nutrizio Zerbitzua. Gregorio Mara\u00f1\u00f3n Unibertsitate Ospitale Orokorra. Madril.<\/span><\/td>\n<td><\/td>\n<\/tr>\n<tr>\n<td>\u00a016:30.<\/td>\n<td><strong><span style=\"color: #3366ff;\"><em><span style=\"color: #000000;\">Obesitate Sarkopenikoa.<\/span><\/em><\/span><\/strong><\/td>\n<td><\/td>\n<\/tr>\n<tr>\n<td><\/td>\n<td><span style=\"color: #3366ff;\"><strong>Mar\u00eda Ballesteros doktorea. <\/strong><span style=\"color: #000000;\">Endokrinologia eta Nutrizio Zerbitzua.<\/span><\/span><span style=\"color: #3366ff;\"><span style=\"color: #000000;\">\u00a0Leongo Unibertsitate Esparru Asistentziala.<\/span><\/span><\/td>\n<td><\/td>\n<\/tr>\n<tr>\n<td>\u00a017:00.<\/td>\n<td><strong><span style=\"color: #3366ff;\"><em><span style=\"color: #000000;\">Eztabaida.<\/span><\/em><\/span><\/strong><\/td>\n<td><\/td>\n<\/tr>\n<tr>\n<td><strong>16:00-17:15<\/strong><\/td>\n<td><span style=\"color: #ff6600;\"><strong>Hezkuntza diabetologikoaren 2.Saioa (Hezitzaileei zuzenduta)\u00a0<\/strong><\/span><\/td>\n<td style=\"text-align: right;\"><span style=\"color: #ff6600;\">\u00a0M\u00fasica<\/span><\/td>\n<\/tr>\n<tr>\n<td>\u00a0\u00a0<span style=\"color: #ffffff;\"><strong>00000000<\/strong><\/span><\/td>\n<td><em><strong>Lipodistrofia tailerra.<\/strong><\/em><\/td>\n<td><\/td>\n<\/tr>\n<tr>\n<td><\/td>\n<td><span style=\"color: #000000;\"><strong><span style=\"color: #3366ff;\"><span style=\"color: #339966;\">Moderatzailea:<\/span>\u00a0 Maria \u00c1ngeles Villahoz\u00a0andrea.<\/span><\/strong><span style=\"color: #3366ff;\"><span style=\"color: #000000;\"> Endokrinologia eta Nutrizio Zerbitzua. Galdakao-Usansoloko Unibertsitate Ospitalea. Barrualde-Galdakao ESI<\/span><\/span>.<\/span><\/td>\n<td><\/td>\n<\/tr>\n<tr>\n<td><\/td>\n<td><span style=\"color: #000000;\"><strong><span style=\"color: #3366ff;\">DUE Marisa Amaya Baro.<\/span><\/strong><\/span><em><span style=\"color: #000000;\"><strong>\u00a0 <\/strong><\/span><\/em><span style=\"color: #000000;\">Diabetesen arloko Praktika Aurreratuen Erizaina.<\/span><span style=\"color: #000000;\">\u00a0 Granadako EASP irakaslea.<\/span><\/td>\n<td><\/td>\n<\/tr>\n<tr>\n<td><strong>17:15-17:45<\/strong><\/td>\n<td><span style=\"color: #000000;\"><strong>Amaierako hitzaldia:<em>\u00a0 <\/em><\/strong><em>(streaming)<\/em><\/span><\/td>\n<td style=\"text-align: right;\">\u00a0<span style=\"color: #008000;\">Franc\u00e9s<\/span><\/td>\n<\/tr>\n<tr>\n<td><\/td>\n<td><span style=\"color: #000000;\"><strong><span style=\"color: #339966;\">Aurkezlea:\u00a0<\/span><span style=\"color: #3366ff;\">Sara Valle doktorea. <\/span><\/strong>Endokrinologia eta Nutrizio Zerbitzua. Galdakao-Usansoloko Unibertsitate Ospitalea. Barrualde-Galdakao ESI.<\/span><\/td>\n<td style=\"text-align: right;\"><\/td>\n<\/tr>\n<tr>\n<td><\/td>\n<td><span style=\"color: #000000;\"><strong><em>Effect of nuclear catastrophes on thyroid autoimmunity and thyroid cancer, in the frame of the conflict in Ukraine.<br \/>\n<\/em><span style=\"color: #3366ff;\">Rosella Elisei doktorea.\u00a0<\/span><\/strong>Pisako Unibertsitatea. UNIPI.\u00a0 Department of Clinical and Experimental Medicine. Italia.<\/span><\/td>\n<td style=\"text-align: right;\"><\/td>\n<\/tr>\n<tr>\n<td><strong>18:00-19:00<\/strong><\/td>\n<td><strong>SEDYNEren Batzar orokorra.\u00a0 <\/strong>(Aurrez aurrekoa)<strong>\u00a0<\/strong><\/td>\n<td style=\"text-align: right;\">\u00a0<span style=\"color: #008000;\">Franc\u00e9s<\/span><\/td>\n<\/tr>\n<\/tbody>\n<\/table>\n<p>&nbsp;<\/p>\n<h4 style=\"text-align: center;\"><\/h4>\n<hr \/>\n<h4 style=\"text-align: center;\"><strong>BABESLEAK ETA LAGUNTZAILEAK<\/strong><\/h4>\n<table style=\"width: 100%;\">\n<tbody>\n<tr>\n<td style=\"width: 155px; text-align: center; vertical-align: middle;\"><a href=\"https:\/\/www.sedyne.es\/wp-content\/uploads\/2017\/10\/nn_logo_rgb_blue_large.png\"><img loading=\"lazy\" decoding=\"async\" class=\"aligncenter wp-image-1906\" src=\"https:\/\/www.sedyne.es\/wp-content\/uploads\/2017\/10\/nn_logo_rgb_blue_large.png\" alt=\"\" width=\"110\" height=\"78\" srcset=\"https:\/\/www.sedyne.es\/wp-content\/uploads\/2017\/10\/nn_logo_rgb_blue_large.png 2400w, https:\/\/www.sedyne.es\/wp-content\/uploads\/2017\/10\/nn_logo_rgb_blue_large-300x213.png 300w, https:\/\/www.sedyne.es\/wp-content\/uploads\/2017\/10\/nn_logo_rgb_blue_large-768x546.png 768w, https:\/\/www.sedyne.es\/wp-content\/uploads\/2017\/10\/nn_logo_rgb_blue_large-1024x727.png 1024w, https:\/\/www.sedyne.es\/wp-content\/uploads\/2017\/10\/nn_logo_rgb_blue_large-591x420.png 591w, https:\/\/www.sedyne.es\/wp-content\/uploads\/2017\/10\/nn_logo_rgb_blue_large-640x455.png 640w, https:\/\/www.sedyne.es\/wp-content\/uploads\/2017\/10\/nn_logo_rgb_blue_large-681x484.png 681w\" sizes=\"auto, (max-width: 110px) 100vw, 110px\" \/><\/a><\/td>\n<td style=\"width: 155px; text-align: center; vertical-align: middle;\"><img loading=\"lazy\" decoding=\"async\" class=\"aligncenter wp-image-330\" src=\"http:\/\/www.sedyne.es\/wp-content\/uploads\/2016\/09\/Abbott-e1486639403476.jpg\" alt=\"\" width=\"116\" height=\"45\" srcset=\"https:\/\/www.sedyne.es\/wp-content\/uploads\/2016\/09\/Abbott-e1486639403476.jpg 1067w, https:\/\/www.sedyne.es\/wp-content\/uploads\/2016\/09\/Abbott-e1486639403476-300x115.jpg 300w, https:\/\/www.sedyne.es\/wp-content\/uploads\/2016\/09\/Abbott-e1486639403476-768x295.jpg 768w, https:\/\/www.sedyne.es\/wp-content\/uploads\/2016\/09\/Abbott-e1486639403476-1024x393.jpg 1024w, https:\/\/www.sedyne.es\/wp-content\/uploads\/2016\/09\/Abbott-e1486639403476-640x246.jpg 640w, https:\/\/www.sedyne.es\/wp-content\/uploads\/2016\/09\/Abbott-e1486639403476-681x262.jpg 681w\" sizes=\"auto, (max-width: 116px) 100vw, 116px\" \/><\/td>\n<td style=\"width: 155px; text-align: center; vertical-align: middle;\"><img loading=\"lazy\" decoding=\"async\" class=\"aligncenter wp-image-1905\" src=\"https:\/\/www.sedyne.es\/wp-content\/uploads\/2017\/10\/Logo-BI_Lilly_page-0001.jpg\" alt=\"\" width=\"140\" height=\"32\" srcset=\"https:\/\/www.sedyne.es\/wp-content\/uploads\/2017\/10\/Logo-BI_Lilly_page-0001.jpg 2592w, https:\/\/www.sedyne.es\/wp-content\/uploads\/2017\/10\/Logo-BI_Lilly_page-0001-300x68.jpg 300w, https:\/\/www.sedyne.es\/wp-content\/uploads\/2017\/10\/Logo-BI_Lilly_page-0001-768x173.jpg 768w, https:\/\/www.sedyne.es\/wp-content\/uploads\/2017\/10\/Logo-BI_Lilly_page-0001-1024x231.jpg 1024w, https:\/\/www.sedyne.es\/wp-content\/uploads\/2017\/10\/Logo-BI_Lilly_page-0001-1861x420.jpg 1861w, https:\/\/www.sedyne.es\/wp-content\/uploads\/2017\/10\/Logo-BI_Lilly_page-0001-640x144.jpg 640w, https:\/\/www.sedyne.es\/wp-content\/uploads\/2017\/10\/Logo-BI_Lilly_page-0001-681x154.jpg 681w\" sizes=\"auto, (max-width: 140px) 100vw, 140px\" \/><\/td>\n<\/tr>\n<tr>\n<td style=\"text-align: center;\"><img loading=\"lazy\" decoding=\"async\" class=\"wp-image-298 aligncenter\" src=\"http:\/\/www.sedyne.es\/wp-content\/uploads\/2016\/09\/AZ_RGB_H_COL-e1486639511139.jpg\" alt=\"\" width=\"148\" height=\"38\" srcset=\"https:\/\/www.sedyne.es\/wp-content\/uploads\/2016\/09\/AZ_RGB_H_COL-e1486639511139.jpg 1221w, https:\/\/www.sedyne.es\/wp-content\/uploads\/2016\/09\/AZ_RGB_H_COL-e1486639511139-300x78.jpg 300w, https:\/\/www.sedyne.es\/wp-content\/uploads\/2016\/09\/AZ_RGB_H_COL-e1486639511139-768x199.jpg 768w, https:\/\/www.sedyne.es\/wp-content\/uploads\/2016\/09\/AZ_RGB_H_COL-e1486639511139-1024x265.jpg 1024w, https:\/\/www.sedyne.es\/wp-content\/uploads\/2016\/09\/AZ_RGB_H_COL-e1486639511139-640x166.jpg 640w, https:\/\/www.sedyne.es\/wp-content\/uploads\/2016\/09\/AZ_RGB_H_COL-e1486639511139-681x176.jpg 681w\" sizes=\"auto, (max-width: 148px) 100vw, 148px\" \/><\/td>\n<td style=\"text-align: center;\"><img loading=\"lazy\" decoding=\"async\" class=\"wp-image-919 aligncenter\" src=\"https:\/\/www.sedyne.es\/wp-content\/uploads\/2019\/02\/SANOFI_Logo_Horizontal_2011_4colors.jpg\" alt=\"\" width=\"141\" height=\"30\" srcset=\"https:\/\/www.sedyne.es\/wp-content\/uploads\/2019\/02\/SANOFI_Logo_Horizontal_2011_4colors.jpg 3543w, https:\/\/www.sedyne.es\/wp-content\/uploads\/2019\/02\/SANOFI_Logo_Horizontal_2011_4colors-300x64.jpg 300w, https:\/\/www.sedyne.es\/wp-content\/uploads\/2019\/02\/SANOFI_Logo_Horizontal_2011_4colors-768x164.jpg 768w, https:\/\/www.sedyne.es\/wp-content\/uploads\/2019\/02\/SANOFI_Logo_Horizontal_2011_4colors-1024x218.jpg 1024w, https:\/\/www.sedyne.es\/wp-content\/uploads\/2019\/02\/SANOFI_Logo_Horizontal_2011_4colors-1968x420.jpg 1968w, https:\/\/www.sedyne.es\/wp-content\/uploads\/2019\/02\/SANOFI_Logo_Horizontal_2011_4colors-640x137.jpg 640w, https:\/\/www.sedyne.es\/wp-content\/uploads\/2019\/02\/SANOFI_Logo_Horizontal_2011_4colors-681x145.jpg 681w\" sizes=\"auto, (max-width: 141px) 100vw, 141px\" \/><\/td>\n<td style=\"text-align: center;\"><\/td>\n<\/tr>\n<tr>\n<td style=\"text-align: center;\"><\/td>\n<td style=\"text-align: center;\"><\/td>\n<td style=\"text-align: center;\"><\/td>\n<\/tr>\n<\/tbody>\n<\/table>\n<hr \/>\n<p>&nbsp;<\/p>\n<table style=\"width: 100%;\">\n<tbody>\n<tr>\n<td style=\"width: 117px; text-align: center; vertical-align: middle;\"><img loading=\"lazy\" decoding=\"async\" class=\"wp-image-584 aligncenter\" src=\"http:\/\/www.sedyne.es\/wp-content\/uploads\/2017\/10\/nestle.png\" alt=\"\" width=\"118\" height=\"68\" \/><\/td>\n<td style=\"width: 117px; text-align: center; vertical-align: middle;\"><a href=\"https:\/\/www.sedyne.es\/wp-content\/uploads\/2019\/02\/LOGO-NUTRICIA2018.jpg\"><img loading=\"lazy\" decoding=\"async\" class=\"wp-image-922 aligncenter\" src=\"https:\/\/www.sedyne.es\/wp-content\/uploads\/2019\/02\/LOGO-NUTRICIA2018.jpg\" alt=\"\" width=\"169\" height=\"74\" srcset=\"https:\/\/www.sedyne.es\/wp-content\/uploads\/2019\/02\/LOGO-NUTRICIA2018.jpg 1473w, https:\/\/www.sedyne.es\/wp-content\/uploads\/2019\/02\/LOGO-NUTRICIA2018-300x132.jpg 300w, https:\/\/www.sedyne.es\/wp-content\/uploads\/2019\/02\/LOGO-NUTRICIA2018-768x338.jpg 768w, https:\/\/www.sedyne.es\/wp-content\/uploads\/2019\/02\/LOGO-NUTRICIA2018-1024x450.jpg 1024w, https:\/\/www.sedyne.es\/wp-content\/uploads\/2019\/02\/LOGO-NUTRICIA2018-955x420.jpg 955w, https:\/\/www.sedyne.es\/wp-content\/uploads\/2019\/02\/LOGO-NUTRICIA2018-640x282.jpg 640w, https:\/\/www.sedyne.es\/wp-content\/uploads\/2019\/02\/LOGO-NUTRICIA2018-681x300.jpg 681w\" sizes=\"auto, (max-width: 169px) 100vw, 169px\" \/><\/a><\/td>\n<td style=\"width: 117px; text-align: center; vertical-align: middle;\"><a href=\"https:\/\/www.sedyne.es\/wp-content\/uploads\/2017\/10\/245px-Servier_company_logo.svg_.png\"><img loading=\"lazy\" decoding=\"async\" class=\"size-full wp-image-1907 aligncenter\" src=\"https:\/\/www.sedyne.es\/wp-content\/uploads\/2017\/10\/245px-Servier_company_logo.svg_.png\" alt=\"\" width=\"245\" height=\"82\" \/><\/a><\/td>\n<td style=\"width: 117px; text-align: center; vertical-align: middle;\"><a href=\"https:\/\/www.sedyne.es\/wp-content\/uploads\/2017\/10\/Recordati_logowithclaim_black106-kb.png\"><img loading=\"lazy\" decoding=\"async\" class=\"wp-image-1908 alignright\" src=\"https:\/\/www.sedyne.es\/wp-content\/uploads\/2017\/10\/Recordati_logowithclaim_black106-kb.png\" alt=\"\" width=\"121\" height=\"53\" srcset=\"https:\/\/www.sedyne.es\/wp-content\/uploads\/2017\/10\/Recordati_logowithclaim_black106-kb.png 1650w, https:\/\/www.sedyne.es\/wp-content\/uploads\/2017\/10\/Recordati_logowithclaim_black106-kb-300x132.png 300w, https:\/\/www.sedyne.es\/wp-content\/uploads\/2017\/10\/Recordati_logowithclaim_black106-kb-768x337.png 768w, https:\/\/www.sedyne.es\/wp-content\/uploads\/2017\/10\/Recordati_logowithclaim_black106-kb-1024x450.png 1024w, https:\/\/www.sedyne.es\/wp-content\/uploads\/2017\/10\/Recordati_logowithclaim_black106-kb-956x420.png 956w, https:\/\/www.sedyne.es\/wp-content\/uploads\/2017\/10\/Recordati_logowithclaim_black106-kb-640x281.png 640w, https:\/\/www.sedyne.es\/wp-content\/uploads\/2017\/10\/Recordati_logowithclaim_black106-kb-681x299.png 681w\" sizes=\"auto, (max-width: 121px) 100vw, 121px\" \/><\/a><\/td>\n<\/tr>\n<tr>\n<td><a href=\"https:\/\/www.sedyne.es\/wp-content\/uploads\/2016\/09\/MSD.jpg\"><img loading=\"lazy\" decoding=\"async\" class=\" wp-image-378 aligncenter\" src=\"https:\/\/www.sedyne.es\/wp-content\/uploads\/2016\/09\/MSD.jpg\" alt=\"\" width=\"86\" height=\"40\" \/><\/a><\/td>\n<td><a href=\"https:\/\/www.sedyne.es\/wp-content\/uploads\/2017\/10\/persan-farma.jpeg\"><img loading=\"lazy\" decoding=\"async\" class=\"wp-image-1909 aligncenter\" src=\"https:\/\/www.sedyne.es\/wp-content\/uploads\/2017\/10\/persan-farma.jpeg\" alt=\"\" width=\"93\" height=\"24\" srcset=\"https:\/\/www.sedyne.es\/wp-content\/uploads\/2017\/10\/persan-farma.jpeg 384w, https:\/\/www.sedyne.es\/wp-content\/uploads\/2017\/10\/persan-farma-300x78.jpeg 300w\" sizes=\"auto, (max-width: 93px) 100vw, 93px\" \/><\/a><\/td>\n<td>\u00a0<a href=\"https:\/\/www.sedyne.es\/wp-content\/uploads\/2017\/10\/bd.png\"><img loading=\"lazy\" decoding=\"async\" class=\"wp-image-1910 aligncenter\" src=\"https:\/\/www.sedyne.es\/wp-content\/uploads\/2017\/10\/bd.png\" alt=\"\" width=\"71\" height=\"27\" srcset=\"https:\/\/www.sedyne.es\/wp-content\/uploads\/2017\/10\/bd.png 5000w, https:\/\/www.sedyne.es\/wp-content\/uploads\/2017\/10\/bd-300x113.png 300w, https:\/\/www.sedyne.es\/wp-content\/uploads\/2017\/10\/bd-768x290.png 768w, https:\/\/www.sedyne.es\/wp-content\/uploads\/2017\/10\/bd-1024x387.png 1024w, https:\/\/www.sedyne.es\/wp-content\/uploads\/2017\/10\/bd-1112x420.png 1112w, https:\/\/www.sedyne.es\/wp-content\/uploads\/2017\/10\/bd-640x242.png 640w, https:\/\/www.sedyne.es\/wp-content\/uploads\/2017\/10\/bd-681x257.png 681w\" sizes=\"auto, (max-width: 71px) 100vw, 71px\" \/><\/a><\/td>\n<td>\u00a0<a href=\"https:\/\/www.sedyne.es\/wp-content\/uploads\/2016\/10\/logo-cantabria-labs-nutricion-medica-1-vertical.jpg\"><img loading=\"lazy\" decoding=\"async\" class=\"wp-image-1988 aligncenter\" src=\"https:\/\/www.sedyne.es\/wp-content\/uploads\/2016\/10\/logo-cantabria-labs-nutricion-medica-1-vertical.jpg\" alt=\"\" width=\"104\" height=\"54\" srcset=\"https:\/\/www.sedyne.es\/wp-content\/uploads\/2016\/10\/logo-cantabria-labs-nutricion-medica-1-vertical.jpg 2095w, https:\/\/www.sedyne.es\/wp-content\/uploads\/2016\/10\/logo-cantabria-labs-nutricion-medica-1-vertical-300x160.jpg 300w, https:\/\/www.sedyne.es\/wp-content\/uploads\/2016\/10\/logo-cantabria-labs-nutricion-medica-1-vertical-768x403.jpg 768w, https:\/\/www.sedyne.es\/wp-content\/uploads\/2016\/10\/logo-cantabria-labs-nutricion-medica-1-vertical-1024x538.jpg 1024w, https:\/\/www.sedyne.es\/wp-content\/uploads\/2016\/10\/logo-cantabria-labs-nutricion-medica-1-vertical-800x420.jpg 800w, https:\/\/www.sedyne.es\/wp-content\/uploads\/2016\/10\/logo-cantabria-labs-nutricion-medica-1-vertical-640x336.jpg 640w, https:\/\/www.sedyne.es\/wp-content\/uploads\/2016\/10\/logo-cantabria-labs-nutricion-medica-1-vertical-681x358.jpg 681w\" sizes=\"auto, (max-width: 104px) 100vw, 104px\" \/><\/a><\/td>\n<\/tr>\n<tr>\n<td>\u00a0<a href=\"https:\/\/www.sedyne.es\/wp-content\/uploads\/2017\/10\/menarini.jpg\"><img loading=\"lazy\" decoding=\"async\" class=\" wp-image-882 aligncenter\" src=\"https:\/\/www.sedyne.es\/wp-content\/uploads\/2017\/10\/menarini.jpg\" alt=\"\" width=\"89\" height=\"35\" srcset=\"https:\/\/www.sedyne.es\/wp-content\/uploads\/2017\/10\/menarini.jpg 1820w, https:\/\/www.sedyne.es\/wp-content\/uploads\/2017\/10\/menarini-300x119.jpg 300w, https:\/\/www.sedyne.es\/wp-content\/uploads\/2017\/10\/menarini-768x306.jpg 768w, https:\/\/www.sedyne.es\/wp-content\/uploads\/2017\/10\/menarini-1024x407.jpg 1024w, https:\/\/www.sedyne.es\/wp-content\/uploads\/2017\/10\/menarini-1056x420.jpg 1056w, https:\/\/www.sedyne.es\/wp-content\/uploads\/2017\/10\/menarini-640x255.jpg 640w, https:\/\/www.sedyne.es\/wp-content\/uploads\/2017\/10\/menarini-681x271.jpg 681w\" sizes=\"auto, (max-width: 89px) 100vw, 89px\" \/><\/a><\/td>\n<td>\u00a0<img loading=\"lazy\" decoding=\"async\" class=\"wp-image-926 aligncenter\" src=\"http:\/\/www.sedyne.es\/wp-content\/uploads\/2017\/10\/Logo-Almirall-e1550150667842.jpg\" alt=\"\" width=\"89\" height=\"38\" srcset=\"https:\/\/www.sedyne.es\/wp-content\/uploads\/2017\/10\/Logo-Almirall-e1550150667842.jpg 582w, https:\/\/www.sedyne.es\/wp-content\/uploads\/2017\/10\/Logo-Almirall-e1550150667842-300x128.jpg 300w\" sizes=\"auto, (max-width: 89px) 100vw, 89px\" \/><\/td>\n<td>\u00a0<a href=\"https:\/\/www.sedyne.es\/wp-content\/uploads\/2016\/10\/bayer.jpg\"><img loading=\"lazy\" decoding=\"async\" class=\"wp-image-2013 aligncenter\" src=\"https:\/\/www.sedyne.es\/wp-content\/uploads\/2016\/10\/bayer.jpg\" alt=\"\" width=\"79\" height=\"76\" srcset=\"https:\/\/www.sedyne.es\/wp-content\/uploads\/2016\/10\/bayer.jpg 1007w, https:\/\/www.sedyne.es\/wp-content\/uploads\/2016\/10\/bayer-300x290.jpg 300w, https:\/\/www.sedyne.es\/wp-content\/uploads\/2016\/10\/bayer-768x741.jpg 768w, https:\/\/www.sedyne.es\/wp-content\/uploads\/2016\/10\/bayer-435x420.jpg 435w, https:\/\/www.sedyne.es\/wp-content\/uploads\/2016\/10\/bayer-640x618.jpg 640w, https:\/\/www.sedyne.es\/wp-content\/uploads\/2016\/10\/bayer-681x657.jpg 681w\" sizes=\"auto, (max-width: 79px) 100vw, 79px\" \/><\/a><\/td>\n<td><\/td>\n<\/tr>\n<\/tbody>\n<\/table>\n<p>&nbsp;<\/p>\n<p>&nbsp;<\/p>\n<table>\n<tbody>\n<tr>\n<td><\/td>\n<td><\/td>\n<td><\/td>\n<\/tr>\n<\/tbody>\n<\/table>\n<h4 style=\"text-align: center;\"><\/h4>\n","protected":false},"excerpt":{"rendered":"<p>Euskadiko Endokrinologia, Diabetes eta Nutrizio Elkartearen XXIII. Biltzarra Bilbao. Sociedad Bilbaina. 2022ko Maiatzaren 13a ARETOA 8:30-9:00 Dokumentazioa jasotezea. 9:00-9:15 Inaugurazio ofiziala. Franc\u00e9s Jon Guajardo doktorea.\u00a0\u00a0Barrualde-Galdakao. ESIko Gerentea.\u00a0 David Cantero doktorea.\u00a0\u00a0Barrualde-Galdakao ESIko Zuzendari Medikoa.\u00a0 Yolanda Garc\u00eda Fernandez doktorea.\u00a0\u00a0Batzorde Antolatzailearen Presidentea.\u00a0Endokrinologia eta Nutrizio Zerbitzua.\u00a0Galdakao-Usansoloko Unibertsitate Ospitalea. Barrualde-Galdakao ESI. 9:15-9:45 Hasierako hitzaldia. Franc\u00e9s Aurkezlea:\u00a0\u00a0Aida Cadenas Gonz\u00e1lez doktorea.\u00a0\u00a0Batzorde Antolatzailearen [&hellip;]<\/p>\n","protected":false},"author":121,"featured_media":0,"parent":2061,"menu_order":2,"comment_status":"closed","ping_status":"closed","template":"","meta":{"footnotes":""},"class_list":["post-2068","page","type-page","status-publish","hentry"],"_links":{"self":[{"href":"https:\/\/www.sedyne.es\/eu\/wp-json\/wp\/v2\/pages\/2068","targetHints":{"allow":["GET"]}}],"collection":[{"href":"https:\/\/www.sedyne.es\/eu\/wp-json\/wp\/v2\/pages"}],"about":[{"href":"https:\/\/www.sedyne.es\/eu\/wp-json\/wp\/v2\/types\/page"}],"author":[{"embeddable":true,"href":"https:\/\/www.sedyne.es\/eu\/wp-json\/wp\/v2\/users\/121"}],"replies":[{"embeddable":true,"href":"https:\/\/www.sedyne.es\/eu\/wp-json\/wp\/v2\/comments?post=2068"}],"version-history":[{"count":2,"href":"https:\/\/www.sedyne.es\/eu\/wp-json\/wp\/v2\/pages\/2068\/revisions"}],"predecessor-version":[{"id":2097,"href":"https:\/\/www.sedyne.es\/eu\/wp-json\/wp\/v2\/pages\/2068\/revisions\/2097"}],"up":[{"embeddable":true,"href":"https:\/\/www.sedyne.es\/eu\/wp-json\/wp\/v2\/pages\/2061"}],"wp:attachment":[{"href":"https:\/\/www.sedyne.es\/eu\/wp-json\/wp\/v2\/media?parent=2068"}],"curies":[{"name":"wp","href":"https:\/\/api.w.org\/{rel}","templated":true}]}}