{"id":2074,"date":"2022-07-21T14:12:41","date_gmt":"2022-07-21T13:12:41","guid":{"rendered":"https:\/\/www.sedyne.es\/?page_id=2074\/"},"modified":"2022-07-21T14:26:34","modified_gmt":"2022-07-21T13:26:34","slug":"komunikazioak","status":"publish","type":"page","link":"https:\/\/www.sedyne.es\/eu\/biltzarra\/biltzarra-2022\/komunikazioak\/","title":{"rendered":"2022 Komunikazioak"},"content":{"rendered":"<p><strong>KOMUNIKAZIOEN LABURPENAK JASOTZEKO AZKEN EGUNA:\u00a0\u00a0\u00a0\u00a0\u00a0 \u00a0 <del>2022-04-19<\/del>\u00a0 \u00a0\u00a02022-04-21<\/strong><\/p>\n<p>LABURPEN GUZTIAK WEBGUNEAREN BIDEZ AURKEZTUKO DIRA<\/p>\n<ul>\n<li>Laburpenak honako atal hauek izan behar ditu:\u00a0 Sarrera, Metodologia, Emaitzak eta Konklusioak.<\/li>\n<li>Gehienez 4000 karaktere (espazioekin). Letra mota: Arial 11.<\/li>\n<li>Identifikazio-datuak formularioan azaldu behar dira.\u00a0 Ezein kasutan ez dira laburpenean sartu behar.\u00a0<strong>Egilekideak ez badira erregistratzen formularioan horretarako dagoen eremuan, ez dira agertuko komunikazioen liburuan, ezta ziurtagirietan ere<\/strong>.<\/li>\n<\/ul>\n<table style=\"height: 68px;\" width=\"300\">\n<tbody>\n<tr>\n<td>\n<h3 style=\"text-align: left;\"><span style=\"background-color: #3366ff; color: #ffffff;\"><strong><a href=\"https:\/\/tisa.teventos.com\/sedyne22\/eu\/mods\/komunikazio-bidalketa\" target=\"_blank\" rel=\"noopener noreferrer\"><img loading=\"lazy\" decoding=\"async\" class=\"alignright wp-image-1885\" src=\"https:\/\/www.sedyne.es\/wp-content\/uploads\/2017\/10\/hacer-clic.png\" alt=\"\" width=\"67\" height=\"67\" srcset=\"https:\/\/www.sedyne.es\/wp-content\/uploads\/2017\/10\/hacer-clic.png 512w, https:\/\/www.sedyne.es\/wp-content\/uploads\/2017\/10\/hacer-clic-150x150.png 150w, https:\/\/www.sedyne.es\/wp-content\/uploads\/2017\/10\/hacer-clic-300x300.png 300w, https:\/\/www.sedyne.es\/wp-content\/uploads\/2017\/10\/hacer-clic-420x420.png 420w\" sizes=\"auto, (max-width: 67px) 100vw, 67px\" \/><\/a><\/strong><\/span><\/h3>\n<\/td>\n<td>\n<h3 style=\"text-align: center;\"><span style=\"color: #ffffff; background-color: #4d9ef0;\"><em><a style=\"color: #ffffff; background-color: #4d9ef0;\" href=\"https:\/\/tisa.teventos.com\/sedyne22\/eu\/mods\/komunikazio-bidalketa\" target=\"_blank\" rel=\"noopener noreferrer\"><strong>KOMUNIKAZIOA \/ LABURPENA BIDALI<\/strong><\/a><\/em><\/span><\/h3>\n<\/td>\n<td>\n<h3 style=\"text-align: left;\"><span style=\"background-color: #3366ff; color: #ffffff;\"><strong><a href=\"https:\/\/tisa.teventos.com\/sedyne22\/eu\/mods\/komunikazio-bidalketa\" target=\"_blank\" rel=\"noopener noreferrer\"><img loading=\"lazy\" decoding=\"async\" class=\"alignleft wp-image-1885\" src=\"https:\/\/www.sedyne.es\/wp-content\/uploads\/2017\/10\/hacer-clic.png\" alt=\"\" width=\"67\" height=\"67\" srcset=\"https:\/\/www.sedyne.es\/wp-content\/uploads\/2017\/10\/hacer-clic.png 512w, https:\/\/www.sedyne.es\/wp-content\/uploads\/2017\/10\/hacer-clic-150x150.png 150w, https:\/\/www.sedyne.es\/wp-content\/uploads\/2017\/10\/hacer-clic-300x300.png 300w, https:\/\/www.sedyne.es\/wp-content\/uploads\/2017\/10\/hacer-clic-420x420.png 420w\" sizes=\"auto, (max-width: 67px) 100vw, 67px\" \/><\/a><\/strong><\/span><\/h3>\n<\/td>\n<\/tr>\n<\/tbody>\n<\/table>\n<p>&nbsp;<\/p>\n<h6 style=\"text-align: left;\"><strong>Komunikazioak Biltzarrean AURKEZTEKO arauak:<\/strong><strong><br \/>\n<\/strong>Hizlariak 5 minutu izango ditu komunikazio bakoitza defendatzeko.<br \/>\nGehienez 2 diapositiba (pps) erabil ditzake komunikazio bakoitzerako.<\/h6>\n<ul>\n<li>diapositiba \u2013 Materiala eta metodoak<\/li>\n<li>diapositiba \u2013 Emaitzak eta konklusioak<\/li>\n<\/ul>\n<p><strong>\u00a0<\/strong><\/p>\n<hr \/>\n<p><strong>ORDUTEGIA ETA ARETOA:<\/strong><\/p>\n<p><strong><span style=\"color: #3366ff;\">13:00 &#8211; 14:00.<\/span><\/strong><\/p>\n<table width=\"633\">\n<tbody>\n<tr>\n<td width=\"633\"><em><strong>Ahozko Komunikazioen 1. Saioa\u00a0<\/strong><\/em><em>\u2013<\/em>\u00a0<span style=\"color: #008000;\"><strong><u>Sal\u00f3n Franc\u00e9s<br \/>\n<\/u><\/strong><\/span><strong><span style=\"color: #008000;\">Moderatzaileak:<br \/>\n<\/span><\/strong><strong>Ihintza Larra\u00f1aga doktorea.\u00a0\u00a0<\/strong>Endokrinologia eta Nutrizio Zerbitzua. Mendaroko Ospitalea. Debabarrena ESI.<strong><br \/>\n<\/strong><strong>Carmela Teresa Manrique doktorea.\u00a0 <\/strong>Endokrinologia eta Nutrizio Zerbitzua.\u00a0Urdulizko Ospitalea. Uribe ESI.<\/td>\n<\/tr>\n<\/tbody>\n<\/table>\n<p>&nbsp;<\/p>\n<table width=\"633\">\n<tbody>\n<tr>\n<td width=\"28\"><\/td>\n<td width=\"605\"><\/td>\n<\/tr>\n<tr>\n<td width=\"28\">1<\/td>\n<td width=\"605\">La importancia de la educaci\u00f3n diabetol\u00f3gica en pacientes con resistencia a la insulina grave: a prop\u00f3sito, un caso.<\/td>\n<\/tr>\n<tr>\n<td width=\"28\">2<\/td>\n<td width=\"605\">Diagn\u00f3stico de desnutrici\u00f3n por criterios GLIM en pacientes ingresados en oncolog\u00eda, digestivo y cirug\u00eda de OSI Barrualde-Galdakao.<\/td>\n<\/tr>\n<tr>\n<td width=\"28\">3<\/td>\n<td width=\"605\">An\u00e1lisis cl\u00ednico de los pacientes ingresados por patolog\u00edas tumorales e inflamatorias en relaci\u00f3n a la desnutrici\u00f3n relacionada con la enfermedad.<\/td>\n<\/tr>\n<tr>\n<td width=\"28\">4<\/td>\n<td width=\"605\">Codificaci\u00f3n de desnutrici\u00f3n, sarcopenia, disfagia y gastrostom\u00eda en tres servicios del hospital Galdakao-Usansolo antes y durante la realizaci\u00f3n de un estudio de intervenci\u00f3n nutricional.<\/td>\n<\/tr>\n<tr>\n<td width=\"28\">5<\/td>\n<td width=\"605\">Tiroiditis subaguda tras vacuna ARNm contra COVID-19<\/td>\n<\/tr>\n<tr>\n<td width=\"28\">6<\/td>\n<td width=\"605\">Estudio observacional de eficacia del tratamiento con el agonista del receptor de GLP1, dulaglutide, en pacientes con Diabetes mellitus tipo 2: Estudio en vida real en consultas de Endocrinolog\u00eda.<\/td>\n<\/tr>\n<tr>\n<td width=\"28\">7<\/td>\n<td width=\"605\">Impacto sobre el control gluc\u00e9mico de la implementaci\u00f3n de sistemas de asa cerrada h\u00edbridos en pacientes con DM1 en nuestro medio.<\/td>\n<\/tr>\n<tr>\n<td width=\"28\">8<\/td>\n<td width=\"605\">\u00bfYo lipos? Nooooo.<\/td>\n<\/tr>\n<tr>\n<td width=\"28\">9<\/td>\n<td width=\"605\">Gesti\u00f3n de la funci\u00f3n tiroidea durante el embarazo: Resultados obst\u00e9trico-perinatales.<\/td>\n<\/tr>\n<tr>\n<td width=\"28\">10<\/td>\n<td width=\"605\">Lipodistrofia parcial familiar tipo 2 o S\u00edndrome de Dunnigan: caso cl\u00ednico<\/td>\n<\/tr>\n<tr>\n<td width=\"28\">11<\/td>\n<td width=\"605\">Carcinoma diferenciado de tiroides (CDT): \u00bfirve la tiroglobulina (Tg) postoperatoria como factor para predecir la recidiva a largo plazo?<\/td>\n<\/tr>\n<\/tbody>\n<\/table>\n<p><strong><span style=\"color: #3366ff;\">13:00 &#8211; 14:00.<\/span><\/strong><\/p>\n<table width=\"633\">\n<tbody>\n<tr>\n<td width=\"633\"><em><strong>Ahozko Komunikazioen 2. Saioa\u00a0<\/strong><\/em><em>\u2013<\/em>\u00a0<span style=\"color: #008000;\"><strong><u><span style=\"color: #ff6600;\">Sal\u00f3n M\u00fasica<\/span><br \/>\n<\/u><\/strong><\/span><strong><span style=\"color: #008000;\">Moderatzaileak:<br \/>\n<\/span><\/strong><strong>V\u00edctor de Diego doktorea.\u00a0 <\/strong>Endokrinologia eta Nutrizio Zerbitzua. Arabako Unibertsitate Ospitalea. Arabako ESI.<strong><br \/>\n<\/strong><strong>Leire Agea doktorea.\u00a0\u00a0<\/strong>Endokrinologia eta Nutrizio Zerbitzua. Arabako Unibertsitate Ospitalea. Arabako ESI.<\/td>\n<\/tr>\n<\/tbody>\n<\/table>\n<p>&nbsp;<\/p>\n<table width=\"633\">\n<tbody>\n<tr>\n<td width=\"28\"><\/td>\n<td width=\"605\"><\/td>\n<\/tr>\n<tr>\n<td width=\"28\">12<\/td>\n<td width=\"605\">Miopat\u00eda necrotizante: El precio de la estatinizaci\u00f3n masiva.<\/td>\n<\/tr>\n<tr>\n<td width=\"28\">13<\/td>\n<td width=\"605\">Ablaci\u00f3n por radiofrecuencia como tratamiento del hiperparatiroidismo primario. A prop\u00f3sito de un caso.<\/td>\n<\/tr>\n<tr>\n<td width=\"28\">14<\/td>\n<td width=\"605\">M\u00e1s all\u00e1 del IMC: Valoraci\u00f3n morfofuncional de los pacientes con distrofia miot\u00f3nica tipo 1 y su relaci\u00f3n con la escala MIRS.<\/td>\n<\/tr>\n<tr>\n<td width=\"28\">15<\/td>\n<td width=\"605\">Actividad de la unidad de Nutrici\u00f3n Cl\u00ednica del H.U. Basurto desde su creaci\u00f3n<\/td>\n<\/tr>\n<tr>\n<td width=\"28\">16<\/td>\n<td width=\"605\">Nutrici\u00f3n parenteral paliativa.<\/td>\n<\/tr>\n<tr>\n<td width=\"28\">17<\/td>\n<td width=\"605\">Locura mixedematosa: a prop\u00f3sito de un caso.<\/td>\n<\/tr>\n<tr>\n<td width=\"28\">18<\/td>\n<td width=\"605\">Caso cl\u00ednico: Sepsis estafiloc\u00f3cica relacionada con el dispositivo FREESTYLE LIBRE.<\/td>\n<\/tr>\n<tr>\n<td width=\"28\">19<\/td>\n<td width=\"605\">Adecuaci\u00f3n del control metab\u00f3lico y tratamiento en pacientes ancianos con DM2 en funci\u00f3n de su capacidad funcional y comorbilidad. COMETA-DM. Descripci\u00f3n de la poblaci\u00f3n a estudio.<\/td>\n<\/tr>\n<tr>\n<td width=\"28\">20<\/td>\n<td width=\"605\">Cambios de tendencia en las caracter\u00edsticas demogr\u00e1ficas y morbilidad de la poblaci\u00f3n transg\u00e9nero de Euskadi<\/td>\n<\/tr>\n<tr>\n<td width=\"28\">21<\/td>\n<td width=\"605\">Diabetes ins\u00edpida central familiar.<\/td>\n<\/tr>\n<tr>\n<td width=\"28\">22<\/td>\n<td width=\"605\">Fiabilidad del \u00edndice de Viteri como m\u00e9todo de estimaci\u00f3n del peso corporal.<\/td>\n<\/tr>\n<\/tbody>\n<\/table>\n<p><strong>\u00a0<\/strong><\/p>\n<p><strong>Idazkaritza<br \/>\n<\/strong>Tisa Congresos &#8211; Tel. \u00a0944 243 997\u00a0<a href=\"mailto:sedyne@tisasa.es\">sedyne@tisasa.es<\/a><\/p>\n<p>&nbsp;<\/p>\n","protected":false},"excerpt":{"rendered":"<p>KOMUNIKAZIOEN LABURPENAK JASOTZEKO AZKEN EGUNA:\u00a0\u00a0\u00a0\u00a0\u00a0 \u00a0 2022-04-19\u00a0 \u00a0\u00a02022-04-21 LABURPEN GUZTIAK WEBGUNEAREN BIDEZ AURKEZTUKO DIRA Laburpenak honako atal hauek izan behar ditu:\u00a0 Sarrera, Metodologia, Emaitzak eta Konklusioak. Gehienez 4000 karaktere (espazioekin). Letra mota: Arial 11. Identifikazio-datuak formularioan azaldu behar dira.\u00a0 Ezein kasutan ez dira laburpenean sartu behar.\u00a0Egilekideak ez badira erregistratzen formularioan horretarako dagoen eremuan, ez dira [&hellip;]<\/p>\n","protected":false},"author":121,"featured_media":0,"parent":2061,"menu_order":3,"comment_status":"closed","ping_status":"closed","template":"","meta":{"footnotes":""},"class_list":["post-2074","page","type-page","status-publish","hentry"],"_links":{"self":[{"href":"https:\/\/www.sedyne.es\/eu\/wp-json\/wp\/v2\/pages\/2074","targetHints":{"allow":["GET"]}}],"collection":[{"href":"https:\/\/www.sedyne.es\/eu\/wp-json\/wp\/v2\/pages"}],"about":[{"href":"https:\/\/www.sedyne.es\/eu\/wp-json\/wp\/v2\/types\/page"}],"author":[{"embeddable":true,"href":"https:\/\/www.sedyne.es\/eu\/wp-json\/wp\/v2\/users\/121"}],"replies":[{"embeddable":true,"href":"https:\/\/www.sedyne.es\/eu\/wp-json\/wp\/v2\/comments?post=2074"}],"version-history":[{"count":2,"href":"https:\/\/www.sedyne.es\/eu\/wp-json\/wp\/v2\/pages\/2074\/revisions"}],"predecessor-version":[{"id":2098,"href":"https:\/\/www.sedyne.es\/eu\/wp-json\/wp\/v2\/pages\/2074\/revisions\/2098"}],"up":[{"embeddable":true,"href":"https:\/\/www.sedyne.es\/eu\/wp-json\/wp\/v2\/pages\/2061"}],"wp:attachment":[{"href":"https:\/\/www.sedyne.es\/eu\/wp-json\/wp\/v2\/media?parent=2074"}],"curies":[{"name":"wp","href":"https:\/\/api.w.org\/{rel}","templated":true}]}}