{"id":2840,"date":"2024-10-31T09:17:21","date_gmt":"2024-10-31T08:17:21","guid":{"rendered":"https:\/\/www.sedyne.es\/comunicaciones-2025\/"},"modified":"2026-02-27T13:17:01","modified_gmt":"2026-02-27T12:17:01","slug":"comunicaciones-2026","status":"publish","type":"page","link":"https:\/\/www.sedyne.es\/eu\/comunicaciones-2026\/","title":{"rendered":"Komunikazioak 2026"},"content":{"rendered":"<p style=\"text-align: justify;\"><strong>Komunikazioak Biltzarrean AURKEZTEKO arauak:<\/strong><br \/>\n<strong><br \/>\n<\/strong>Hizlariak 10 minutu izango ditu komunikazio bakoitza defendatzeko:\u00a07 minutu aurkezteko eta 3\u00a0galderak egiteko<\/p>\n<hr \/>\n<p style=\"text-align: justify;\"><strong>ORDUTEGIA ETA ARETOA:<\/strong><br \/>\n<span style=\"color: #000000;\">13:15 &#8211; 14:15. <\/span>Aldi beran Costa Vasca 1 eta Costa Vasca 4 aretoetan.<\/p>\n<p style=\"text-align: justify;\"><strong>Gogoratu aldez aurretik zure komunikazioa dagokion gelako ordenagailuan kargatuta izatea, mesedez. Hitzaldiak hasi aurretik eta kafe-etenaldian egin dezakezu.<\/strong><\/p>\n<p><span style=\"color: #339966;\"><strong>13:15 &#8211; 14:15 h. Costa Vasca 1<\/strong><\/span><br \/>\n<em><strong>Ahozko Komunikazioak. 1. Mahaia<\/strong><\/em><\/p>\n<p><strong>Moderatzaileak:<\/strong><strong>\u00a0\u00a0<\/strong><br \/>\n<span style=\"color: #3366ff;\"><strong>Ignacio Merlo doktorea. <\/strong><\/span>Donostiako Unibertsitate Ospitalea.<br \/>\n<span style=\"color: #3366ff;\"><strong>Ane Amilibia doktorea. <\/strong><\/span>Bidasoko Ospitalea.<\/p>\n<table style=\"height: 346px;\" width=\"453\">\n<tbody>\n<tr style=\"height: 24px;\">\n<td style=\"height: 24px;\" width=\"37\"><\/td>\n<td style=\"height: 24px;\" width=\"416\"><em><strong>T\u00edtulo<\/strong><\/em><\/td>\n<\/tr>\n<tr style=\"height: 65px;\">\n<td style=\"height: 65px;\" width=\"37\">1<\/td>\n<td style=\"height: 65px;\" width=\"416\">DETECCI\u00d3N DE ESTADIOS PRECL\u00cdNICOS DE DIABETES TIPO 1 EN POBLACI\u00d3N GENERAL Y FAMILIARES DE PRIMER GRADO DE PACIENTES AFECTOS<\/td>\n<\/tr>\n<tr style=\"height: 41px;\">\n<td style=\"height: 41px;\" width=\"37\">2<\/td>\n<td style=\"height: 41px;\" width=\"416\">FACTORES PREDICTORES DE HIPOGLUCEMIA EN PERSONAS CON DIABETES TIPO 1 Y SU RELEVANCIA PARA LA PR\u00c1CTICA ENFERMERA<\/td>\n<\/tr>\n<tr style=\"height: 48px;\">\n<td style=\"height: 48px;\" width=\"37\">3<\/td>\n<td style=\"height: 48px;\" width=\"416\">USO DE DAPAGLIFLOZINA EN DIABETES MELLITUS TIPO 1: RESULTADOS EN VIDA REAL<\/td>\n<\/tr>\n<tr style=\"height: 48px;\">\n<td style=\"height: 48px;\" width=\"37\">4<\/td>\n<td style=\"height: 48px;\" width=\"416\">RESULTADOS PRELIMINARES EN EL USO DE FINERENONA: LA ALBUMINURIA Y LA POTASEMIA<\/td>\n<\/tr>\n<tr style=\"height: 72px;\">\n<td style=\"height: 72px;\" width=\"37\">5<\/td>\n<td style=\"height: 72px;\" width=\"416\">IMPLEMENTACI\u00d3N DEL REGISTRO NACIONAL DE DIABETES TIPO 1 EN ESPA\u00d1A (RNDM1SPAIN): AN\u00c1LISIS EPIDEMIOL\u00d3GICO Y RESULTADOS COMPARATIVOS EN EUSKADI<\/td>\n<\/tr>\n<tr style=\"height: 48px;\">\n<td style=\"height: 48px;\" width=\"37\">6<\/td>\n<td style=\"height: 48px;\" width=\"416\">PERCEPCI\u00d3N SUBJETIVA DEL PACIENTE EN TRATAMIENTO CONTRA LA OBESIDAD: CUESTIONARIO DE COMEDOR EMOCIONAL (CCE-GARAULET)<\/td>\n<\/tr>\n<\/tbody>\n<\/table>\n<p style=\"text-align: center;\"><strong>____________<\/strong><\/p>\n<p><span style=\"color: #ff9900;\"><strong>13:15 &#8211; 14:15 h.\u00a0 <\/strong><strong>Costa Vasca 4<\/strong><\/span><br \/>\n<em><strong>Ahozko Komunikazioak. 2. Mahaia<\/strong><\/em><\/p>\n<p><strong>Moderatzaileak:\u00a0<\/strong><br \/>\n<span style=\"color: #0000ff;\"><strong>Izaskun Olaizola doktorea.<\/strong><\/span> Donostiako Unibertsitate Ospitalea.<br \/>\n<span style=\"color: #0000ff;\"><strong>Inmaculada Venegas doktorea. <\/strong><\/span>Zumarragako Ospitalea.<\/p>\n<table style=\"height: 341px;\" width=\"453\">\n<tbody>\n<tr style=\"height: 24px;\">\n<td style=\"height: 24px;\" width=\"35\"><\/td>\n<td style=\"height: 24px;\" width=\"419\"><strong><em>T\u00edtulo<\/em><\/strong><\/td>\n<\/tr>\n<tr style=\"height: 48px;\">\n<td style=\"height: 48px;\" width=\"35\">1<\/td>\n<td style=\"height: 48px;\" width=\"419\">IMPACTO CL\u00cdNICO DE LAS TERAPIAS DIRIGIDAS EN LA SUPERVIVENCIA DEL C\u00c1NCER ANAPL\u00c1SICO DE TIROIDES CON MUTACI\u00d3N BRAF<\/td>\n<\/tr>\n<tr style=\"height: 53px;\">\n<td style=\"height: 53px;\" width=\"35\">2<\/td>\n<td style=\"height: 53px;\" width=\"419\">EL GEN CACNA1H EN LA PREDISPOSICI\u00d3N GEN\u00c9TICA A FEOCROMOCITOMAS Y PARAGANGLIOMAS<\/td>\n<\/tr>\n<tr style=\"height: 48px;\">\n<td style=\"height: 48px;\" width=\"35\">3<\/td>\n<td style=\"height: 48px;\" width=\"419\">S\u00cdNDROME HIPOTAL\u00c1MICO EN PACIENTES INTERVENIDOS DE TUMORES SUPRASELARES<\/td>\n<\/tr>\n<tr style=\"height: 48px;\">\n<td style=\"height: 48px;\" width=\"35\">4<\/td>\n<td style=\"height: 48px;\" width=\"419\">VARIABILIDAD CL\u00cdNICA DE LA PATOLOG\u00cdA PARATIROIDEA ASOCIADA A VARIANTES EN EL GEN CDC73<\/td>\n<\/tr>\n<tr style=\"height: 48px;\">\n<td style=\"height: 48px;\" width=\"35\">5<\/td>\n<td style=\"height: 48px;\" width=\"419\">EVOLUCI\u00d3N DE PATRONES DE ACTIVIDAD F\u00cdSICA DURANTE EL PRIMER A\u00d1O TRAS CIRUG\u00cdA BARI\u00c1TRICA: UNA COHORTE PROSPECTIVA EN LA PR\u00c1CTICA CL\u00cdNICA REAL<\/td>\n<\/tr>\n<tr style=\"height: 24px;\">\n<td style=\"height: 24px;\" width=\"35\">6<\/td>\n<td style=\"height: 24px;\" width=\"419\">D\u00c9FICITS VITAM\u00cdNICOS PERSISTENTES EN LA INSUFICIENCIA INTESTINAL: EXPERIENCIA CON LA SUPLEMENTACI\u00d3N INTRAMUSCULAR<\/td>\n<\/tr>\n<\/tbody>\n<\/table>\n<p style=\"text-align: center;\">____________<\/p>\n<p><strong>Idazkaritza<br \/>\n<\/strong>Tisa Congresos &#8211; Tel. \u00a0944 243 997\u00a0<a href=\"mailto:sedyne@tisasa.es\">sedyne@tisasa.es<\/a><\/p>\n<p style=\"text-align: center;\">____________<\/p>\n","protected":false},"excerpt":{"rendered":"<p>Komunikazioak Biltzarrean AURKEZTEKO arauak: Hizlariak 10 minutu izango ditu komunikazio bakoitza defendatzeko:\u00a07 minutu aurkezteko eta 3\u00a0galderak egiteko ORDUTEGIA ETA ARETOA: 13:15 &#8211; 14:15. Aldi beran Costa Vasca 1 eta Costa Vasca 4 aretoetan. Gogoratu aldez aurretik zure komunikazioa dagokion gelako ordenagailuan kargatuta izatea, mesedez. Hitzaldiak hasi aurretik eta kafe-etenaldian egin dezakezu. 13:15 &#8211; 14:15 h. [&hellip;]<\/p>\n","protected":false},"author":120,"featured_media":0,"parent":0,"menu_order":0,"comment_status":"closed","ping_status":"closed","template":"","meta":{"footnotes":""},"class_list":["post-2840","page","type-page","status-publish","hentry"],"_links":{"self":[{"href":"https:\/\/www.sedyne.es\/eu\/wp-json\/wp\/v2\/pages\/2840","targetHints":{"allow":["GET"]}}],"collection":[{"href":"https:\/\/www.sedyne.es\/eu\/wp-json\/wp\/v2\/pages"}],"about":[{"href":"https:\/\/www.sedyne.es\/eu\/wp-json\/wp\/v2\/types\/page"}],"author":[{"embeddable":true,"href":"https:\/\/www.sedyne.es\/eu\/wp-json\/wp\/v2\/users\/120"}],"replies":[{"embeddable":true,"href":"https:\/\/www.sedyne.es\/eu\/wp-json\/wp\/v2\/comments?post=2840"}],"version-history":[{"count":18,"href":"https:\/\/www.sedyne.es\/eu\/wp-json\/wp\/v2\/pages\/2840\/revisions"}],"predecessor-version":[{"id":3776,"href":"https:\/\/www.sedyne.es\/eu\/wp-json\/wp\/v2\/pages\/2840\/revisions\/3776"}],"wp:attachment":[{"href":"https:\/\/www.sedyne.es\/eu\/wp-json\/wp\/v2\/media?parent=2840"}],"curies":[{"name":"wp","href":"https:\/\/api.w.org\/{rel}","templated":true}]}}